{"id":7272,"date":"2024-03-18T14:52:40","date_gmt":"2024-03-18T14:52:40","guid":{"rendered":"https:\/\/www.maeshoogwerkers.com\/louer-une-nacelle-elevatrice\/"},"modified":"2024-03-25T17:22:16","modified_gmt":"2024-03-25T17:22:16","slug":"louer-de-nacelle-elevatrice","status":"publish","type":"page","link":"https:\/\/www.maeshoogwerkers.com\/fr\/louer-de-nacelle-elevatrice\/","title":{"rendered":"Louer de nacelle \u00e9l\u00e9vatrice"},"content":{"rendered":"<p>[et_pb_section fb_built=\u00a0\u00bb1&Prime; _builder_version=\u00a0\u00bb4.16&Prime; _module_preset=\u00a0\u00bbdefault\u00a0\u00bb background_color=\u00a0\u00bbrgba(0,0,0,0.6)\u00a0\u00bb background_image=\u00a0\u00bbhttps:\/\/www.maeshoogwerkers.com\/wp-content\/uploads\/Maes_Hoogwerkers_Huur_Verkoop_Header.jpg\u00a0\u00bb background_blend=\u00a0\u00bboverlay\u00a0\u00bb locked=\u00a0\u00bboff\u00a0\u00bb global_colors_info=\u00a0\u00bb{}\u00a0\u00bb][et_pb_row _builder_version=\u00a0\u00bb4.16&Prime; _module_preset=\u00a0\u00bbdefault\u00a0\u00bb custom_margin=\u00a0\u00bb0px||||false|false\u00a0\u00bb custom_margin_tablet=\u00a0\u00bb50px||||false|false\u00a0\u00bb custom_margin_phone=\u00a0\u00bb0px||||false|false\u00a0\u00bb custom_margin_last_edited=\u00a0\u00bboff|desktop\u00a0\u00bb global_colors_info=\u00a0\u00bb{}\u00a0\u00bb][et_pb_column type=\u00a0\u00bb4_4&Prime; _builder_version=\u00a0\u00bb4.16&Prime; _module_preset=\u00a0\u00bbdefault\u00a0\u00bb global_colors_info=\u00a0\u00bb{}\u00a0\u00bb][et_pb_text _builder_version=\u00a0\u00bb4.21.0&Prime; _module_preset=\u00a0\u00bbdefault\u00a0\u00bb header_font_size=\u00a0\u00bb40px\u00a0\u00bb background_layout=\u00a0\u00bbdark\u00a0\u00bb custom_margin=\u00a0\u00bb||0px||false|false\u00a0\u00bb custom_padding=\u00a0\u00bb||0px||false|false\u00a0\u00bb header_font_size_tablet=\u00a0\u00bb30px\u00a0\u00bb header_font_size_phone=\u00a0\u00bb25px\u00a0\u00bb header_font_size_last_edited=\u00a0\u00bbon|phone\u00a0\u00bb global_colors_info=\u00a0\u00bb{}\u00a0\u00bb]<\/p>\n<h1>Nacelles \u00e9l\u00e9vatrices<\/h1>\n<p>[\/et_pb_text][et_pb_text module_id=\u00a0\u00bbmaes-heading\u00a0\u00bb _builder_version=\u00a0\u00bb4.18.0&Prime; _module_preset=\u00a0\u00bbdefault\u00a0\u00bb header_text_color=\u00a0\u00bb#FFFFFF\u00a0\u00bb header_font_size=\u00a0\u00bb65px\u00a0\u00bb header_2_text_color=\u00a0\u00bb#FFFFFF\u00a0\u00bb background_layout=\u00a0\u00bbdark\u00a0\u00bb header_font_size_tablet=\u00a0\u00bb50px\u00a0\u00bb header_font_size_phone=\u00a0\u00bb40px\u00a0\u00bb header_font_size_last_edited=\u00a0\u00bbon|phone\u00a0\u00bb header_2_font_size_tablet=\u00a0\u00bb\u00a0\u00bb header_2_font_size_phone=\u00a0\u00bb25px\u00a0\u00bb header_2_font_size_last_edited=\u00a0\u00bbon|tablet\u00a0\u00bb global_colors_info=\u00a0\u00bb{}\u00a0\u00bb]<\/p>\n<nav  aria-label=\"Fil d&#039;Ariane\"><ol class=\"breadcrumb\" itemscope itemtype=\"https:\/\/schema.org\/BreadcrumbList\"><li class=\"breadcrumb-item active\" aria-current=\"page\" itemprop=\"itemListElement\" itemscope itemtype=\"https:\/\/schema.org\/ListItem\"><span itemprop=\"name\">Accueil<\/span><meta itemprop=\"position\" content=\"1\"><\/li><\/ol><\/nav>\n<p>[\/et_pb_text][\/et_pb_column][\/et_pb_row][\/et_pb_section][et_pb_section fb_built=\u00a0\u00bb1&Prime; next_background_color=\u00a0\u00bb#ffffff\u00a0\u00bb _builder_version=\u00a0\u00bb4.20.4&Prime; _module_preset=\u00a0\u00bbdefault\u00a0\u00bb background_color=\u00a0\u00bb#F2F2F2&Prime; bottom_divider_style=\u00a0\u00bbslant\u00a0\u00bb bottom_divider_height=\u00a0\u00bb50px\u00a0\u00bb bottom_divider_flip=\u00a0\u00bbhorizontal\u00a0\u00bb global_colors_info=\u00a0\u00bb{}\u00a0\u00bb][et_pb_row module_id=\u00a0\u00bbhoogwerker-huren\u00a0\u00bb _builder_version=\u00a0\u00bb4.17.6&Prime; _module_preset=\u00a0\u00bbdefault\u00a0\u00bb custom_padding=\u00a0\u00bb0px||0px||true|false\u00a0\u00bb global_colors_info=\u00a0\u00bb{}\u00a0\u00bb][et_pb_column type=\u00a0\u00bb4_4&Prime; _builder_version=\u00a0\u00bb4.16&Prime; _module_preset=\u00a0\u00bbdefault\u00a0\u00bb global_colors_info=\u00a0\u00bb{}\u00a0\u00bb][et_pb_text _builder_version=\u00a0\u00bb4.24.0&Prime; _module_preset=\u00a0\u00bbdefault\u00a0\u00bb header_2_font_size_tablet=\u00a0\u00bb\u00a0\u00bb header_2_font_size_phone=\u00a0\u00bb20px\u00a0\u00bb header_2_font_size_last_edited=\u00a0\u00bbon|phone\u00a0\u00bb global_colors_info=\u00a0\u00bb{}\u00a0\u00bb]<\/p>\n<h2>Types de nacelles \u00e9l\u00e9vatrices<\/h2>\n<p>Maes Hoogwerkers est sp\u00e9cialis\u00e9 dans la location et la <a href=\"https:\/\/www.maeshoogwerkers.com\/fr\/vente\/\">vente<\/a> de nacelles \u00e9l\u00e9vatrices aux professionnels. Vous pouvez \u00e9galement louer une nacelle \u00e9l\u00e9vatrice en tant que particulier.<\/p>\n<p>[\/et_pb_text][\/et_pb_column][\/et_pb_row][et_pb_row column_structure=\u00a0\u00bb1_3,1_3,1_3&Prime; make_equal=\u00a0\u00bbon\u00a0\u00bb _builder_version=\u00a0\u00bb4.17.6&Prime; _module_preset=\u00a0\u00bbdefault\u00a0\u00bb locked=\u00a0\u00bboff\u00a0\u00bb global_colors_info=\u00a0\u00bb{}\u00a0\u00bb][et_pb_column type=\u00a0\u00bb1_3&Prime; module_class=\u00a0\u00bbet-overlay-container\u00a0\u00bb _builder_version=\u00a0\u00bb4.17.6&Prime; _module_preset=\u00a0\u00bbdefault\u00a0\u00bb background_enable_image=\u00a0\u00bboff\u00a0\u00bb overflow-x=\u00a0\u00bbhidden\u00a0\u00bb overflow-y=\u00a0\u00bbhidden\u00a0\u00bb custom_padding=\u00a0\u00bb0px|0px|0px|0px|true|true\u00a0\u00bb border_radii=\u00a0\u00bbon|6px|6px|6px|6px\u00a0\u00bb global_colors_info=\u00a0\u00bb{}\u00a0\u00bb custom_css_main_element__hover_enabled=\u00a0\u00bboff|desktop\u00a0\u00bb][et_pb_image src=\u00a0\u00bbhttps:\/\/www.maeshoogwerkers.com\/wp-content\/uploads\/37311716_840672179471517_2219764455783268352_o_zonder-logo_groter_resized.jpg\u00a0\u00bb alt=\u00a0\u00bbLouer une nacelle \u00e9l\u00e9vatrice sur camion\u00a0\u00bb title_text=\u00a0\u00bbLouer une nacelle \u00e9l\u00e9vatrice sur camion\u00a0\u00bb force_fullwidth=\u00a0\u00bbon\u00a0\u00bb module_class=\u00a0\u00bbet-overlay-image\u00a0\u00bb _builder_version=\u00a0\u00bb4.17.6&Prime; _module_preset=\u00a0\u00bbdefault\u00a0\u00bb background_enable_color=\u00a0\u00bboff\u00a0\u00bb custom_margin=\u00a0\u00bb||0px||false|false\u00a0\u00bb custom_css_main_element=\u00a0\u00bbtransition: transform 1s;\u00a0\u00bb border_radii=\u00a0\u00bbon|6px|6px|6px|6px\u00a0\u00bb global_colors_info=\u00a0\u00bb{}\u00a0\u00bb custom_css_main_element__hover_enabled=\u00a0\u00bbon|desktop\u00a0\u00bb custom_css_main_element__hover=\u00a0\u00bbtransform: scale(1.2);\u00a0\u00bb][\/et_pb_image][et_pb_divider show_divider=\u00a0\u00bboff\u00a0\u00bb admin_label=\u00a0\u00bboverlay color\u00a0\u00bb module_class=\u00a0\u00bbet-overlay-item\u00a0\u00bb _builder_version=\u00a0\u00bb4.16&Prime; _module_preset=\u00a0\u00bbdefault\u00a0\u00bb background_color=\u00a0\u00bbrgba(0,0,0,0.4)\u00a0\u00bb positioning=\u00a0\u00bbabsolute\u00a0\u00bb width=\u00a0\u00bb100%\u00a0\u00bb min_height=\u00a0\u00bb100%\u00a0\u00bb link_option_url=\u00a0\u00bbhttps:\/\/www.maeshoogwerkers.com\/huren\/hoogwerkers-op-vrachtwagen\/\u00a0\u00bb global_colors_info=\u00a0\u00bb{}\u00a0\u00bb][\/et_pb_divider][et_pb_text module_class=\u00a0\u00bbet-overlay-item\u00a0\u00bb _builder_version=\u00a0\u00bb4.19.5&Prime; _module_preset=\u00a0\u00bbdefault\u00a0\u00bb positioning=\u00a0\u00bbabsolute\u00a0\u00bb position_origin_a=\u00a0\u00bbcenter_center\u00a0\u00bb vertical_offset=\u00a0\u00bb10%\u00a0\u00bb text_orientation=\u00a0\u00bbcenter\u00a0\u00bb background_layout=\u00a0\u00bbdark\u00a0\u00bb width=\u00a0\u00bb100%\u00a0\u00bb max_width=\u00a0\u00bb85%\u00a0\u00bb link_option_url=\u00a0\u00bbhttps:\/\/www.maeshoogwerkers.com\/fr\/louer\/nacelle-elevatrice-sur-camion\/\u00a0\u00bb global_colors_info=\u00a0\u00bb{}\u00a0\u00bb]<\/p>\n<h3><a href=\"https:\/\/www.maeshoogwerkers.com\/fr\/louer\/nacelle-elevatrice-sur-camion\/\">Louer une nacelle \u00e9l\u00e9vatrice sur camion<\/a><\/h3>\n<p>[\/et_pb_text][\/et_pb_column][et_pb_column type=\u00a0\u00bb1_3&Prime; module_class=\u00a0\u00bbet-overlay-container\u00a0\u00bb _builder_version=\u00a0\u00bb4.17.6&Prime; _module_preset=\u00a0\u00bbdefault\u00a0\u00bb background_enable_image=\u00a0\u00bboff\u00a0\u00bb overflow-x=\u00a0\u00bbhidden\u00a0\u00bb overflow-y=\u00a0\u00bbhidden\u00a0\u00bb custom_padding=\u00a0\u00bb0px|0px|0px|0px|true|true\u00a0\u00bb border_radii=\u00a0\u00bbon|6px|6px|6px|6px\u00a0\u00bb global_colors_info=\u00a0\u00bb{}\u00a0\u00bb custom_css_main_element__hover_enabled=\u00a0\u00bboff|desktop\u00a0\u00bb][et_pb_image src=\u00a0\u00bbhttps:\/\/www.maeshoogwerkers.com\/wp-content\/uploads\/Hoogwerker_Op_Bestelwagen_Huren_Maes-3.jpg\u00a0\u00bb alt=\u00a0\u00bbKlubb KL32 \u00e0 vendre\u00a0\u00bb title_text=\u00a0\u00bbNacelle \u00e9l\u00e9vatrice_Sur_camion_Location_Maes\u00a0\u00bb force_fullwidth=\u00a0\u00bbon\u00a0\u00bb module_class=\u00a0\u00bbet-overlay-image\u00a0\u00bb _builder_version=\u00a0\u00bb4.18.0&Prime; _module_preset=\u00a0\u00bbdefault\u00a0\u00bb background_enable_color=\u00a0\u00bboff\u00a0\u00bb custom_margin=\u00a0\u00bb||0px||false|false\u00a0\u00bb custom_css_main_element=\u00a0\u00bbtransition: transform 1s;\u00a0\u00bb border_radii=\u00a0\u00bbon|6px|6px|6px|6px\u00a0\u00bb global_colors_info=\u00a0\u00bb{}\u00a0\u00bb custom_css_main_element__hover_enabled=\u00a0\u00bbon|hover\u00a0\u00bb custom_css_main_element__hover=\u00a0\u00bbtransform: scale(1.2);\u00a0\u00bb][\/et_pb_image][et_pb_divider show_divider=\u00a0\u00bboff\u00a0\u00bb admin_label=\u00a0\u00bboverlay color\u00a0\u00bb module_class=\u00a0\u00bbet-overlay-item\u00a0\u00bb _builder_version=\u00a0\u00bb4.17.6&Prime; _module_preset=\u00a0\u00bbdefault\u00a0\u00bb background_color=\u00a0\u00bbrgba(0,0,0,0.4)\u00a0\u00bb positioning=\u00a0\u00bbabsolute\u00a0\u00bb width=\u00a0\u00bb100%\u00a0\u00bb min_height=\u00a0\u00bb100%\u00a0\u00bb link_option_url=\u00a0\u00bbhttps:\/\/www.maeshoogwerkers.com\/huren\/hoogwerkers-op-bestelwagen\/\u00a0\u00bb global_colors_info=\u00a0\u00bb{}\u00a0\u00bb][\/et_pb_divider][et_pb_text module_class=\u00a0\u00bbet-overlay-item\u00a0\u00bb _builder_version=\u00a0\u00bb4.19.5&Prime; _module_preset=\u00a0\u00bbdefault\u00a0\u00bb positioning=\u00a0\u00bbabsolute\u00a0\u00bb position_origin_a=\u00a0\u00bbcenter_center\u00a0\u00bb vertical_offset=\u00a0\u00bb10%\u00a0\u00bb text_orientation=\u00a0\u00bbcenter\u00a0\u00bb background_layout=\u00a0\u00bbdark\u00a0\u00bb width=\u00a0\u00bb100%\u00a0\u00bb max_width=\u00a0\u00bb85%\u00a0\u00bb link_option_url=\u00a0\u00bbhttps:\/\/www.maeshoogwerkers.com\/fr\/louer\/nacelle-elevatrices-sur-fourgon\/\u00a0\u00bb global_colors_info=\u00a0\u00bb{}\u00a0\u00bb]<\/p>\n<h3><a href=\"https:\/\/www.maeshoogwerkers.com\/fr\/louer\/nacelle-elevatrices-sur-fourgon\/\">Louer une nacelle \u00e9l\u00e9vatrice sur fourgon<\/a><\/h3>\n<p>[\/et_pb_text][\/et_pb_column][et_pb_column type=\u00a0\u00bb1_3&Prime; module_class=\u00a0\u00bbet-overlay-container\u00a0\u00bb _builder_version=\u00a0\u00bb4.16&Prime; _module_preset=\u00a0\u00bbdefault\u00a0\u00bb background_enable_image=\u00a0\u00bboff\u00a0\u00bb overflow-x=\u00a0\u00bbhidden\u00a0\u00bb overflow-y=\u00a0\u00bbhidden\u00a0\u00bb custom_padding=\u00a0\u00bb0px|0px|0px|0px|true|true\u00a0\u00bb border_radii=\u00a0\u00bbon|6px|6px|6px|6px\u00a0\u00bb global_colors_info=\u00a0\u00bb{}\u00a0\u00bb custom_css_main_element__hover_enabled=\u00a0\u00bboff|desktop\u00a0\u00bb][et_pb_image src=\u00a0\u00bbhttps:\/\/www.maeshoogwerkers.com\/wp-content\/uploads\/208900551_1328990667496525_2806332143133705596_n_b_resized.jpg\u00a0\u00bb alt=\u00a0\u00bbLocation de nacelles araign\u00e9es\u00a0\u00bb title_text=\u00a0\u00bbLocation de nacelles araign\u00e9es\u00a0\u00bb force_fullwidth=\u00a0\u00bbon\u00a0\u00bb module_class=\u00a0\u00bbet-overlay-image\u00a0\u00bb _builder_version=\u00a0\u00bb4.17.6&Prime; _module_preset=\u00a0\u00bbdefault\u00a0\u00bb background_enable_color=\u00a0\u00bboff\u00a0\u00bb custom_margin=\u00a0\u00bb||0px||false|false\u00a0\u00bb custom_css_main_element=\u00a0\u00bbtransition: transform 1s;\u00a0\u00bb border_radii=\u00a0\u00bbon|6px|6px|6px|6px\u00a0\u00bb global_colors_info=\u00a0\u00bb{}\u00a0\u00bb custom_css_main_element__hover_enabled=\u00a0\u00bbon|desktop\u00a0\u00bb custom_css_main_element__hover=\u00a0\u00bbtransform: scale(1.2);\u00a0\u00bb][\/et_pb_image][et_pb_divider show_divider=\u00a0\u00bboff\u00a0\u00bb admin_label=\u00a0\u00bboverlay color\u00a0\u00bb module_class=\u00a0\u00bbet-overlay-item\u00a0\u00bb _builder_version=\u00a0\u00bb4.16&Prime; _module_preset=\u00a0\u00bbdefault\u00a0\u00bb background_color=\u00a0\u00bbrgba(0,0,0,0.4)\u00a0\u00bb positioning=\u00a0\u00bbabsolute\u00a0\u00bb width=\u00a0\u00bb100%\u00a0\u00bb min_height=\u00a0\u00bb100%\u00a0\u00bb link_option_url=\u00a0\u00bbhttps:\/\/www.maeshoogwerkers.com\/huren\/spinhoogwerkers\/\u00a0\u00bb global_colors_info=\u00a0\u00bb{}\u00a0\u00bb][\/et_pb_divider][et_pb_text module_class=\u00a0\u00bbet-overlay-item\u00a0\u00bb _builder_version=\u00a0\u00bb4.19.5&Prime; _module_preset=\u00a0\u00bbdefault\u00a0\u00bb positioning=\u00a0\u00bbabsolute\u00a0\u00bb position_origin_a=\u00a0\u00bbcenter_center\u00a0\u00bb vertical_offset=\u00a0\u00bb10%\u00a0\u00bb text_orientation=\u00a0\u00bbcenter\u00a0\u00bb background_layout=\u00a0\u00bbdark\u00a0\u00bb width=\u00a0\u00bb100%\u00a0\u00bb max_width=\u00a0\u00bb85%\u00a0\u00bb link_option_url=\u00a0\u00bbhttps:\/\/www.maeshoogwerkers.com\/fr\/louer\/nacelle-araignee\/\u00a0\u00bb global_colors_info=\u00a0\u00bb{}\u00a0\u00bb]<\/p>\n<h3><a href=\"https:\/\/www.maeshoogwerkers.com\/fr\/louer\/nacelle-araignee\/\">Louer une nacelle araign\u00e9e<\/a><\/h3>\n<p>[\/et_pb_text][\/et_pb_column][\/et_pb_row][et_pb_row column_structure=\u00a0\u00bb1_3,1_3,1_3&Prime; make_equal=\u00a0\u00bbon\u00a0\u00bb _builder_version=\u00a0\u00bb4.21.0&Prime; _module_preset=\u00a0\u00bbdefault\u00a0\u00bb custom_padding=\u00a0\u00bb0px||||false|false\u00a0\u00bb locked=\u00a0\u00bboff\u00a0\u00bb global_colors_info=\u00a0\u00bb{}\u00a0\u00bb][et_pb_column type=\u00a0\u00bb1_3&Prime; module_class=\u00a0\u00bbet-overlay-container\u00a0\u00bb _builder_version=\u00a0\u00bb4.17.6&Prime; _module_preset=\u00a0\u00bbdefault\u00a0\u00bb background_enable_image=\u00a0\u00bboff\u00a0\u00bb overflow-x=\u00a0\u00bbhidden\u00a0\u00bb overflow-y=\u00a0\u00bbhidden\u00a0\u00bb custom_padding=\u00a0\u00bb0px|0px|0px|0px|true|true\u00a0\u00bb border_radii=\u00a0\u00bbon|6px|6px|6px|6px\u00a0\u00bb global_colors_info=\u00a0\u00bb{}\u00a0\u00bb custom_css_main_element__hover_enabled=\u00a0\u00bboff|desktop\u00a0\u00bb][et_pb_image src=\u00a0\u00bbhttps:\/\/www.maeshoogwerkers.com\/wp-content\/uploads\/Zelfrijder_Hoogwerker.jpg\u00a0\u00bb alt=\u00a0\u00bbLouer une nacelle \u00e9l\u00e9vatrice sur camion\u00a0\u00bb title_text=\u00a0\u00bbAWP autopropuls\u00e9\u00a0\u00bb force_fullwidth=\u00a0\u00bbon\u00a0\u00bb module_class=\u00a0\u00bbet-overlay-image\u00a0\u00bb _builder_version=\u00a0\u00bb4.21.0&Prime; _module_preset=\u00a0\u00bbdefault\u00a0\u00bb background_enable_color=\u00a0\u00bboff\u00a0\u00bb custom_margin=\u00a0\u00bb||0px||false|false\u00a0\u00bb custom_css_main_element=\u00a0\u00bbtransition: transform 1s;\u00a0\u00bb border_radii=\u00a0\u00bbon|6px|6px|6px|6px\u00a0\u00bb global_colors_info=\u00a0\u00bb{}\u00a0\u00bb custom_css_main_element__hover_enabled=\u00a0\u00bbon|desktop\u00a0\u00bb custom_css_main_element__hover=\u00a0\u00bbtransform: scale(1.2);\u00a0\u00bb][\/et_pb_image][et_pb_divider show_divider=\u00a0\u00bboff\u00a0\u00bb admin_label=\u00a0\u00bboverlay color\u00a0\u00bb module_class=\u00a0\u00bbet-overlay-item\u00a0\u00bb _builder_version=\u00a0\u00bb4.21.0&Prime; _module_preset=\u00a0\u00bbdefault\u00a0\u00bb background_color=\u00a0\u00bbrgba(0,0,0,0.4)\u00a0\u00bb positioning=\u00a0\u00bbabsolute\u00a0\u00bb width=\u00a0\u00bb100%\u00a0\u00bb min_height=\u00a0\u00bb100%\u00a0\u00bb link_option_url=\u00a0\u00bbhttps:\/\/www.maeshoogwerkers.com\/huren\/lichtgewicht-zelfrijder\/\u00a0\u00bb global_colors_info=\u00a0\u00bb{}\u00a0\u00bb][\/et_pb_divider][et_pb_text module_class=\u00a0\u00bbet-overlay-item\u00a0\u00bb _builder_version=\u00a0\u00bb4.21.0&Prime; _module_preset=\u00a0\u00bbdefault\u00a0\u00bb text_font=\u00a0\u00bb|600||on|||||\u00a0\u00bb positioning=\u00a0\u00bbabsolute\u00a0\u00bb position_origin_a=\u00a0\u00bbcenter_center\u00a0\u00bb vertical_offset=\u00a0\u00bb10%\u00a0\u00bb text_orientation=\u00a0\u00bbcenter\u00a0\u00bb background_layout=\u00a0\u00bbdark\u00a0\u00bb width=\u00a0\u00bb100%\u00a0\u00bb max_width=\u00a0\u00bb85%\u00a0\u00bb link_option_url=\u00a0\u00bbhttps:\/\/www.maeshoogwerkers.com\/fr\/louer\/nacelle-automotrice-legere\/\u00a0\u00bb global_colors_info=\u00a0\u00bb{}\u00a0\u00bb]<\/p>\n<h3><a href=\"https:\/\/www.maeshoogwerkers.com\/fr\/louer\/nacelle-automotrice-legere\/\">Louer une nacelle automotrice l\u00e9g\u00e8re<\/a><\/h3>\n<p>Sans op\u00e9rateur<\/p>\n<p>[\/et_pb_text][\/et_pb_column][et_pb_column type=\u00a0\u00bb1_3&Prime; _builder_version=\u00a0\u00bb4.21.0&Prime; _module_preset=\u00a0\u00bbdefault\u00a0\u00bb global_colors_info=\u00a0\u00bb{}\u00a0\u00bb][\/et_pb_column][et_pb_column type=\u00a0\u00bb1_3&Prime; _builder_version=\u00a0\u00bb4.21.0&Prime; _module_preset=\u00a0\u00bbdefault\u00a0\u00bb global_colors_info=\u00a0\u00bb{}\u00a0\u00bb][\/et_pb_column][\/et_pb_row][\/et_pb_section][et_pb_section fb_built=\u00a0\u00bb1&Prime; module_id=\u00a0\u00bblouer-de-nacelles-\u00e9l\u00e9vatrices\u00a0\u00bb _builder_version=\u00a0\u00bb4.23&Prime; _module_preset=\u00a0\u00bbdefault\u00a0\u00bb background_enable_color=\u00a0\u00bboff\u00a0\u00bb background_color_gradient_start=\u00a0\u00bb#f9f9f9&Prime; background_color_gradient_end=\u00a0\u00bb#ffffff\u00a0\u00bb custom_padding=\u00a0\u00bb||||false|false\u00a0\u00bb top_divider_color=\u00a0\u00bb#f9f9f9&Prime; top_divider_height=\u00a0\u00bb50px\u00a0\u00bb locked=\u00a0\u00bboff\u00a0\u00bb global_colors_info=\u00a0\u00bb{}\u00a0\u00bb][et_pb_row column_structure=\u00a0\u00bb1_2,1_2&Prime; _builder_version=\u00a0\u00bb4.18.0&Prime; _module_preset=\u00a0\u00bbdefault\u00a0\u00bb global_colors_info=\u00a0\u00bb{}\u00a0\u00bb][et_pb_column type=\u00a0\u00bb1_2&Prime; _builder_version=\u00a0\u00bb4.17.6&Prime; _module_preset=\u00a0\u00bbdefault\u00a0\u00bb global_colors_info=\u00a0\u00bb{}\u00a0\u00bb][et_pb_text _builder_version=\u00a0\u00bb4.19.5&Prime; _module_preset=\u00a0\u00bbdefault\u00a0\u00bb global_colors_info=\u00a0\u00bb{}\u00a0\u00bb]<\/p>\n<h2>Nos nacelles \u00e9l\u00e9vatrices \u00e0 louer<\/h2>\n<p>Une nacelle \u00e9l\u00e9vatrice permet de travailler en toute s\u00e9curit\u00e9 et de mani\u00e8re efficace dans des endroits \u00e9lev\u00e9s et parfois difficiles d\u2019acc\u00e8s. Une nacelle \u00e9l\u00e9vatrice a toute son utilit\u00e9 dans les endroits o\u00f9 le montage d\u2019un \u00e9chafaudage n\u2019est pas possible ou peu pratique. Les nacelles \u00e9l\u00e9vatrices sont rapides \u00e0 installer, ce qui permet de les d\u00e9ployer en toute simplicit\u00e9 au moment o\u00f9 vous en avez vraiment besoin.<\/p>\n<p>Vous pouvez facilement d\u00e9placer la (les) nacelle(s) en fin de journ\u00e9e, afin d\u2019occasionner le moins de d\u00e9rangement possible aux alentours. Une nacelle \u00e9l\u00e9vatrice offre en outre une plus grande flexibilit\u00e9, tant au niveau des mouvements que des hauteurs \u00e0 atteindre.<\/p>\n<p>Faites-nous savoir quel type de nacelle \u00e9l\u00e9vatrice vous souhaitez louer et nous nous ferons un plaisir de vous venir en aide.<\/p>\n<p>[\/et_pb_text][et_pb_button button_url=\u00a0\u00bb#louer-de-nacelles-\u00e9l\u00e9vatrices\u00a0\u00bb button_text=\u00a0\u00bbD\u00e9couvrez notre gamme \u00a0\u00bb _builder_version=\u00a0\u00bb4.23&Prime; _module_preset=\u00a0\u00bbdefault\u00a0\u00bb global_colors_info=\u00a0\u00bb{}\u00a0\u00bb][\/et_pb_button][\/et_pb_column][et_pb_column type=\u00a0\u00bb1_2&Prime; _builder_version=\u00a0\u00bb4.17.6&Prime; _module_preset=\u00a0\u00bbdefault\u00a0\u00bb global_colors_info=\u00a0\u00bb{}\u00a0\u00bb][et_pb_image src=\u00a0\u00bbhttps:\/\/www.maeshoogwerkers.com\/wp-content\/uploads\/Antwerpen_Eandis_50m_22112018_b-scaled.jpg\u00a0\u00bb alt=\u00a0\u00bbLocation de nacelles &#8211; Maes\u00a0\u00bb title_text=\u00a0\u00bbLocation de nacelles &#8211; Maes\u00a0\u00bb _builder_version=\u00a0\u00bb4.17.6&Prime; _module_preset=\u00a0\u00bbdefault\u00a0\u00bb border_radii=\u00a0\u00bbon|6px|6px|6px|6px\u00a0\u00bb global_colors_info=\u00a0\u00bb{}\u00a0\u00bb][\/et_pb_image][\/et_pb_column][\/et_pb_row][et_pb_row _builder_version=\u00a0\u00bb4.19.5&Prime; _module_preset=\u00a0\u00bbdefault\u00a0\u00bb global_colors_info=\u00a0\u00bb{}\u00a0\u00bb][et_pb_column type=\u00a0\u00bb4_4&Prime; _builder_version=\u00a0\u00bb4.19.5&Prime; _module_preset=\u00a0\u00bbdefault\u00a0\u00bb global_colors_info=\u00a0\u00bb{}\u00a0\u00bb][et_pb_code _builder_version=\u00a0\u00bb4.24.0&Prime; _module_preset=\u00a0\u00bbdefault\u00a0\u00bb global_colors_info=\u00a0\u00bb{}\u00a0\u00bb]<\/p>\n<h3>Toutes les nacelles \u00e9l\u00e9vatrices<\/h3>\n<p><!-- [et_pb_line_break_holder] --><!-- [et_pb_line_break_holder] --><!-- [et_pb_line_break_holder] --><pee>    <style>\n        .hoogwerker-filter {\n            padding: 10px;\n            text-align: right;\n        }\n        .hoogwerker-filter select {\n            border-radius: 6px !important;\n            margin-left: 10px;\n        }\n    <\/style>\n        <div id=\"hoogwerkers-container\">\n        <div class=\"ncss-table-wrapper\"><table id=\"ncss-hoogwerkers\"><tbody><tr><th>Photo<\/th><th>Type<\/th><th><a href=\"#\" class=\"sort-link\" data-orderby=\"vloerhoogte\">La taille<\/a><\/th><th>Plus d'info<\/th><\/tr><tr><td class=\"td-img\"><a href=\"https:\/\/www.maeshoogwerkers.com\/fr\/nacelle-elevatrices\/elevateur-sur-camion-103-m-avec-systeme-powerlift\/\" title=\"Wumag Nacelle \u00e9l\u00e9vatrice sur camion \u00e9l\u00e9vateur sur camion 103 m avec syst\u00e8me powerlift\"><img decoding=\"async\" alt=\"Wumag Nacelle \u00e9l\u00e9vatrice sur camion \u00e9l\u00e9vateur sur camion 103 m avec syst\u00e8me powerlift\" src=\"https:\/\/www.maeshoogwerkers.com\/wp-content\/uploads\/103m-Iemants-Vlissingen_kranen-Sarens-weg-scaled.jpg\"\/><\/a><\/td><td class=\"td-title\"><strong><a href=\"https:\/\/www.maeshoogwerkers.com\/fr\/nacelle-elevatrices\/elevateur-sur-camion-103-m-avec-systeme-powerlift\/\" title=\"Wumag Nacelle \u00e9l\u00e9vatrice sur camion \u00e9l\u00e9vateur sur camion 103 m avec syst\u00e8me powerlift\">\u00e9l\u00e9vateur sur camion 103 m avec syst\u00e8me powerlift<\/a><\/strong><\/td><td class=\"td-vloerhoogte\"><p>103m<\/p><\/td><td class=\"td-link\"><a class=\"info-btn\" href=\"https:\/\/www.maeshoogwerkers.com\/fr\/nacelle-elevatrices\/elevateur-sur-camion-103-m-avec-systeme-powerlift\/\">Plus d&#039;info<\/a><\/td><\/tr><tr><td class=\"td-img\"><a href=\"https:\/\/www.maeshoogwerkers.com\/fr\/nacelle-elevatrices\/elevateur-sur-camion-90-m-ktv-avec-systeme-powerlift\/\" title=\"Palfinger Nacelle \u00e9l\u00e9vatrice sur camion \u00e9l\u00e9vateur sur camion 90 m KTV avec syst\u00e8me powerlift\"><img decoding=\"async\" alt=\"Palfinger Nacelle \u00e9l\u00e9vatrice sur camion \u00e9l\u00e9vateur sur camion 90 m KTV avec syst\u00e8me powerlift\" src=\"https:\/\/www.maeshoogwerkers.com\/wp-content\/uploads\/90m-490-scaled.jpg\"\/><\/a><\/td><td class=\"td-title\"><strong><a href=\"https:\/\/www.maeshoogwerkers.com\/fr\/nacelle-elevatrices\/elevateur-sur-camion-90-m-ktv-avec-systeme-powerlift\/\" title=\"Palfinger Nacelle \u00e9l\u00e9vatrice sur camion \u00e9l\u00e9vateur sur camion 90 m KTV avec syst\u00e8me powerlift\">\u00e9l\u00e9vateur sur camion 90 m KTV avec syst\u00e8me powerlift<\/a><\/strong><\/td><td class=\"td-vloerhoogte\"><p>90m<\/p><\/td><td class=\"td-link\"><a class=\"info-btn\" href=\"https:\/\/www.maeshoogwerkers.com\/fr\/nacelle-elevatrices\/elevateur-sur-camion-90-m-ktv-avec-systeme-powerlift\/\">Plus d&#039;info<\/a><\/td><\/tr><tr><td class=\"td-img\"><a href=\"https:\/\/www.maeshoogwerkers.com\/fr\/nacelle-elevatrices\/elevateur-sur-camion-90-m-kt\/\" title=\"Bronto Nacelle \u00e9l\u00e9vatrice sur camion \u00e9l\u00e9vateur sur camion 90 m KT\"><img decoding=\"async\" alt=\"Bronto Nacelle \u00e9l\u00e9vatrice sur camion \u00e9l\u00e9vateur sur camion 90 m KT\" src=\"https:\/\/www.maeshoogwerkers.com\/wp-content\/uploads\/90m-587.jpg\"\/><\/a><\/td><td class=\"td-title\"><strong><a href=\"https:\/\/www.maeshoogwerkers.com\/fr\/nacelle-elevatrices\/elevateur-sur-camion-90-m-kt\/\" title=\"Bronto Nacelle \u00e9l\u00e9vatrice sur camion \u00e9l\u00e9vateur sur camion 90 m KT\">\u00e9l\u00e9vateur sur camion 90 m KT<\/a><\/strong><\/td><td class=\"td-vloerhoogte\"><p>90m<\/p><\/td><td class=\"td-link\"><a class=\"info-btn\" href=\"https:\/\/www.maeshoogwerkers.com\/fr\/nacelle-elevatrices\/elevateur-sur-camion-90-m-kt\/\">Plus d&#039;info<\/a><\/td><\/tr><tr><td class=\"td-img\"><a href=\"https:\/\/www.maeshoogwerkers.com\/fr\/nacelle-elevatrices\/elevateur-sur-camion-90-m-ktv-r-avec-systeme-powerlift\/\" title=\"Ruthmann Nacelle \u00e9l\u00e9vatrice sur camion \u00e9l\u00e9vateur sur camion 90 m KTV\/R avec syst\u00e8me powerlift\"><img decoding=\"async\" alt=\"Ruthmann Nacelle \u00e9l\u00e9vatrice sur camion \u00e9l\u00e9vateur sur camion 90 m KTV\/R avec syst\u00e8me powerlift\" src=\"https:\/\/www.maeshoogwerkers.com\/wp-content\/uploads\/P1060752_b-scaled.jpg\"\/><\/a><\/td><td class=\"td-title\"><strong><a href=\"https:\/\/www.maeshoogwerkers.com\/fr\/nacelle-elevatrices\/elevateur-sur-camion-90-m-ktv-r-avec-systeme-powerlift\/\" title=\"Ruthmann Nacelle \u00e9l\u00e9vatrice sur camion \u00e9l\u00e9vateur sur camion 90 m KTV\/R avec syst\u00e8me powerlift\">\u00e9l\u00e9vateur sur camion 90 m KTV\/R avec syst\u00e8me powerlift<\/a><\/strong><\/td><td class=\"td-vloerhoogte\"><p>90m<\/p><\/td><td class=\"td-link\"><a class=\"info-btn\" href=\"https:\/\/www.maeshoogwerkers.com\/fr\/nacelle-elevatrices\/elevateur-sur-camion-90-m-ktv-r-avec-systeme-powerlift\/\">Plus d&#039;info<\/a><\/td><\/tr><tr><td class=\"td-img\"><a href=\"https:\/\/www.maeshoogwerkers.com\/fr\/nacelle-elevatrices\/elevateur-sur-camion-75-m-ktv-avec-systeme-powerlift\/\" title=\"Palfinger Nacelle \u00e9l\u00e9vatrice sur camion \u00e9l\u00e9vateur sur camion 75 m KTV avec syst\u00e8me powerlift\"><img decoding=\"async\" alt=\"Palfinger Nacelle \u00e9l\u00e9vatrice sur camion \u00e9l\u00e9vateur sur camion 75 m KTV avec syst\u00e8me powerlift\" src=\"https:\/\/www.maeshoogwerkers.com\/wp-content\/uploads\/DSC09937_75m-175.jpg\"\/><\/a><\/td><td class=\"td-title\"><strong><a href=\"https:\/\/www.maeshoogwerkers.com\/fr\/nacelle-elevatrices\/elevateur-sur-camion-75-m-ktv-avec-systeme-powerlift\/\" title=\"Palfinger Nacelle \u00e9l\u00e9vatrice sur camion \u00e9l\u00e9vateur sur camion 75 m KTV avec syst\u00e8me powerlift\">\u00e9l\u00e9vateur sur camion 75 m KTV avec syst\u00e8me powerlift<\/a><\/strong><\/td><td class=\"td-vloerhoogte\"><p>75m<\/p><\/td><td class=\"td-link\"><a class=\"info-btn\" href=\"https:\/\/www.maeshoogwerkers.com\/fr\/nacelle-elevatrices\/elevateur-sur-camion-75-m-ktv-avec-systeme-powerlift\/\">Plus d&#039;info<\/a><\/td><\/tr><tr><td class=\"td-img\"><\/td><td class=\"td-title\"><strong><a href=\"https:\/\/www.maeshoogwerkers.com\/fr\/nacelle-elevatrices\/elevateur-sur-camion-75-m-ktv-r-avec-systeme-powerlift\/\" title=\"Ruthmann Nacelle \u00e9l\u00e9vatrice sur camion \u00e9l\u00e9vateur sur camion 75 m KTV\/R avec syst\u00e8me powerlift\">\u00e9l\u00e9vateur sur camion 75 m KTV\/R avec syst\u00e8me powerlift<\/a><\/strong><\/td><td class=\"td-vloerhoogte\"><p>75m<\/p><\/td><td class=\"td-link\"><a class=\"info-btn\" href=\"https:\/\/www.maeshoogwerkers.com\/fr\/nacelle-elevatrices\/elevateur-sur-camion-75-m-ktv-r-avec-systeme-powerlift\/\">Plus d&#039;info<\/a><\/td><\/tr><tr><td class=\"td-img\"><a href=\"https:\/\/www.maeshoogwerkers.com\/fr\/nacelle-elevatrices\/elevateur-sur-camion-70-m-ktv-pa-avec-systeme-powerlift\/\" title=\"Palfinger Nacelle \u00e9l\u00e9vatrice sur camion \u00e9l\u00e9vateur sur camion 70 m KTV\/PA avec syst\u00e8me powerlift\"><img decoding=\"async\" alt=\"Palfinger Nacelle \u00e9l\u00e9vatrice sur camion \u00e9l\u00e9vateur sur camion 70 m KTV\/PA avec syst\u00e8me powerlift\" src=\"https:\/\/www.maeshoogwerkers.com\/wp-content\/uploads\/Seachallenger_70m-170_resized-scaled.jpg\"\/><\/a><\/td><td class=\"td-title\"><strong><a href=\"https:\/\/www.maeshoogwerkers.com\/fr\/nacelle-elevatrices\/elevateur-sur-camion-70-m-ktv-pa-avec-systeme-powerlift\/\" title=\"Palfinger Nacelle \u00e9l\u00e9vatrice sur camion \u00e9l\u00e9vateur sur camion 70 m KTV\/PA avec syst\u00e8me powerlift\">\u00e9l\u00e9vateur sur camion 70 m KTV\/PA avec syst\u00e8me powerlift<\/a><\/strong><\/td><td class=\"td-vloerhoogte\"><p>70m<\/p><\/td><td class=\"td-link\"><a class=\"info-btn\" href=\"https:\/\/www.maeshoogwerkers.com\/fr\/nacelle-elevatrices\/elevateur-sur-camion-70-m-ktv-pa-avec-systeme-powerlift\/\">Plus d&#039;info<\/a><\/td><\/tr><tr><td class=\"td-img\"><a href=\"https:\/\/www.maeshoogwerkers.com\/fr\/nacelle-elevatrices\/elevateur-sur-camion-70-m-ktv-avec-systeme-powerlift\/\" title=\"Wumag Nacelle \u00e9l\u00e9vatrice sur camion \u00e9l\u00e9vateur sur camion 70 m KTV avec syst\u00e8me powerlift\"><img decoding=\"async\" alt=\"Wumag Nacelle \u00e9l\u00e9vatrice sur camion \u00e9l\u00e9vateur sur camion 70 m KTV avec syst\u00e8me powerlift\" src=\"https:\/\/www.maeshoogwerkers.com\/wp-content\/uploads\/20210110_101328_b-scaled.jpg\"\/><\/a><\/td><td class=\"td-title\"><strong><a href=\"https:\/\/www.maeshoogwerkers.com\/fr\/nacelle-elevatrices\/elevateur-sur-camion-70-m-ktv-avec-systeme-powerlift\/\" title=\"Wumag Nacelle \u00e9l\u00e9vatrice sur camion \u00e9l\u00e9vateur sur camion 70 m KTV avec syst\u00e8me powerlift\">\u00e9l\u00e9vateur sur camion 70 m KTV avec syst\u00e8me powerlift<\/a><\/strong><\/td><td class=\"td-vloerhoogte\"><p>70m<\/p><\/td><td class=\"td-link\"><a class=\"info-btn\" href=\"https:\/\/www.maeshoogwerkers.com\/fr\/nacelle-elevatrices\/elevateur-sur-camion-70-m-ktv-avec-systeme-powerlift\/\">Plus d&#039;info<\/a><\/td><\/tr><tr><td class=\"td-img\"><\/td><td class=\"td-title\"><strong><a href=\"https:\/\/www.maeshoogwerkers.com\/fr\/nacelle-elevatrices\/elevateur-sur-camion-70-m-ktv-avec-systeme-powerlift-2\/\" title=\"Bronto Nacelle \u00e9l\u00e9vatrice sur camion \u00e9l\u00e9vateur sur camion 70 m KTV avec syst\u00e8me powerlift\">\u00e9l\u00e9vateur sur camion 70 m KTV avec syst\u00e8me powerlift<\/a><\/strong><\/td><td class=\"td-vloerhoogte\"><p>70m<\/p><\/td><td class=\"td-link\"><a class=\"info-btn\" href=\"https:\/\/www.maeshoogwerkers.com\/fr\/nacelle-elevatrices\/elevateur-sur-camion-70-m-ktv-avec-systeme-powerlift-2\/\">Plus d&#039;info<\/a><\/td><\/tr><tr><td class=\"td-img\"><a href=\"https:\/\/www.maeshoogwerkers.com\/fr\/nacelle-elevatrices\/elevateur-sur-camion-61-m\/\" title=\"Bronto Nacelle \u00e9l\u00e9vatrice sur camion \u00e9l\u00e9vateur sur camion 61 m\"><img decoding=\"async\" alt=\"Bronto Nacelle \u00e9l\u00e9vatrice sur camion \u00e9l\u00e9vateur sur camion 61 m\" src=\"https:\/\/www.maeshoogwerkers.com\/wp-content\/uploads\/foto-3_b-scaled.jpg\"\/><\/a><\/td><td class=\"td-title\"><strong><a href=\"https:\/\/www.maeshoogwerkers.com\/fr\/nacelle-elevatrices\/elevateur-sur-camion-61-m\/\" title=\"Bronto Nacelle \u00e9l\u00e9vatrice sur camion \u00e9l\u00e9vateur sur camion 61 m\">\u00e9l\u00e9vateur sur camion 61 m<\/a><\/strong><\/td><td class=\"td-vloerhoogte\"><p>61m<\/p><\/td><td class=\"td-link\"><a class=\"info-btn\" href=\"https:\/\/www.maeshoogwerkers.com\/fr\/nacelle-elevatrices\/elevateur-sur-camion-61-m\/\">Plus d&#039;info<\/a><\/td><\/tr><tr><td class=\"td-img\"><a href=\"https:\/\/www.maeshoogwerkers.com\/fr\/nacelle-elevatrices\/elevateur-sur-camion-57-m-ktv-avec-systeme-powerlift\/\" title=\"Palfinger Nacelle \u00e9l\u00e9vatrice sur camion \u00e9l\u00e9vateur sur camion 57 m KTV avec syst\u00e8me powerlift\"><img decoding=\"async\" alt=\"Palfinger Nacelle \u00e9l\u00e9vatrice sur camion \u00e9l\u00e9vateur sur camion 57 m KTV avec syst\u00e8me powerlift\" src=\"https:\/\/www.maeshoogwerkers.com\/wp-content\/uploads\/DSC09896-scaled.jpg\"\/><\/a><\/td><td class=\"td-title\"><strong><a href=\"https:\/\/www.maeshoogwerkers.com\/fr\/nacelle-elevatrices\/elevateur-sur-camion-57-m-ktv-avec-systeme-powerlift\/\" title=\"Palfinger Nacelle \u00e9l\u00e9vatrice sur camion \u00e9l\u00e9vateur sur camion 57 m KTV avec syst\u00e8me powerlift\">\u00e9l\u00e9vateur sur camion 57 m KTV avec syst\u00e8me powerlift<\/a><\/strong><\/td><td class=\"td-vloerhoogte\"><p>57m<\/p><\/td><td class=\"td-link\"><a class=\"info-btn\" href=\"https:\/\/www.maeshoogwerkers.com\/fr\/nacelle-elevatrices\/elevateur-sur-camion-57-m-ktv-avec-systeme-powerlift\/\">Plus d&#039;info<\/a><\/td><\/tr><tr><td class=\"td-img\"><\/td><td class=\"td-title\"><strong><a href=\"https:\/\/www.maeshoogwerkers.com\/fr\/nacelle-elevatrices\/elevateur-sur-camion-57-m-ktv-r-avec-systeme-powerlift\/\" title=\"Ruthmann Nacelle \u00e9l\u00e9vatrice sur camion \u00e9l\u00e9vateur sur camion 57 m KTV\/R avec syst\u00e8me powerlift\">\u00e9l\u00e9vateur sur camion 57 m KTV\/R avec syst\u00e8me powerlift<\/a><\/strong><\/td><td class=\"td-vloerhoogte\"><p>57m<\/p><\/td><td class=\"td-link\"><a class=\"info-btn\" href=\"https:\/\/www.maeshoogwerkers.com\/fr\/nacelle-elevatrices\/elevateur-sur-camion-57-m-ktv-r-avec-systeme-powerlift\/\">Plus d&#039;info<\/a><\/td><\/tr><tr><td class=\"td-img\"><\/td><td class=\"td-title\"><strong><a href=\"https:\/\/www.maeshoogwerkers.com\/fr\/nacelle-elevatrices\/elevateur-sur-camion-56-m\/\" title=\"Bronto Nacelle \u00e9l\u00e9vatrice sur camion \u00e9l\u00e9vateur sur camion 56 m\">\u00e9l\u00e9vateur sur camion 56 m<\/a><\/strong><\/td><td class=\"td-vloerhoogte\"><p>56m<\/p><\/td><td class=\"td-link\"><a class=\"info-btn\" href=\"https:\/\/www.maeshoogwerkers.com\/fr\/nacelle-elevatrices\/elevateur-sur-camion-56-m\/\">Plus d&#039;info<\/a><\/td><\/tr><tr><td class=\"td-img\"><a href=\"https:\/\/www.maeshoogwerkers.com\/fr\/nacelle-elevatrices\/elevateur-sur-camion-57-m-ktv-r-avec-systeme-powerlift-2\/\" title=\"Ruthmann Nacelle \u00e9l\u00e9vatrice sur camion \u00e9l\u00e9vateur sur camion 51 m KTV\/R avec syst\u00e8me powerlift\"><img decoding=\"async\" alt=\"Ruthmann Nacelle \u00e9l\u00e9vatrice sur camion \u00e9l\u00e9vateur sur camion 51 m KTV\/R avec syst\u00e8me powerlift\" src=\"https:\/\/www.maeshoogwerkers.com\/wp-content\/uploads\/1000007119-rotated-e1750080878647.jpg\"\/><\/a><\/td><td class=\"td-title\"><strong><a href=\"https:\/\/www.maeshoogwerkers.com\/fr\/nacelle-elevatrices\/elevateur-sur-camion-57-m-ktv-r-avec-systeme-powerlift-2\/\" title=\"Ruthmann Nacelle \u00e9l\u00e9vatrice sur camion \u00e9l\u00e9vateur sur camion 51 m KTV\/R avec syst\u00e8me powerlift\">\u00e9l\u00e9vateur sur camion 51 m KTV\/R avec syst\u00e8me powerlift<\/a><\/strong><\/td><td class=\"td-vloerhoogte\"><p>51m<\/p><\/td><td class=\"td-link\"><a class=\"info-btn\" href=\"https:\/\/www.maeshoogwerkers.com\/fr\/nacelle-elevatrices\/elevateur-sur-camion-57-m-ktv-r-avec-systeme-powerlift-2\/\">Plus d&#039;info<\/a><\/td><\/tr><tr><td class=\"td-img\"><a href=\"https:\/\/www.maeshoogwerkers.com\/fr\/nacelle-elevatrices\/elevateur-araignee\/\" title=\"Teupen nacelle araign\u00e9e \u00e9l\u00e9vateur araign\u00e9e 50 m\"><img decoding=\"async\" alt=\"Teupen nacelle araign\u00e9e \u00e9l\u00e9vateur araign\u00e9e 50 m\" src=\"https:\/\/www.maeshoogwerkers.com\/wp-content\/uploads\/50m-SP-scaled.jpg\"\/><\/a><\/td><td class=\"td-title\"><strong><a href=\"https:\/\/www.maeshoogwerkers.com\/fr\/nacelle-elevatrices\/elevateur-araignee\/\" title=\"Teupen nacelle araign\u00e9e \u00e9l\u00e9vateur araign\u00e9e 50 m\">\u00e9l\u00e9vateur araign\u00e9e 50 m<\/a><\/strong><\/td><td class=\"td-vloerhoogte\"><p>50m<\/p><\/td><td class=\"td-link\"><a class=\"info-btn\" href=\"https:\/\/www.maeshoogwerkers.com\/fr\/nacelle-elevatrices\/elevateur-araignee\/\">Plus d&#039;info<\/a><\/td><\/tr><\/tbody><\/table><\/div>    <\/div>\n    <input type=\"hidden\" id=\"hw_default_taxonomy\" value=\"huren\" \/>\n    <input type=\"hidden\" id=\"hw_current\" value=\"\" \/>\n    <input type=\"hidden\" id=\"hw_merk\" value=\"\" \/>\n        <script>\n    jQuery(document).ready(function($) {\n        var currentSort = { column: 'vloerhoogte', order: 'DESC' };\n\n        function loadTable() {\n            var data = { action: 'filter_hoogwerkers', orderby: currentSort.column, order: currentSort.order };\n                                            data['taxonomy'] = $('#hw_taxonomy').val() || $('#hw_default_taxonomy').val();\n                                            data['current'] = $('#hw_type').val() || $('#hw_current').val();\n                                            data['merk'] = $('#hw_merk').val() || $('#hw_merk').val();\n                        $.ajax({\n                url: 'https:\/\/www.maeshoogwerkers.com\/wp-admin\/admin-ajax.php',\n                type: 'POST',\n                data: data,\n                beforeSend: function() {\n                    $('#hoogwerkers-container').html('<p>Loading...<\/p>');\n                },\n                success: function(response) {\n                    $('#hoogwerkers-container').html(response);\n                    $('.sort-link').each(function() {\n                        var column = $(this).data('orderby');\n                        var originalText = $(this).data('original-text') || $(this).text();\n                        $(this).data('original-text', originalText);\n                        $(this).html(column === currentSort.column && currentSort.column ? originalText + (currentSort.order === 'DESC' ? ' \u25bc' : ' \u25b2') : originalText);\n                    });\n                }\n            });\n        }\n\n        $('#hoogwerkers-container').on('click', '.sort-link', function(e) {\n            e.preventDefault();\n            var clickedColumn = $(this).data('orderby');\n            currentSort = {\n                column: clickedColumn,\n                order: currentSort.column === clickedColumn ? (currentSort.order === 'DESC' ? 'ASC' : 'DESC') : 'DESC'\n            };\n            loadTable();\n        });\n\n        $('.filter-select').change(function() {\n            currentSort = { column: 'vloerhoogte', order: 'DESC' };\n            loadTable();\n        });\n    });\n    <\/script>\n        <\/pee>[\/et_pb_code][\/et_pb_column][\/et_pb_row][\/et_pb_section][et_pb_section fb_built=\u00a0\u00bb1&Prime; prev_background_color=\u00a0\u00bb#ffffff\u00a0\u00bb next_background_color=\u00a0\u00bb#ffffff\u00a0\u00bb _builder_version=\u00a0\u00bb4.16&Prime; _module_preset=\u00a0\u00bbdefault\u00a0\u00bb background_color=\u00a0\u00bb#ED1C24&Prime; background_color_gradient_direction=\u00a0\u00bb90deg\u00a0\u00bb background_color_gradient_start=\u00a0\u00bb#ed1c24&Prime; background_color_gradient_end=\u00a0\u00bbrgba(237,28,36,0.7)\u00a0\u00bb background_enable_image=\u00a0\u00bboff\u00a0\u00bb custom_margin=\u00a0\u00bb||0px||false|false\u00a0\u00bb custom_padding=\u00a0\u00bb||0px||false|false\u00a0\u00bb top_divider_style=\u00a0\u00bbslant\u00a0\u00bb top_divider_height=\u00a0\u00bb50px\u00a0\u00bb top_divider_flip=\u00a0\u00bbhorizontal\u00a0\u00bb bottom_divider_style=\u00a0\u00bbslant\u00a0\u00bb bottom_divider_height=\u00a0\u00bb50px\u00a0\u00bb bottom_divider_flip=\u00a0\u00bbhorizontal\u00a0\u00bb locked=\u00a0\u00bboff\u00a0\u00bb global_colors_info=\u00a0\u00bb{}\u00a0\u00bb][et_pb_row column_structure=\u00a0\u00bb3_5,2_5&Prime; make_equal=\u00a0\u00bbon\u00a0\u00bb _builder_version=\u00a0\u00bb4.17.6&Prime; _module_preset=\u00a0\u00bbdefault\u00a0\u00bb custom_margin=\u00a0\u00bb||0px||false|false\u00a0\u00bb custom_padding=\u00a0\u00bb||0px||false|false\u00a0\u00bb global_colors_info=\u00a0\u00bb{}\u00a0\u00bb][et_pb_column type=\u00a0\u00bb3_5&Prime; _builder_version=\u00a0\u00bb4.16&Prime; _module_preset=\u00a0\u00bbdefault\u00a0\u00bb custom_padding=\u00a0\u00bb50px||100px||false|false\u00a0\u00bb global_colors_info=\u00a0\u00bb{}\u00a0\u00bb][et_pb_text ul_type=\u00a0\u00bbnone\u00a0\u00bb ul_position=\u00a0\u00bbinside\u00a0\u00bb _builder_version=\u00a0\u00bb4.24.0&Prime; _module_preset=\u00a0\u00bbdefault\u00a0\u00bb link_font=\u00a0\u00bb||||on||||\u00a0\u00bb link_text_color=\u00a0\u00bb#FFFFFF\u00a0\u00bb header_3_font_size=\u00a0\u00bb18px\u00a0\u00bb background_layout=\u00a0\u00bbdark\u00a0\u00bb global_colors_info=\u00a0\u00bb{}\u00a0\u00bb]<\/p>\n<h2 class=\"no-border\">Vous souhaitez louer une nacelle \u00e9l\u00e9vatrice?<\/h2>\n<h3>Il importe de tenir compte de certains \u00e9l\u00e9ments pour choisir la meilleure nacelle \u00e9l\u00e9vatrice.<\/h3>\n<p>Maes Hoogwerkers vous vient en aide dans les plus brefs d\u00e9lais et de la mani\u00e8re la plus efficace possible. Vous souhaitez louer une nacelle \u00e9l\u00e9vatrice ? Afin d\u2019assurer le bon traitement de votre demande, il est pr\u00e9f\u00e9rable que vous vous posiez les questions suivantes:<\/p>\n<ul class=\"fa-ul\">\n<li><i class=\"fas fa-check\"><\/i>Quels travaux comptez-vous r\u00e9aliser avec la nacelle ?<\/li>\n<li><i class=\"fas fa-check\"><\/i>Avez-vous besoin de la nacelle pour travailler \u00e0 l\u2019int\u00e9rieur ou \u00e0 l\u2019ext\u00e9rieur ?<\/li>\n<li><i class=\"fas fa-check\"><\/i> Quelle hauteur et quelle distance la nacelle doit-elle atteindre ?<\/li>\n<li><i class=\"fas fa-check\"><\/i> Sur quel type de surface la nacelle doit-elle se d\u00e9placer ?<\/li>\n<li><i class=\"fas fa-check\"><\/i> Devez-vous \u00e9galement lever des mat\u00e9riaux ou des accessoires ?<\/li>\n<li><i class=\"fas fa-check\"><\/i> Y a-t-il des restrictions en termes de hauteur ou de largeur de passage ?<\/li>\n<\/ul>\n<p>Si vous vous posez ces questions \u00e0 l\u2019avance, nous pourrons vous donner des conseils plus utiles et nous mettre au travail sans tarder pour vous fournir la nacelle la plus appropri\u00e9e. Vous avez encore des questions concernant la nacelle \u00e9l\u00e9vatrice que vous souhaitez louer? <a href=\"https:\/\/www.maeshoogwerkers.com\/fr\/contact\/\">Prenez alors contact<\/a> sans engagement avec notre \u00e9quipe commerciale.<\/p>\n<p>[\/et_pb_text][\/et_pb_column][et_pb_column type=\u00a0\u00bb2_5&Prime; _builder_version=\u00a0\u00bb4.17.6&Prime; _module_preset=\u00a0\u00bbdefault\u00a0\u00bb custom_css_main_element=\u00a0\u00bbdisplay: flex;||flex-direction: column;||justify-content: space-between;\u00a0\u00bb global_colors_info=\u00a0\u00bb{}\u00a0\u00bb][et_pb_number_counter title=\u00a0\u00bbNacelles \u00e9l\u00e9vatrices \u00e0 louer\u00a0\u00bb number=\u00a0\u00bb48&Prime; percent_sign=\u00a0\u00bboff\u00a0\u00bb _builder_version=\u00a0\u00bb4.19.5&Prime; _module_preset=\u00a0\u00bbdefault\u00a0\u00bb title_text_color=\u00a0\u00bb#FFFFFF\u00a0\u00bb number_font=\u00a0\u00bb|700|||||||\u00a0\u00bb number_text_color=\u00a0\u00bb#FFFFFF\u00a0\u00bb global_colors_info=\u00a0\u00bb{}\u00a0\u00bb][\/et_pb_number_counter][et_pb_image src=\u00a0\u00bbhttps:\/\/www.maeshoogwerkers.com\/wp-content\/uploads\/Hoogwerker_Huren-1.png\u00a0\u00bb alt=\u00a0\u00bbLocation de nacelles \u00e9l\u00e9vatrices Maes\u00a0\u00bb title_text=\u00a0\u00bbLouer_une_nacelles_\u00e9l\u00e9vatrice\u00a0\u00bb show_bottom_space=\u00a0\u00bboff\u00a0\u00bb _builder_version=\u00a0\u00bb4.17.6&Prime; _module_preset=\u00a0\u00bbdefault\u00a0\u00bb position_origin_a=\u00a0\u00bbcenter_left\u00a0\u00bb width=\u00a0\u00bb100%\u00a0\u00bb custom_margin=\u00a0\u00bb||0px||false|false\u00a0\u00bb custom_padding=\u00a0\u00bb||0px||false|false\u00a0\u00bb locked=\u00a0\u00bboff\u00a0\u00bb global_colors_info=\u00a0\u00bb{}\u00a0\u00bb][\/et_pb_image][\/et_pb_column][\/et_pb_row][\/et_pb_section][et_pb_section fb_built=\u00a0\u00bb1&Prime; _builder_version=\u00a0\u00bb4.17.6&Prime; _module_preset=\u00a0\u00bbdefault\u00a0\u00bb global_colors_info=\u00a0\u00bb{}\u00a0\u00bb][et_pb_row column_structure=\u00a0\u00bb1_2,1_2&Prime; _builder_version=\u00a0\u00bb4.17.6&Prime; _module_preset=\u00a0\u00bbdefault\u00a0\u00bb global_colors_info=\u00a0\u00bb{}\u00a0\u00bb][et_pb_column type=\u00a0\u00bb1_2&Prime; _builder_version=\u00a0\u00bb4.17.6&Prime; _module_preset=\u00a0\u00bbdefault\u00a0\u00bb global_colors_info=\u00a0\u00bb{}\u00a0\u00bb][et_pb_text _builder_version=\u00a0\u00bb4.18.0&Prime; _module_preset=\u00a0\u00bbdefault\u00a0\u00bb global_colors_info=\u00a0\u00bb{}\u00a0\u00bb]<\/p>\n<h2>Louer une nacelle \u00e9l\u00e9vatrice avec ou sans op\u00e9rateur<\/h2>\n<p>Les nacelles jusqu\u2019\u00e0 30 m\u00e8tres peuvent \u00eatre lou\u00e9es sans op\u00e9rateur. Pour les nacelles plus grandes, le prix de location comprend toujours un op\u00e9rateur. Nos machinistes suivent des formations r\u00e9guli\u00e8res, afin de vous garantir la qualit\u00e9, l\u2019efficacit\u00e9 et la s\u00e9curit\u00e9 n\u00e9cessaires.<\/p>\n<p>Vous devez \u00e9galement, selon la nacelle, \u00eatre titulaire d\u2019un permis de conduire C.<\/p>\n<p>N\u2019oubliez pas de consulter \u00e9galement notre gamme de nacelles \u00e9l\u00e9vatrices sur fourgon, pour lesquelles un permis de conduire B est souvent suffisant.<\/p>\n<p>Nous vous donnons toujours une courte formation sur le fonctionnement de la nacelle.<\/p>\n<p>[\/et_pb_text][\/et_pb_column][et_pb_column type=\u00a0\u00bb1_2&Prime; _builder_version=\u00a0\u00bb4.17.6&Prime; _module_preset=\u00a0\u00bbdefault\u00a0\u00bb global_colors_info=\u00a0\u00bb{}\u00a0\u00bb][et_pb_image src=\u00a0\u00bbhttps:\/\/www.maeshoogwerkers.com\/wp-content\/uploads\/DSC06107_bewerkt-scaled.jpg\u00a0\u00bb alt=\u00a0\u00bbLouer un \u00e9l\u00e9vateur \u00e0 nacelle avec op\u00e9rateur\u00a0\u00bb title_text=\u00a0\u00bbLouer un \u00e9l\u00e9vateur \u00e0 nacelle avec op\u00e9rateur\u00a0\u00bb _builder_version=\u00a0\u00bb4.17.6&Prime; _module_preset=\u00a0\u00bbdefault\u00a0\u00bb border_radii=\u00a0\u00bbon|6px|6px|6px|6px\u00a0\u00bb global_colors_info=\u00a0\u00bb{}\u00a0\u00bb][\/et_pb_image][\/et_pb_column][\/et_pb_row][\/et_pb_section][et_pb_section fb_built=\u00a0\u00bb1&Prime; prev_background_color=\u00a0\u00bb#ffffff\u00a0\u00bb next_background_color=\u00a0\u00bb#ffffff\u00a0\u00bb _builder_version=\u00a0\u00bb4.20.4&Prime; _module_preset=\u00a0\u00bbdefault\u00a0\u00bb background_color=\u00a0\u00bb#F2F2F2&Prime; top_divider_style=\u00a0\u00bbslant\u00a0\u00bb top_divider_height=\u00a0\u00bb50px\u00a0\u00bb top_divider_flip=\u00a0\u00bbhorizontal\u00a0\u00bb bottom_divider_style=\u00a0\u00bbslant\u00a0\u00bb bottom_divider_height=\u00a0\u00bb50px\u00a0\u00bb bottom_divider_flip=\u00a0\u00bbhorizontal\u00a0\u00bb global_colors_info=\u00a0\u00bb{}\u00a0\u00bb][et_pb_row column_structure=\u00a0\u00bb1_2,1_2&Prime; _builder_version=\u00a0\u00bb4.17.6&Prime; _module_preset=\u00a0\u00bbdefault\u00a0\u00bb global_colors_info=\u00a0\u00bb{}\u00a0\u00bb][et_pb_column type=\u00a0\u00bb1_2&Prime; _builder_version=\u00a0\u00bb4.17.6&Prime; _module_preset=\u00a0\u00bbdefault\u00a0\u00bb global_colors_info=\u00a0\u00bb{}\u00a0\u00bb][et_pb_text ul_type=\u00a0\u00bbnone\u00a0\u00bb ul_position=\u00a0\u00bbinside\u00a0\u00bb _builder_version=\u00a0\u00bb4.19.5&Prime; _module_preset=\u00a0\u00bbdefault\u00a0\u00bb global_colors_info=\u00a0\u00bb{}\u00a0\u00bb]<\/p>\n<h2>Combien co\u00fbte la location d&rsquo;une nacelle \u00e9l\u00e9vatrice?<\/h2>\n<p>Vous souhaitez louer une nacelle \u00e9l\u00e9vatrice pour effectuer des travaux en hauteur ? Maes Hoogwerkers dispose d\u2019une large gamme de nacelles \u00e0 louer. Le co\u00fbt de location d\u2019une nacelle \u00e9l\u00e9vatrice d\u00e9pend de plusieurs facteurs :<\/p>\n<ul class=\"fa-ul\">\n<li><i class=\"fas fa-check\"><\/i> Quelle hauteur et quelle distance la nacelle doit-elle atteindre ?<\/li>\n<li><i class=\"fas fa-check\"><\/i> Pendant combien de jours avez-vous besoin de la nacelle ?<\/li>\n<li><i class=\"fas fa-check\"><\/i> Avez-vous besoin d\u2019un op\u00e9rateur ?<\/li>\n<li><i class=\"fas fa-check\"><\/i> Avez-vous besoin d\u2019une autorisation ?<\/li>\n<\/ul>\n<p>N\u2019h\u00e9sitez pas \u00e0 contacter notre \u00e9quipe commerciale via le formulaire de contact ou au num\u00e9ro +32 (0)3 484 62 62. Nous nous ferons un plaisir de vous aider \u00e0 trouver la nacelle id\u00e9ale pour votre projet.<\/p>\n<p>[\/et_pb_text][\/et_pb_column][et_pb_column type=\u00a0\u00bb1_2&Prime; _builder_version=\u00a0\u00bb4.17.6&Prime; _module_preset=\u00a0\u00bbdefault\u00a0\u00bb global_colors_info=\u00a0\u00bb{}\u00a0\u00bb][et_pb_image src=\u00a0\u00bbhttps:\/\/www.maeshoogwerkers.com\/wp-content\/uploads\/hoogwerker1-copy-scaled.jpg\u00a0\u00bb alt=\u00a0\u00bbLocation de nacelles \u00e9l\u00e9vatrices de Maes Hoogwerkers\u00a0\u00bb title_text=\u00a0\u00bbLocation de nacelles \u00e9l\u00e9vatrices de Maes Hoogwerkers\u00a0\u00bb _builder_version=\u00a0\u00bb4.17.6&Prime; _module_preset=\u00a0\u00bbdefault\u00a0\u00bb border_radii=\u00a0\u00bbon|6px|6px|6px|6px\u00a0\u00bb global_colors_info=\u00a0\u00bb{}\u00a0\u00bb][\/et_pb_image][\/et_pb_column][\/et_pb_row][\/et_pb_section][et_pb_section fb_built=\u00a0\u00bb1&Prime; _builder_version=\u00a0\u00bb4.17.6&Prime; _module_preset=\u00a0\u00bbdefault\u00a0\u00bb global_colors_info=\u00a0\u00bb{}\u00a0\u00bb][et_pb_row column_structure=\u00a0\u00bb3_5,2_5&Prime; _builder_version=\u00a0\u00bb4.17.6&Prime; _module_preset=\u00a0\u00bbdefault\u00a0\u00bb global_colors_info=\u00a0\u00bb{}\u00a0\u00bb][et_pb_column type=\u00a0\u00bb3_5&Prime; _builder_version=\u00a0\u00bb4.17.6&Prime; _module_preset=\u00a0\u00bbdefault\u00a0\u00bb global_colors_info=\u00a0\u00bb{}\u00a0\u00bb][et_pb_accordion open_toggle_text_color=\u00a0\u00bb#000000&Prime; open_toggle_background_color=\u00a0\u00bb#FFFFFF\u00a0\u00bb closed_toggle_text_color=\u00a0\u00bb#000000&Prime; closed_toggle_background_color=\u00a0\u00bb#F2F2F2&Prime; icon_color=\u00a0\u00bb#ED1C24&Prime; _builder_version=\u00a0\u00bb4.19.5&Prime; _module_preset=\u00a0\u00bbdefault\u00a0\u00bb toggle_text_color=\u00a0\u00bb#000000&Prime; toggle_level=\u00a0\u00bbh3&Prime; toggle_font_size=\u00a0\u00bb18px\u00a0\u00bb border_radii=\u00a0\u00bbon|6px|6px|6px|6px\u00a0\u00bb global_colors_info=\u00a0\u00bb{}\u00a0\u00bb][et_pb_accordion_item title=\u00a0\u00bbQui peut louer une nacelle \u00e9l\u00e9vatrice?\u00a0\u00bb open=\u00a0\u00bbon\u00a0\u00bb toggle_icon=\u00a0\u00bb&#xf078;||fa||900&Prime; _builder_version=\u00a0\u00bb4.18.0&Prime; _module_preset=\u00a0\u00bbdefault\u00a0\u00bb global_colors_info=\u00a0\u00bb{}\u00a0\u00bb]<\/p>\n<p>Bien qu\u2019il ne soit pas n\u00e9cessaire de suivre une formation obligatoire pour utiliser une nacelle \u00e9l\u00e9vatrice, il faut presque toujours \u00eatre titulaire d\u2019un permis de conduire C (en fonction de la taille de la nacelle).<\/p>\n<p>Vous \u00eates titulaire d\u2019un permis de conduire B\u00a0? Dans ce cas, vous pouvez louer une nacelle \u00e9l\u00e9vatrice sur fourgon.<\/p>\n<p>Si vous souhaitez louer une nacelle sur camion, veuillez prendre contact avec nous. Un op\u00e9rateur est alors inclus dans le prix de location. Celui-ci conduit la nacelle sur place, se charge de l\u2019installer de mani\u00e8re s\u00fbre et la man\u0153uvre jusqu\u2019\u00e0 la hauteur et la position souhait\u00e9es. Notre personnel est form\u00e9 professionnellement pour r\u00e9aliser vos travaux en toute s\u00e9curit\u00e9.<\/p>\n<p>[\/et_pb_accordion_item][et_pb_accordion_item title=\u00a0\u00bbQu&apos;est-ce que le syst\u00e8me powerlift? \u00a0\u00bb toggle_icon=\u00a0\u00bb&#xf078;||fa||900&Prime; _builder_version=\u00a0\u00bb4.19.5&Prime; _module_preset=\u00a0\u00bbdefault\u00a0\u00bb global_colors_info=\u00a0\u00bb{}\u00a0\u00bb open=\u00a0\u00bboff\u00a0\u00bb]<\/p>\n<p>Maes Hoogwerkers est l\u2019initiateur du syst\u00e8me Powerlift en Belgique. Ce syst\u00e8me permet de soulever des charges pendant que la nacelle s\u2019\u00e9l\u00e8ve. Vous pouvez ainsi facilement monter les mat\u00e9riaux et\/ou l\u2019\u00e9quipement n\u00e9cessaires pour r\u00e9aliser vos travaux en hauteur.<\/p>\n<p>Le syst\u00e8me Powerlift se compose de deux bras de levage fix\u00e9s au panier de la nacelle.<\/p>\n<p>Nous avons \u00e9t\u00e9 les premiers en Belgique \u00e0 proposer ce syst\u00e8me, avec toutes les approbations et autorisations n\u00e9cessaires. Nous pouvons donc nous pr\u00e9valoir d\u2019une exp\u00e9rience et d\u2019une expertise sans pr\u00e9c\u00e9dents.<\/p>\n<p>[\/et_pb_accordion_item][et_pb_accordion_item title=\u00a0\u00bbFaut-il une formation pour utiliser une nacelle \u00e9l\u00e9vatrice?\u00a0\u00bb toggle_icon=\u00a0\u00bb&#xf078;||fa||900&Prime; _builder_version=\u00a0\u00bb4.18.0&Prime; _module_preset=\u00a0\u00bbdefault\u00a0\u00bb global_colors_info=\u00a0\u00bb{}\u00a0\u00bb open=\u00a0\u00bboff\u00a0\u00bb]<\/p>\n<p>Officiellement, il n\u2019est pas obligatoire de suivre une formation pour utiliser la plupart des nacelles. Mieux vaut toutefois disposer d\u2019un certificat officiel. En cas de dommages ou d\u2019accident, vous pourrez ainsi prouver \u00e0 votre compagnie d\u2019assurance que vous disposez de comp\u00e9tences suffisantes pour utiliser une nacelle \u00e9l\u00e9vatrice. Tous nos op\u00e9rateurs ont suivi les formations n\u00e9cessaires pour garantir la qualit\u00e9, l\u2019efficacit\u00e9 et la s\u00e9curit\u00e9 voulues. Une condition essentielle pour pouvoir effectuer des missions en hauteur.<\/p>\n<p>Vous n\u2019avez pas suivi de formation\u00a0? Choisissez alors l\u2019option nacelle avec op\u00e9rateur. Nos op\u00e9rateurs professionnels vous aideront \u00e0 faire en sorte que vos travaux se d\u00e9roulent sans accrocs et en toute s\u00e9curit\u00e9.<\/p>\n<p>[\/et_pb_accordion_item][et_pb_accordion_item title=\u00a0\u00bbFaut-il une autorisation pour louer une nacelle \u00e9l\u00e9vatrice?\u00a0\u00bb toggle_icon=\u00a0\u00bb&#xf078;||fa||900&Prime; _builder_version=\u00a0\u00bb4.18.0&Prime; _module_preset=\u00a0\u00bbdefault\u00a0\u00bb global_colors_info=\u00a0\u00bb{}\u00a0\u00bb open=\u00a0\u00bboff\u00a0\u00bb]<\/p>\n<p>Si vos travaux ou l\u2019acc\u00e8s \u00e0 vos travaux se situent sur la voie publique, vous devez toujours demander une autorisation pr\u00e9alable. Traffic Signs vous apportera toute l\u2019aide voulue pour ce faire.<\/p>\n<p>[\/et_pb_accordion_item][\/et_pb_accordion][et_pb_text _builder_version=\u00a0\u00bb4.18.0&Prime; _module_preset=\u00a0\u00bbdefault\u00a0\u00bb header_3_text_color=\u00a0\u00bb#000000&Prime; locked=\u00a0\u00bboff\u00a0\u00bb global_colors_info=\u00a0\u00bb{}\u00a0\u00bb]<\/p>\n<h2>Maes Rent &amp; Sale<\/h2>\n<p>Si vous souhaitez acheter une nacelle \u00e9l\u00e9vatrice, prenez contact avec nos coll\u00e8gues de Maes Rent &amp; Sale, notre partenaire pour la vente et la location de nacelles sans op\u00e9rateur. Ceux-ci proposent une large gamme de nacelles sur fourgon et sur ch\u00e2ssis-cabine jusqu\u2019\u00e0 3,5\u00a0tonnes pour permis de conduire B. Ils proposent \u00e9galement des nacelles \u00e9l\u00e9vatrices enti\u00e8rement \u00e9lectriques.<br \/>Vous pouvez \u00e9galement vous adresser \u00e0 eux pour les nacelles construites sur un ch\u00e2ssis de plus de 3,5\u00a0tonnes (permis de conduire C) et jusqu\u2019\u00e0 une hauteur de travail de pas moins de 103\u00a0m. Ils proposent une large gamme d\u2019\u00e9quipements de diff\u00e9rents fournisseurs. Ils tirent profit de l\u2019exp\u00e9rience et du savoir-faire de Maes Hoogwerkers pour vous proposer toujours les derni\u00e8res nouveaut\u00e9s et avanc\u00e9es technologies.<\/p>\n<p>[\/et_pb_text][\/et_pb_column][et_pb_column type=\u00a0\u00bb2_5&Prime; _builder_version=\u00a0\u00bb4.17.6&Prime; _module_preset=\u00a0\u00bbdefault\u00a0\u00bb background_color=\u00a0\u00bb#FFFFFF\u00a0\u00bb custom_padding=\u00a0\u00bb25px|25px|25px|25px|true|true\u00a0\u00bb border_radii=\u00a0\u00bbon|6px|6px|6px|6px\u00a0\u00bb box_shadow_style=\u00a0\u00bbpreset1&Prime; global_colors_info=\u00a0\u00bb{}\u00a0\u00bb custom_css_main_element_tablet=\u00a0\u00bbmargin-top: 0px;\u00a0\u00bb custom_css_main_element_phone=\u00a0\u00bbmargin-top: 0px;\u00a0\u00bb custom_css_main_element_last_edited=\u00a0\u00bboff|desktop\u00a0\u00bb][et_pb_text _builder_version=\u00a0\u00bb4.19.5&Prime; _module_preset=\u00a0\u00bbdefault\u00a0\u00bb text_text_color=\u00a0\u00bb#000000&Prime; link_text_color=\u00a0\u00bb#ED1C24&Prime; header_2_text_color=\u00a0\u00bb#000000&Prime; header_2_font_size=\u00a0\u00bb22px\u00a0\u00bb locked=\u00a0\u00bboff\u00a0\u00bb global_colors_info=\u00a0\u00bb{}\u00a0\u00bb]<\/p>\n<h3>NOUS CONTACTER<\/h3>\n<p><a href=\"tel:+3234846262\"><i class=\"fas fa-phone-alt\" aria-hidden=\"true\"><\/i> +32 3 484 62 62<\/a><br \/><a href=\"mailto:info@maeshoogwerkers.com\"><i class=\"fas fa-envelope\" aria-hidden=\"true\"><\/i> info@maeshoogwerkers.com<\/a><br \/><i class=\"fas fa-home\" aria-hidden=\"true\"><\/i> Boudewijnlaan 5, 2243 Pulle<br \/><i class=\"fas fa-gavel\"><\/i> BE0462.922.701<\/p>\n<h3>Heures d&rsquo;ouverture<\/h3>\n<p>Lun- Ven: 8h00 &#8211; 17h30<br \/><i class=\"fas fa-calendar-check red\"><\/i> Service d&rsquo;urgence 24\/7<br \/><iframe style=\"border: 0; border-radius: 6px; margin-top: 25px;\" src=\"https:\/\/www.google.com\/maps\/embed?pb=!1m18!1m12!1m3!1d67276.34086474212!2d4.685215064286158!3d51.19748271234643!2m3!1f0!2f0!3f0!3m2!1i1024!2i768!4f13.1!3m3!1m2!1s0x47c155f988573373%3A0x373c60502fd33bac!2sMaes%20Hoogwerkers!5e0!3m2!1snl!2sbe!4v1641647155211!5m2!1snl!2sbe\" width=\"100%\" height=\"250\" allowfullscreen=\"allowfullscreen\"><\/iframe><\/p>\n<p>[\/et_pb_text][\/et_pb_column][\/et_pb_row][\/et_pb_section][et_pb_section fb_built=\u00a0\u00bb1&Prime; _builder_version=\u00a0\u00bb4.18.0&Prime; _module_preset=\u00a0\u00bbdefault\u00a0\u00bb background_color=\u00a0\u00bb#F2F2F2&Prime; global_colors_info=\u00a0\u00bb{}\u00a0\u00bb][et_pb_row column_structure=\u00a0\u00bb1_2,1_2&Prime; _builder_version=\u00a0\u00bb4.17.6&Prime; _module_preset=\u00a0\u00bbdefault\u00a0\u00bb global_colors_info=\u00a0\u00bb{}\u00a0\u00bb][et_pb_column type=\u00a0\u00bb1_2&Prime; _builder_version=\u00a0\u00bb4.17.6&Prime; _module_preset=\u00a0\u00bbdefault\u00a0\u00bb global_colors_info=\u00a0\u00bb{}\u00a0\u00bb][et_pb_text _builder_version=\u00a0\u00bb4.18.0&Prime; _module_preset=\u00a0\u00bbdefault\u00a0\u00bb global_colors_info=\u00a0\u00bb{}\u00a0\u00bb]<\/p>\n<h2>\u00c0 propos de Maes Hoogwerkers<\/h2>\n<p>Nous sommes la seule entreprise de location en Europe \u00e0 proposer une gamme unique de nacelles \u00e9l\u00e9vatrices sur camion et sur fourgon, de nacelles araign\u00e9e et de grues \u00e0 tour mobile. Maes Hoogwerkers est sp\u00e9cialis\u00e9 dans la location de nacelles \u00e9l\u00e9vatrices et de grues avec op\u00e9rateur depuis plus de 45\u00a0ans. Il est \u00e9galement possible de louer certains mod\u00e8les sans op\u00e9rateur.\u00a0<\/p>\n<p>Nous disposons de la plus grande gamme de hautes nacelles \u00e9l\u00e9vatrices (&gt; 50\u00a0m) en Europe et du plus grand choix de <a href=\"https:\/\/www.maeshoogwerkers.com\/fr\/louer\/grue-mobile-a-tour\/\">grues \u00e0 tour mobile<\/a> en Belgique. Notre gamme de produits comprend la nacelle \u00e9l\u00e9vatrice la plus haute du monde (103\u00a0m) et la grue \u00e0 tour mobile la plus puissante (AT7).<\/p>\n<p>Nous proposons \u00e9galement des plaques de roulage et des cloisons pour faciliter l\u2019acc\u00e8s, stabiliser le sol et\/ou prot\u00e9ger les conduites souterraines. Si n\u00e9cessaire, nous pouvons \u00e9galement organiser les autorisations et la signalisation n\u00e9cessaires pour la pose d\u2019un \u00e9quipement sur le domaine public en toute s\u00e9curit\u00e9 et conform\u00e9ment aux exigences l\u00e9gales. Nous collaborons pour ce faire avec notre soci\u00e9t\u00e9 s\u0153ur <a href=\"http:\/\/www.trafficsigns.be\/\">Traffic Signs<\/a>, sp\u00e9cialis\u00e9e dans le domaine depuis plus de 15\u00a0ans.<\/p>\n<p>[\/et_pb_text][et_pb_button button_url=\u00a0\u00bbhttps:\/\/www.maeshoogwerkers.com\/fr\/a-propos-de-nous\/\u00a0\u00bb button_text=\u00a0\u00bb\u00e0 propos\u00a0\u00bb _builder_version=\u00a0\u00bb4.17.6&Prime; _module_preset=\u00a0\u00bbdefault\u00a0\u00bb global_colors_info=\u00a0\u00bb{}\u00a0\u00bb][\/et_pb_button][\/et_pb_column][et_pb_column type=\u00a0\u00bb1_2&Prime; _builder_version=\u00a0\u00bb4.17.6&Prime; _module_preset=\u00a0\u00bbdefault\u00a0\u00bb global_colors_info=\u00a0\u00bb{}\u00a0\u00bb][et_pb_image src=\u00a0\u00bbhttps:\/\/www.maeshoogwerkers.com\/wp-content\/uploads\/IMG_20190301_125451_b.jpg\u00a0\u00bb alt=\u00a0\u00bb\u00c0 propos de Maes Hoogwerkers\u00a0\u00bb title_text=\u00a0\u00bb\u00c0 propos de Maes Hoogwerkers\u00a0\u00bb _builder_version=\u00a0\u00bb4.17.6&Prime; _module_preset=\u00a0\u00bbdefault\u00a0\u00bb border_radii=\u00a0\u00bbon|6px|6px|6px|6px\u00a0\u00bb global_colors_info=\u00a0\u00bb{}\u00a0\u00bb][\/et_pb_image][\/et_pb_column][\/et_pb_row][\/et_pb_section]<\/p>\n","protected":false},"excerpt":{"rendered":"<p>[et_pb_section fb_built=\u00a0\u00bb1&Prime; _builder_version=\u00a0\u00bb4.16&Prime; _module_preset=\u00a0\u00bbdefault\u00a0\u00bb background_color=\u00a0\u00bbrgba(0,0,0,0.6)\u00a0\u00bb background_image=\u00a0\u00bbhttps:\/\/www.maeshoogwerkers.com\/wp-content\/uploads\/Maes_Hoogwerkers_Huur_Verkoop_Header.jpg\u00a0\u00bb background_blend=\u00a0\u00bboverlay\u00a0\u00bb locked=\u00a0\u00bboff\u00a0\u00bb global_colors_info=\u00a0\u00bb{}\u00a0\u00bb][et_pb_row _builder_version=\u00a0\u00bb4.16&Prime; _module_preset=\u00a0\u00bbdefault\u00a0\u00bb custom_margin=\u00a0\u00bb0px||||false|false\u00a0\u00bb custom_margin_tablet=\u00a0\u00bb50px||||false|false\u00a0\u00bb custom_margin_phone=\u00a0\u00bb0px||||false|false\u00a0\u00bb custom_margin_last_edited=\u00a0\u00bboff|desktop\u00a0\u00bb global_colors_info=\u00a0\u00bb{}\u00a0\u00bb][et_pb_column type=\u00a0\u00bb4_4&Prime; _builder_version=\u00a0\u00bb4.16&Prime; _module_preset=\u00a0\u00bbdefault\u00a0\u00bb global_colors_info=\u00a0\u00bb{}\u00a0\u00bb][et_pb_text _builder_version=\u00a0\u00bb4.21.0&Prime; _module_preset=\u00a0\u00bbdefault\u00a0\u00bb header_font_size=\u00a0\u00bb40px\u00a0\u00bb background_layout=\u00a0\u00bbdark\u00a0\u00bb custom_margin=\u00a0\u00bb||0px||false|false\u00a0\u00bb custom_padding=\u00a0\u00bb||0px||false|false\u00a0\u00bb header_font_size_tablet=\u00a0\u00bb30px\u00a0\u00bb header_font_size_phone=\u00a0\u00bb25px\u00a0\u00bb header_font_size_last_edited=\u00a0\u00bbon|phone\u00a0\u00bb global_colors_info=\u00a0\u00bb{}\u00a0\u00bb] Nacelles \u00e9l\u00e9vatrices [\/et_pb_text][et_pb_text module_id=\u00a0\u00bbmaes-heading\u00a0\u00bb _builder_version=\u00a0\u00bb4.18.0&Prime; _module_preset=\u00a0\u00bbdefault\u00a0\u00bb header_text_color=\u00a0\u00bb#FFFFFF\u00a0\u00bb header_font_size=\u00a0\u00bb65px\u00a0\u00bb header_2_text_color=\u00a0\u00bb#FFFFFF\u00a0\u00bb background_layout=\u00a0\u00bbdark\u00a0\u00bb header_font_size_tablet=\u00a0\u00bb50px\u00a0\u00bb header_font_size_phone=\u00a0\u00bb40px\u00a0\u00bb header_font_size_last_edited=\u00a0\u00bbon|phone\u00a0\u00bb header_2_font_size_tablet=\u00a0\u00bb\u00a0\u00bb header_2_font_size_phone=\u00a0\u00bb25px\u00a0\u00bb header_2_font_size_last_edited=\u00a0\u00bbon|tablet\u00a0\u00bb global_colors_info=\u00a0\u00bb{}\u00a0\u00bb] [\/et_pb_text][\/et_pb_column][\/et_pb_row][\/et_pb_section][et_pb_section fb_built=\u00a0\u00bb1&Prime; next_background_color=\u00a0\u00bb#ffffff\u00a0\u00bb _builder_version=\u00a0\u00bb4.20.4&Prime; _module_preset=\u00a0\u00bbdefault\u00a0\u00bb background_color=\u00a0\u00bb#F2F2F2&Prime; bottom_divider_style=\u00a0\u00bbslant\u00a0\u00bb bottom_divider_height=\u00a0\u00bb50px\u00a0\u00bb [&hellip;]<\/p>\n","protected":false},"author":1,"featured_media":0,"parent":0,"menu_order":0,"comment_status":"closed","ping_status":"closed","template":"","meta":{"_acf_changed":false,"_seopress_robots_primary_cat":"","_seopress_titles_title":"Nacelles \u00e9l\u00e9vatrices | 48 plates-formes de travail jusqu&#039;\u00e0 103 m  | Maes","_seopress_titles_desc":"Location de nacelles \u00e9l\u00e9vatrices chez Maes Hoogwerkers. D\u00e9couvrez notre offre de location, jusqu&#039;\u00e0 103 m de hauteur. Avec ou sans op\u00e9rateur, pour tous les terrains. Demandez votre devis.","_seopress_robots_index":"","_et_pb_use_builder":"on","_et_pb_old_content":"","_et_gb_content_width":"","footnotes":""},"class_list":["post-7272","page","type-page","status-publish","hentry"],"acf":[],"_links":{"self":[{"href":"https:\/\/www.maeshoogwerkers.com\/fr\/wp-json\/wp\/v2\/pages\/7272","targetHints":{"allow":["GET"]}}],"collection":[{"href":"https:\/\/www.maeshoogwerkers.com\/fr\/wp-json\/wp\/v2\/pages"}],"about":[{"href":"https:\/\/www.maeshoogwerkers.com\/fr\/wp-json\/wp\/v2\/types\/page"}],"author":[{"embeddable":true,"href":"https:\/\/www.maeshoogwerkers.com\/fr\/wp-json\/wp\/v2\/users\/1"}],"replies":[{"embeddable":true,"href":"https:\/\/www.maeshoogwerkers.com\/fr\/wp-json\/wp\/v2\/comments?post=7272"}],"version-history":[{"count":12,"href":"https:\/\/www.maeshoogwerkers.com\/fr\/wp-json\/wp\/v2\/pages\/7272\/revisions"}],"predecessor-version":[{"id":7332,"href":"https:\/\/www.maeshoogwerkers.com\/fr\/wp-json\/wp\/v2\/pages\/7272\/revisions\/7332"}],"wp:attachment":[{"href":"https:\/\/www.maeshoogwerkers.com\/fr\/wp-json\/wp\/v2\/media?parent=7272"}],"curies":[{"name":"wp","href":"https:\/\/api.w.org\/{rel}","templated":true}]}}