{"id":2151,"date":"2022-05-03T07:38:13","date_gmt":"2022-05-03T07:38:13","guid":{"rendered":"https:\/\/www.maeshoogwerkers.com\/accueil\/"},"modified":"2025-04-23T10:42:37","modified_gmt":"2025-04-23T10:42:37","slug":"accueil","status":"publish","type":"page","link":"https:\/\/www.maeshoogwerkers.com\/fr\/","title":{"rendered":"Accueil"},"content":{"rendered":"<p>[et_pb_section fb_built=\u00a0\u00bb1&Prime; custom_padding_last_edited=\u00a0\u00bboff|desktop\u00a0\u00bb module_id=\u00a0\u00bbnccs-header\u00a0\u00bb _builder_version=\u00a0\u00bb4.16&Prime; _module_preset=\u00a0\u00bbdefault\u00a0\u00bb background_color=\u00a0\u00bbrgba(0,0,0,0.6)\u00a0\u00bb background_color_gradient_direction=\u00a0\u00bb90deg\u00a0\u00bb background_color_gradient_start=\u00a0\u00bb#ffffff\u00a0\u00bb background_color_gradient_end=\u00a0\u00bbrgba(218,42,28,0.9)\u00a0\u00bb background_image=\u00a0\u00bbhttps:\/\/www.maeshoogwerkers.com\/wp-content\/uploads\/Maes_Hoogwerkers_Huur_Verkoop_Header.jpg\u00a0\u00bb background_position=\u00a0\u00bbcenter_right\u00a0\u00bb background_blend=\u00a0\u00bboverlay\u00a0\u00bb min_height=\u00a0\u00bb65vh\u00a0\u00bb custom_padding=\u00a0\u00bb10vh||20vh||false|false\u00a0\u00bb custom_padding_tablet=\u00a0\u00bb25px||0px||false|false\u00a0\u00bb custom_padding_phone=\u00a0\u00bb||||false|false\u00a0\u00bb bottom_divider_color=\u00a0\u00bb#FFFFFF\u00a0\u00bb bottom_divider_height=\u00a0\u00bb100%\u00a0\u00bb bottom_divider_repeat=\u00a0\u00bb1x\u00a0\u00bb background_color_tablet=\u00a0\u00bb#FFFFFF\u00a0\u00bb background_last_edited=\u00a0\u00bboff|desktop\u00a0\u00bb background_enable_color_tablet=\u00a0\u00bbon\u00a0\u00bb use_background_color_gradient_tablet=\u00a0\u00bboff\u00a0\u00bb background_color_gradient_direction_tablet=\u00a0\u00bb180deg\u00a0\u00bb background_color_gradient_stops_tablet=\u00a0\u00bb#ffffff 50%|rgba(218,42,28,0.9) 100%\u00a0\u00bb background_color_gradient_start_tablet=\u00a0\u00bb#ffffff\u00a0\u00bb background_color_gradient_start_position_tablet=\u00a0\u00bb50%\u00a0\u00bb background_color_gradient_end_tablet=\u00a0\u00bbrgba(218,42,28,0.9)\u00a0\u00bb background_enable_image_tablet=\u00a0\u00bboff\u00a0\u00bb global_colors_info=\u00a0\u00bb{}\u00a0\u00bb][et_pb_row make_equal=\u00a0\u00bbon\u00a0\u00bb _builder_version=\u00a0\u00bb4.16&Prime; _module_preset=\u00a0\u00bbdefault\u00a0\u00bb custom_margin=\u00a0\u00bb||||false|false\u00a0\u00bb custom_padding=\u00a0\u00bb||||false|false\u00a0\u00bb global_colors_info=\u00a0\u00bb{}\u00a0\u00bb][et_pb_column type=\u00a0\u00bb4_4&Prime; _builder_version=\u00a0\u00bb4.16&Prime; _module_preset=\u00a0\u00bbdefault\u00a0\u00bb animation_direction=\u00a0\u00bbleft\u00a0\u00bb custom_css_main_element=\u00a0\u00bbdisplay: flex;||flex-direction: column;||justify-content: center;\u00a0\u00bb global_colors_info=\u00a0\u00bb{}\u00a0\u00bb][et_pb_text _builder_version=\u00a0\u00bb4.27.2&Prime; _module_preset=\u00a0\u00bbdefault\u00a0\u00bb header_font_size=\u00a0\u00bb50px\u00a0\u00bb header_2_font_size=\u00a0\u00bb30px\u00a0\u00bb background_layout=\u00a0\u00bbdark\u00a0\u00bb header_font_size_tablet=\u00a0\u00bb40px\u00a0\u00bb header_font_size_phone=\u00a0\u00bb30px\u00a0\u00bb header_font_size_last_edited=\u00a0\u00bbon|tablet\u00a0\u00bb header_2_font_size_tablet=\u00a0\u00bb25px\u00a0\u00bb header_2_font_size_phone=\u00a0\u00bb17px\u00a0\u00bb header_2_font_size_last_edited=\u00a0\u00bbon|phone\u00a0\u00bb background_last_edited=\u00a0\u00bboff|desktop\u00a0\u00bb global_colors_info=\u00a0\u00bb{}\u00a0\u00bb]<\/p>\n<h1><span id=\"small-title\">Verhuur &amp; verkoop van<\/span><br \/>Hoogwerkers &amp; kranen<\/h1>\n<h2>Passie voor <span class=\"typed-me\" data-string0=\"hoogte\" data-string1=\"kracht\" data-string2=\"innovatie\" data-type-speed=\"40\" data-start-delay=\"0\" data-back-speed=\"40\" data-back-delay=\"750\" data-loop=\"1\"><\/span><\/h2>\n<p>Maes Hoogwerkers in Pulle (Antwerpen) verhuurt als enige in Europa de unieke combinatie van hoogwerkers op vrachtwagen en kranen, met bedienaar. We beschikken over het grootste aanbod aan hoge hoogwerkers in Europa en het grootste aanbod van mobiele torenkranen in Belgi\u00eb.<\/p>\n<p>[\/et_pb_text][\/et_pb_column][\/et_pb_row][\/et_pb_section][et_pb_section fb_built=\u00a0\u00bb1&Prime; _builder_version=\u00a0\u00bb4.16&Prime; _module_preset=\u00a0\u00bbdefault\u00a0\u00bb background_color=\u00a0\u00bbrgba(255,255,255,0)\u00a0\u00bb custom_padding=\u00a0\u00bb0px||20px||false|false\u00a0\u00bb global_colors_info=\u00a0\u00bb{}\u00a0\u00bb][et_pb_row column_structure=\u00a0\u00bb1_4,1_4,1_4,1_4&Prime; use_custom_gutter=\u00a0\u00bbon\u00a0\u00bb gutter_width=\u00a0\u00bb1&Prime; make_equal=\u00a0\u00bbon\u00a0\u00bb _builder_version=\u00a0\u00bb4.16&Prime; _module_preset=\u00a0\u00bbdefault\u00a0\u00bb background_color=\u00a0\u00bb#FFFFFF\u00a0\u00bb positioning=\u00a0\u00bbnone\u00a0\u00bb custom_margin=\u00a0\u00bb-50px||0px||false|false\u00a0\u00bb custom_padding=\u00a0\u00bb0px|25px|0px|0px|true|false\u00a0\u00bb animation_style=\u00a0\u00bbslide\u00a0\u00bb animation_direction=\u00a0\u00bbbottom\u00a0\u00bb animation_delay=\u00a0\u00bb350ms\u00a0\u00bb border_radii=\u00a0\u00bbon|6px|6px|6px|6px\u00a0\u00bb box_shadow_style=\u00a0\u00bbpreset3&Prime; global_colors_info=\u00a0\u00bb{}\u00a0\u00bb][et_pb_column type=\u00a0\u00bb1_4&Prime; _builder_version=\u00a0\u00bb4.16&Prime; _module_preset=\u00a0\u00bbdefault\u00a0\u00bb background_color=\u00a0\u00bb#FFFFFF\u00a0\u00bb custom_padding=\u00a0\u00bb30px|20px|30px|20px|true|true\u00a0\u00bb global_colors_info=\u00a0\u00bb{}\u00a0\u00bb][et_pb_blurb title=\u00a0\u00bbS\u00e9curit\u00e9\u00a0\u00bb use_icon=\u00a0\u00bbon\u00a0\u00bb font_icon=\u00a0\u00bb&#xf00c;||fa||900&Prime; icon_placement=\u00a0\u00bbleft\u00a0\u00bb _builder_version=\u00a0\u00bb4.16&Prime; _module_preset=\u00a0\u00bbdefault\u00a0\u00bb global_colors_info=\u00a0\u00bb{}\u00a0\u00bb]Nos op\u00e9rateurs bien form\u00e9s et coop\u00e9ratifs r\u00e9flechissent et travaillant avec vous pour que les travaux se d\u00e9roulent en toute s\u00e9curit\u00e9.[\/et_pb_blurb][\/et_pb_column][et_pb_column type=\u00a0\u00bb1_4&Prime; _builder_version=\u00a0\u00bb4.16&Prime; _module_preset=\u00a0\u00bbdefault\u00a0\u00bb background_color=\u00a0\u00bb#FFFFFF\u00a0\u00bb custom_padding=\u00a0\u00bb30px|20px|30px|20px|true|true\u00a0\u00bb global_colors_info=\u00a0\u00bb{}\u00a0\u00bb][et_pb_blurb title=\u00a0\u00bbService\u00a0\u00bb use_icon=\u00a0\u00bbon\u00a0\u00bb font_icon=\u00a0\u00bb&#xf00c;||fa||900&Prime; icon_placement=\u00a0\u00bbleft\u00a0\u00bb _builder_version=\u00a0\u00bb4.16&Prime; _module_preset=\u00a0\u00bbdefault\u00a0\u00bb global_colors_info=\u00a0\u00bb{}\u00a0\u00bb]Nous vous proposons un conept global pour le bon d\u00e9roulement de vos travaux: visite de chantier, plaques de roulage &amp; soutien et permis &amp; signalisation.[\/et_pb_blurb][\/et_pb_column][et_pb_column type=\u00a0\u00bb1_4&Prime; _builder_version=\u00a0\u00bb4.16&Prime; _module_preset=\u00a0\u00bbdefault\u00a0\u00bb background_color=\u00a0\u00bb#FFFFFF\u00a0\u00bb custom_padding=\u00a0\u00bb30px|20px|30px|20px|true|true\u00a0\u00bb global_colors_info=\u00a0\u00bb{}\u00a0\u00bb][et_pb_blurb title=\u00a0\u00bbExpertise\u00a0\u00bb use_icon=\u00a0\u00bbon\u00a0\u00bb font_icon=\u00a0\u00bb&#xf00c;||fa||900&Prime; icon_placement=\u00a0\u00bbleft\u00a0\u00bb _builder_version=\u00a0\u00bb4.16&Prime; _module_preset=\u00a0\u00bbdefault\u00a0\u00bb global_colors_info=\u00a0\u00bb{}\u00a0\u00bb]Notre gamme comprend la nacelle \u00e9l\u00e9vatrice la plus haute du monde, 103 m, et la grue \u00e0 tour mobile la plus puissante, AT7.[\/et_pb_blurb][\/et_pb_column][et_pb_column type=\u00a0\u00bb1_4&Prime; _builder_version=\u00a0\u00bb4.16&Prime; _module_preset=\u00a0\u00bbdefault\u00a0\u00bb background_color=\u00a0\u00bb#FFFFFF\u00a0\u00bb custom_padding=\u00a0\u00bb30px|20px|30px|20px|true|true\u00a0\u00bb global_colors_info=\u00a0\u00bb{}\u00a0\u00bb][et_pb_blurb title=\u00a0\u00bbDisponibilit\u00e9\u00a0\u00bb use_icon=\u00a0\u00bbon\u00a0\u00bb font_icon=\u00a0\u00bb&#xf00c;||fa||900&Prime; icon_placement=\u00a0\u00bbleft\u00a0\u00bb _builder_version=\u00a0\u00bb4.16&Prime; _module_preset=\u00a0\u00bbdefault\u00a0\u00bb global_colors_info=\u00a0\u00bb{}\u00a0\u00bb]Nous sommes disponibles 24h\/7j pour vous assister dans les plus brefs d\u00e9lais. Nos machines peuvent \u00e9galement \u00eatre d\u00e9ploy\u00e9es de nuit si n\u00e9cessaire.[\/et_pb_blurb][\/et_pb_column][\/et_pb_row][\/et_pb_section][et_pb_section fb_built=\u00a0\u00bb1&Prime; _builder_version=\u00a0\u00bb4.16&Prime; _module_preset=\u00a0\u00bbdefault\u00a0\u00bb background_enable_color=\u00a0\u00bboff\u00a0\u00bb background_color_gradient_start=\u00a0\u00bb#f9f9f9&Prime; background_color_gradient_end=\u00a0\u00bb#ffffff\u00a0\u00bb custom_padding=\u00a0\u00bb||||false|false\u00a0\u00bb top_divider_color=\u00a0\u00bb#f9f9f9&Prime; top_divider_height=\u00a0\u00bb50px\u00a0\u00bb locked=\u00a0\u00bboff\u00a0\u00bb global_colors_info=\u00a0\u00bb{}\u00a0\u00bb][et_pb_row _builder_version=\u00a0\u00bb4.18.0&Prime; _module_preset=\u00a0\u00bbdefault\u00a0\u00bb custom_padding=\u00a0\u00bb0px||0px||true|false\u00a0\u00bb global_colors_info=\u00a0\u00bb{}\u00a0\u00bb][et_pb_column type=\u00a0\u00bb4_4&Prime; _builder_version=\u00a0\u00bb4.16&Prime; _module_preset=\u00a0\u00bbdefault\u00a0\u00bb global_colors_info=\u00a0\u00bb{}\u00a0\u00bb][et_pb_text _builder_version=\u00a0\u00bb4.18.0&Prime; _module_preset=\u00a0\u00bbdefault\u00a0\u00bb global_colors_info=\u00a0\u00bb{}\u00a0\u00bb]<\/p>\n<h2><a href=\"https:\/\/www.maeshoogwerkers.com\/hoogwerker-huren\/\">Hoogwerker huren<\/a><\/h2>\n<p>[\/et_pb_text][\/et_pb_column][\/et_pb_row][et_pb_row column_structure=\u00a0\u00bb1_3,1_3,1_3&Prime; make_equal=\u00a0\u00bbon\u00a0\u00bb _builder_version=\u00a0\u00bb4.18.0&Prime; _module_preset=\u00a0\u00bbdefault\u00a0\u00bb custom_padding=\u00a0\u00bb0px||||false|false\u00a0\u00bb locked=\u00a0\u00bboff\u00a0\u00bb global_colors_info=\u00a0\u00bb{}\u00a0\u00bb][et_pb_column type=\u00a0\u00bb1_3&Prime; module_class=\u00a0\u00bbet-overlay-container\u00a0\u00bb _builder_version=\u00a0\u00bb4.17.6&Prime; _module_preset=\u00a0\u00bbdefault\u00a0\u00bb background_enable_image=\u00a0\u00bboff\u00a0\u00bb overflow-x=\u00a0\u00bbhidden\u00a0\u00bb overflow-y=\u00a0\u00bbhidden\u00a0\u00bb custom_padding=\u00a0\u00bb0px|0px|0px|0px|true|true\u00a0\u00bb border_radii=\u00a0\u00bbon|6px|6px|6px|6px\u00a0\u00bb global_colors_info=\u00a0\u00bb{}\u00a0\u00bb custom_css_main_element__hover_enabled=\u00a0\u00bboff|desktop\u00a0\u00bb][et_pb_image src=\u00a0\u00bbhttps:\/\/www.maeshoogwerkers.com\/wp-content\/uploads\/37311716_840672179471517_2219764455783268352_o_zonder-logo_groter_resized.jpg\u00a0\u00bb alt=\u00a0\u00bbHoogwerker op vrachtwagen huren\u00a0\u00bb title_text=\u00a0\u00bbHoogwerker op vrachtwagen huren\u00a0\u00bb force_fullwidth=\u00a0\u00bbon\u00a0\u00bb module_class=\u00a0\u00bbet-overlay-image\u00a0\u00bb _builder_version=\u00a0\u00bb4.17.6&Prime; _module_preset=\u00a0\u00bbdefault\u00a0\u00bb background_enable_color=\u00a0\u00bboff\u00a0\u00bb custom_margin=\u00a0\u00bb||0px||false|false\u00a0\u00bb custom_css_main_element=\u00a0\u00bbtransition: transform 1s;\u00a0\u00bb border_radii=\u00a0\u00bbon|6px|6px|6px|6px\u00a0\u00bb global_colors_info=\u00a0\u00bb{}\u00a0\u00bb custom_css_main_element__hover_enabled=\u00a0\u00bbon|desktop\u00a0\u00bb custom_css_main_element__hover=\u00a0\u00bbtransform: scale(1.2);\u00a0\u00bb][\/et_pb_image][et_pb_divider show_divider=\u00a0\u00bboff\u00a0\u00bb admin_label=\u00a0\u00bboverlay color\u00a0\u00bb module_class=\u00a0\u00bbet-overlay-item\u00a0\u00bb _builder_version=\u00a0\u00bb4.16&Prime; _module_preset=\u00a0\u00bbdefault\u00a0\u00bb background_color=\u00a0\u00bbrgba(0,0,0,0.4)\u00a0\u00bb positioning=\u00a0\u00bbabsolute\u00a0\u00bb width=\u00a0\u00bb100%\u00a0\u00bb min_height=\u00a0\u00bb100%\u00a0\u00bb link_option_url=\u00a0\u00bbhttps:\/\/www.maeshoogwerkers.com\/huren\/hoogwerkers-op-vrachtwagen\/\u00a0\u00bb global_colors_info=\u00a0\u00bb{}\u00a0\u00bb][\/et_pb_divider][et_pb_text module_class=\u00a0\u00bbet-overlay-item\u00a0\u00bb _builder_version=\u00a0\u00bb4.18.0&Prime; _module_preset=\u00a0\u00bbdefault\u00a0\u00bb text_font=\u00a0\u00bb|600||on|||||\u00a0\u00bb positioning=\u00a0\u00bbabsolute\u00a0\u00bb position_origin_a=\u00a0\u00bbcenter_center\u00a0\u00bb vertical_offset=\u00a0\u00bb10%\u00a0\u00bb text_orientation=\u00a0\u00bbcenter\u00a0\u00bb background_layout=\u00a0\u00bbdark\u00a0\u00bb width=\u00a0\u00bb100%\u00a0\u00bb max_width=\u00a0\u00bb85%\u00a0\u00bb link_option_url=\u00a0\u00bbhttps:\/\/www.maeshoogwerkers.com\/fr\/louer\/nacelle-elevatrice-sur-camion\/\u00a0\u00bb global_colors_info=\u00a0\u00bb{}\u00a0\u00bb]<\/p>\n<h3><a href=\"https:\/\/www.maeshoogwerkers.com\/huren\/hoogwerkers-op-vrachtwagen\/\">Hoogwerkers op vrachtwagen huren<\/a><\/h3>\n<p>met bedienaar<\/p>\n<p>[\/et_pb_text][\/et_pb_column][et_pb_column type=\u00a0\u00bb1_3&Prime; module_class=\u00a0\u00bbet-overlay-container\u00a0\u00bb _builder_version=\u00a0\u00bb4.16&Prime; _module_preset=\u00a0\u00bbdefault\u00a0\u00bb background_enable_image=\u00a0\u00bboff\u00a0\u00bb overflow-x=\u00a0\u00bbhidden\u00a0\u00bb overflow-y=\u00a0\u00bbhidden\u00a0\u00bb custom_padding=\u00a0\u00bb0px|0px|0px|0px|true|true\u00a0\u00bb border_radii=\u00a0\u00bbon|6px|6px|6px|6px\u00a0\u00bb global_colors_info=\u00a0\u00bb{}\u00a0\u00bb custom_css_main_element__hover_enabled=\u00a0\u00bboff|desktop\u00a0\u00bb][et_pb_image src=\u00a0\u00bbhttps:\/\/www.maeshoogwerkers.com\/wp-content\/uploads\/208900551_1328990667496525_2806332143133705596_n_b_resized.jpg\u00a0\u00bb alt=\u00a0\u00bbSpinhoogwerker huren\u00a0\u00bb title_text=\u00a0\u00bbSpinhoogwerker huren\u00a0\u00bb force_fullwidth=\u00a0\u00bbon\u00a0\u00bb module_class=\u00a0\u00bbet-overlay-image\u00a0\u00bb _builder_version=\u00a0\u00bb4.17.6&Prime; _module_preset=\u00a0\u00bbdefault\u00a0\u00bb background_enable_color=\u00a0\u00bboff\u00a0\u00bb custom_margin=\u00a0\u00bb||0px||false|false\u00a0\u00bb custom_css_main_element=\u00a0\u00bbtransition: transform 1s;\u00a0\u00bb border_radii=\u00a0\u00bbon|6px|6px|6px|6px\u00a0\u00bb global_colors_info=\u00a0\u00bb{}\u00a0\u00bb custom_css_main_element__hover_enabled=\u00a0\u00bbon|desktop\u00a0\u00bb custom_css_main_element__hover=\u00a0\u00bbtransform: scale(1.2);\u00a0\u00bb][\/et_pb_image][et_pb_divider show_divider=\u00a0\u00bboff\u00a0\u00bb admin_label=\u00a0\u00bboverlay color\u00a0\u00bb module_class=\u00a0\u00bbet-overlay-item\u00a0\u00bb _builder_version=\u00a0\u00bb4.16&Prime; _module_preset=\u00a0\u00bbdefault\u00a0\u00bb background_color=\u00a0\u00bbrgba(0,0,0,0.4)\u00a0\u00bb positioning=\u00a0\u00bbabsolute\u00a0\u00bb width=\u00a0\u00bb100%\u00a0\u00bb min_height=\u00a0\u00bb100%\u00a0\u00bb link_option_url=\u00a0\u00bbhttps:\/\/www.maeshoogwerkers.com\/huren\/spinhoogwerkers\/\u00a0\u00bb global_colors_info=\u00a0\u00bb{}\u00a0\u00bb][\/et_pb_divider][et_pb_text module_class=\u00a0\u00bbet-overlay-item\u00a0\u00bb _builder_version=\u00a0\u00bb4.18.0&Prime; _module_preset=\u00a0\u00bbdefault\u00a0\u00bb text_font=\u00a0\u00bb|600||on|||||\u00a0\u00bb positioning=\u00a0\u00bbabsolute\u00a0\u00bb position_origin_a=\u00a0\u00bbcenter_center\u00a0\u00bb vertical_offset=\u00a0\u00bb10%\u00a0\u00bb text_orientation=\u00a0\u00bbcenter\u00a0\u00bb background_layout=\u00a0\u00bbdark\u00a0\u00bb width=\u00a0\u00bb100%\u00a0\u00bb max_width=\u00a0\u00bb85%\u00a0\u00bb link_option_url=\u00a0\u00bbhttps:\/\/www.maeshoogwerkers.com\/fr\/louer\/nacelle-araignee\/\u00a0\u00bb global_colors_info=\u00a0\u00bb{}\u00a0\u00bb]<\/p>\n<h3><a href=\"https:\/\/www.maeshoogwerkers.com\/huren\/spinhoogwerkers\/\">Spinhoogwerkers huren<\/a><\/h3>\n<p>met bedienaar[\/et_pb_text][\/et_pb_column][et_pb_column type=\u00a0\u00bb1_3&Prime; module_class=\u00a0\u00bbet-overlay-container\u00a0\u00bb _builder_version=\u00a0\u00bb4.17.6&Prime; _module_preset=\u00a0\u00bbdefault\u00a0\u00bb background_enable_image=\u00a0\u00bboff\u00a0\u00bb overflow-x=\u00a0\u00bbhidden\u00a0\u00bb overflow-y=\u00a0\u00bbhidden\u00a0\u00bb custom_padding=\u00a0\u00bb0px|0px|0px|0px|true|true\u00a0\u00bb border_radii=\u00a0\u00bbon|6px|6px|6px|6px\u00a0\u00bb global_colors_info=\u00a0\u00bb{}\u00a0\u00bb custom_css_main_element__hover_enabled=\u00a0\u00bboff|desktop\u00a0\u00bb][et_pb_image src=\u00a0\u00bbhttps:\/\/www.maeshoogwerkers.com\/wp-content\/uploads\/Hoogwerker_Op_Bestelwagen_Huren_Maes-3.jpg\u00a0\u00bb alt=\u00a0\u00bbKlubb KL32 te koop\u00a0\u00bb title_text=\u00a0\u00bbHoogwerker_Op_Bestelwagen_Huren_Maes\u00a0\u00bb force_fullwidth=\u00a0\u00bbon\u00a0\u00bb module_class=\u00a0\u00bbet-overlay-image\u00a0\u00bb _builder_version=\u00a0\u00bb4.18.0&Prime; _module_preset=\u00a0\u00bbdefault\u00a0\u00bb background_enable_color=\u00a0\u00bboff\u00a0\u00bb custom_margin=\u00a0\u00bb||0px||false|false\u00a0\u00bb custom_css_main_element=\u00a0\u00bbtransition: transform 1s;\u00a0\u00bb border_radii=\u00a0\u00bbon|6px|6px|6px|6px\u00a0\u00bb global_colors_info=\u00a0\u00bb{}\u00a0\u00bb custom_css_main_element__hover_enabled=\u00a0\u00bbon|hover\u00a0\u00bb custom_css_main_element__hover=\u00a0\u00bbtransform: scale(1.2);\u00a0\u00bb][\/et_pb_image][et_pb_divider show_divider=\u00a0\u00bboff\u00a0\u00bb admin_label=\u00a0\u00bboverlay color\u00a0\u00bb module_class=\u00a0\u00bbet-overlay-item\u00a0\u00bb _builder_version=\u00a0\u00bb4.17.6&Prime; _module_preset=\u00a0\u00bbdefault\u00a0\u00bb background_color=\u00a0\u00bbrgba(0,0,0,0.4)\u00a0\u00bb positioning=\u00a0\u00bbabsolute\u00a0\u00bb width=\u00a0\u00bb100%\u00a0\u00bb min_height=\u00a0\u00bb100%\u00a0\u00bb link_option_url=\u00a0\u00bbhttps:\/\/www.maeshoogwerkers.com\/huren\/hoogwerkers-op-bestelwagen\/\u00a0\u00bb global_colors_info=\u00a0\u00bb{}\u00a0\u00bb][\/et_pb_divider][et_pb_text module_class=\u00a0\u00bbet-overlay-item\u00a0\u00bb _builder_version=\u00a0\u00bb4.18.0&Prime; _module_preset=\u00a0\u00bbdefault\u00a0\u00bb text_font=\u00a0\u00bb|600||on|||||\u00a0\u00bb positioning=\u00a0\u00bbabsolute\u00a0\u00bb position_origin_a=\u00a0\u00bbcenter_center\u00a0\u00bb vertical_offset=\u00a0\u00bb10%\u00a0\u00bb text_orientation=\u00a0\u00bbcenter\u00a0\u00bb background_layout=\u00a0\u00bbdark\u00a0\u00bb width=\u00a0\u00bb100%\u00a0\u00bb max_width=\u00a0\u00bb85%\u00a0\u00bb link_option_url=\u00a0\u00bbhttps:\/\/www.maeshoogwerkers.com\/fr\/louer\/nacelle-elevatrices-sur-fourgon\/\u00a0\u00bb global_colors_info=\u00a0\u00bb{}\u00a0\u00bb]<\/p>\n<h3><a href=\"https:\/\/www.maeshoogwerkers.com\/huren\/hoogwerkers-op-bestelwagen\/\">Hoogwerkers op bestelwagen huren<\/a><\/h3>\n<p>zonder bedienaar[\/et_pb_text][\/et_pb_column][\/et_pb_row][et_pb_row column_structure=\u00a0\u00bb1_3,1_3,1_3&Prime; make_equal=\u00a0\u00bbon\u00a0\u00bb _builder_version=\u00a0\u00bb4.21.0&Prime; _module_preset=\u00a0\u00bbdefault\u00a0\u00bb custom_padding=\u00a0\u00bb0px||||false|false\u00a0\u00bb locked=\u00a0\u00bboff\u00a0\u00bb global_colors_info=\u00a0\u00bb{}\u00a0\u00bb][et_pb_column type=\u00a0\u00bb1_3&Prime; module_class=\u00a0\u00bbet-overlay-container\u00a0\u00bb _builder_version=\u00a0\u00bb4.17.6&Prime; _module_preset=\u00a0\u00bbdefault\u00a0\u00bb background_enable_image=\u00a0\u00bboff\u00a0\u00bb overflow-x=\u00a0\u00bbhidden\u00a0\u00bb overflow-y=\u00a0\u00bbhidden\u00a0\u00bb custom_padding=\u00a0\u00bb0px|0px|0px|0px|true|true\u00a0\u00bb border_radii=\u00a0\u00bbon|6px|6px|6px|6px\u00a0\u00bb global_colors_info=\u00a0\u00bb{}\u00a0\u00bb custom_css_main_element__hover_enabled=\u00a0\u00bboff|desktop\u00a0\u00bb][et_pb_image src=\u00a0\u00bbhttps:\/\/www.maeshoogwerkers.com\/wp-content\/uploads\/Zelfrijder_Hoogwerker.jpg\u00a0\u00bb alt=\u00a0\u00bbHoogwerker op vrachtwagen huren\u00a0\u00bb title_text=\u00a0\u00bbZelfrijder_Hoogwerker\u00a0\u00bb force_fullwidth=\u00a0\u00bbon\u00a0\u00bb module_class=\u00a0\u00bbet-overlay-image\u00a0\u00bb _builder_version=\u00a0\u00bb4.21.0&Prime; _module_preset=\u00a0\u00bbdefault\u00a0\u00bb background_enable_color=\u00a0\u00bboff\u00a0\u00bb custom_margin=\u00a0\u00bb||0px||false|false\u00a0\u00bb custom_css_main_element=\u00a0\u00bbtransition: transform 1s;\u00a0\u00bb border_radii=\u00a0\u00bbon|6px|6px|6px|6px\u00a0\u00bb global_colors_info=\u00a0\u00bb{}\u00a0\u00bb custom_css_main_element__hover_enabled=\u00a0\u00bbon|desktop\u00a0\u00bb custom_css_main_element__hover=\u00a0\u00bbtransform: scale(1.2);\u00a0\u00bb][\/et_pb_image][et_pb_divider show_divider=\u00a0\u00bboff\u00a0\u00bb admin_label=\u00a0\u00bboverlay color\u00a0\u00bb module_class=\u00a0\u00bbet-overlay-item\u00a0\u00bb _builder_version=\u00a0\u00bb4.21.0&Prime; _module_preset=\u00a0\u00bbdefault\u00a0\u00bb background_color=\u00a0\u00bbrgba(0,0,0,0.4)\u00a0\u00bb positioning=\u00a0\u00bbabsolute\u00a0\u00bb width=\u00a0\u00bb100%\u00a0\u00bb min_height=\u00a0\u00bb100%\u00a0\u00bb link_option_url=\u00a0\u00bbhttps:\/\/www.maeshoogwerkers.com\/huren\/lichtgewicht-zelfrijder\/\u00a0\u00bb global_colors_info=\u00a0\u00bb{}\u00a0\u00bb][\/et_pb_divider][et_pb_text module_class=\u00a0\u00bbet-overlay-item\u00a0\u00bb _builder_version=\u00a0\u00bb4.21.0&Prime; _module_preset=\u00a0\u00bbdefault\u00a0\u00bb text_font=\u00a0\u00bb|600||on|||||\u00a0\u00bb positioning=\u00a0\u00bbabsolute\u00a0\u00bb position_origin_a=\u00a0\u00bbcenter_center\u00a0\u00bb vertical_offset=\u00a0\u00bb10%\u00a0\u00bb text_orientation=\u00a0\u00bbcenter\u00a0\u00bb background_layout=\u00a0\u00bbdark\u00a0\u00bb width=\u00a0\u00bb100%\u00a0\u00bb max_width=\u00a0\u00bb85%\u00a0\u00bb link_option_url=\u00a0\u00bbhttps:\/\/www.maeshoogwerkers.com\/fr\/louer\/nacelle-automotrice-legere\/\u00a0\u00bb global_colors_info=\u00a0\u00bb{}\u00a0\u00bb]<\/p>\n<h3><a href=\"https:\/\/www.maeshoogwerkers.com\/huren\/lichtgewicht-zelfrijder\/\">Lichtgewicht zelfrijder<\/a><\/h3>\n<p>Zonder bedienaar[\/et_pb_text][\/et_pb_column][et_pb_column type=\u00a0\u00bb1_3&Prime; _builder_version=\u00a0\u00bb4.21.0&Prime; _module_preset=\u00a0\u00bbdefault\u00a0\u00bb global_colors_info=\u00a0\u00bb{}\u00a0\u00bb][\/et_pb_column][et_pb_column type=\u00a0\u00bb1_3&Prime; _builder_version=\u00a0\u00bb4.21.0&Prime; _module_preset=\u00a0\u00bbdefault\u00a0\u00bb global_colors_info=\u00a0\u00bb{}\u00a0\u00bb][\/et_pb_column][\/et_pb_row][et_pb_row _builder_version=\u00a0\u00bb4.18.0&Prime; _module_preset=\u00a0\u00bbdefault\u00a0\u00bb custom_margin=\u00a0\u00bb25px||||false|false\u00a0\u00bb custom_padding=\u00a0\u00bb0px||0px||true|false\u00a0\u00bb global_colors_info=\u00a0\u00bb{}\u00a0\u00bb][et_pb_column type=\u00a0\u00bb4_4&Prime; _builder_version=\u00a0\u00bb4.16&Prime; _module_preset=\u00a0\u00bbdefault\u00a0\u00bb global_colors_info=\u00a0\u00bb{}\u00a0\u00bb][et_pb_text _builder_version=\u00a0\u00bb4.21.0&Prime; _module_preset=\u00a0\u00bbdefault\u00a0\u00bb global_colors_info=\u00a0\u00bb{}\u00a0\u00bb]<\/p>\n<h2><a href=\"https:\/\/www.maeshoogwerkers.com\/kraan-huren\/\">Kraan huren<\/a><\/h2>\n<p>[\/et_pb_text][\/et_pb_column][\/et_pb_row][et_pb_row column_structure=\u00a0\u00bb1_3,1_3,1_3&Prime; make_equal=\u00a0\u00bbon\u00a0\u00bb custom_padding_last_edited=\u00a0\u00bboff|desktop\u00a0\u00bb _builder_version=\u00a0\u00bb4.18.0&Prime; _module_preset=\u00a0\u00bbdefault\u00a0\u00bb custom_padding=\u00a0\u00bb0px||||false|false\u00a0\u00bb custom_padding_tablet=\u00a0\u00bb0px||||false|false\u00a0\u00bb custom_padding_phone=\u00a0\u00bb0px||||false|false\u00a0\u00bb global_colors_info=\u00a0\u00bb{}\u00a0\u00bb][et_pb_column type=\u00a0\u00bb1_3&Prime; module_class=\u00a0\u00bbet-overlay-container\u00a0\u00bb _builder_version=\u00a0\u00bb4.16&Prime; _module_preset=\u00a0\u00bbdefault\u00a0\u00bb background_enable_image=\u00a0\u00bboff\u00a0\u00bb overflow-x=\u00a0\u00bbhidden\u00a0\u00bb overflow-y=\u00a0\u00bbhidden\u00a0\u00bb custom_padding=\u00a0\u00bb0px|0px|0px|0px|true|true\u00a0\u00bb border_radii=\u00a0\u00bbon|6px|6px|6px|6px\u00a0\u00bb global_colors_info=\u00a0\u00bb{}\u00a0\u00bb custom_css_main_element__hover_enabled=\u00a0\u00bboff|desktop\u00a0\u00bb][et_pb_image src=\u00a0\u00bbhttps:\/\/www.maeshoogwerkers.com\/wp-content\/uploads\/DSC8391-bewerkt-2-scaled-e1642168798908.jpg\u00a0\u00bb alt=\u00a0\u00bbGrues mobiles \u00e0 tour\u00a0\u00bb title_text=\u00a0\u00bbGrue mobile \u00e0 tour\u00a0\u00bb force_fullwidth=\u00a0\u00bbon\u00a0\u00bb module_class=\u00a0\u00bbet-overlay-image\u00a0\u00bb _builder_version=\u00a0\u00bb4.16&Prime; _module_preset=\u00a0\u00bbdefault\u00a0\u00bb background_enable_color=\u00a0\u00bboff\u00a0\u00bb custom_margin=\u00a0\u00bb||0px||false|false\u00a0\u00bb custom_css_main_element=\u00a0\u00bbtransition: transform 1s;\u00a0\u00bb border_radii=\u00a0\u00bbon|6px|6px|6px|6px\u00a0\u00bb global_colors_info=\u00a0\u00bb{}\u00a0\u00bb custom_css_main_element__hover_enabled=\u00a0\u00bbon|desktop\u00a0\u00bb custom_css_main_element__hover=\u00a0\u00bbtransform: scale(1.2);\u00a0\u00bb][\/et_pb_image][et_pb_divider show_divider=\u00a0\u00bboff\u00a0\u00bb admin_label=\u00a0\u00bboverlay color\u00a0\u00bb module_class=\u00a0\u00bbet-overlay-item\u00a0\u00bb _builder_version=\u00a0\u00bb4.16&Prime; _module_preset=\u00a0\u00bbdefault\u00a0\u00bb background_color=\u00a0\u00bbrgba(0,0,0,0.4)\u00a0\u00bb positioning=\u00a0\u00bbabsolute\u00a0\u00bb width=\u00a0\u00bb100%\u00a0\u00bb min_height=\u00a0\u00bb100%\u00a0\u00bb link_option_url=\u00a0\u00bbhttps:\/\/www.maeshoogwerkers.com\/huren\/mobiele-torenkranen\/\u00a0\u00bb global_colors_info=\u00a0\u00bb{}\u00a0\u00bb][\/et_pb_divider][et_pb_text module_class=\u00a0\u00bbet-overlay-item\u00a0\u00bb _builder_version=\u00a0\u00bb4.18.0&Prime; _module_preset=\u00a0\u00bbdefault\u00a0\u00bb text_font=\u00a0\u00bb|600||on|||||\u00a0\u00bb positioning=\u00a0\u00bbabsolute\u00a0\u00bb position_origin_a=\u00a0\u00bbcenter_center\u00a0\u00bb vertical_offset=\u00a0\u00bb10%\u00a0\u00bb text_orientation=\u00a0\u00bbcenter\u00a0\u00bb background_layout=\u00a0\u00bbdark\u00a0\u00bb width=\u00a0\u00bb100%\u00a0\u00bb max_width=\u00a0\u00bb85%\u00a0\u00bb link_option_url=\u00a0\u00bbhttps:\/\/www.maeshoogwerkers.com\/fr\/louer\/grue-mobile-a-tour\/\u00a0\u00bb global_colors_info=\u00a0\u00bb{}\u00a0\u00bb]<\/p>\n<h3><a href=\"https:\/\/www.maeshoogwerkers.com\/huren\/mobiele-torenkranen\/\">Mobiele torenkranen huren<\/a><\/h3>\n<p>Met bedienaar[\/et_pb_text][\/et_pb_column][et_pb_column type=\u00a0\u00bb1_3&Prime; module_class=\u00a0\u00bbet-overlay-container\u00a0\u00bb _builder_version=\u00a0\u00bb4.16&Prime; _module_preset=\u00a0\u00bbdefault\u00a0\u00bb background_enable_image=\u00a0\u00bboff\u00a0\u00bb overflow-x=\u00a0\u00bbhidden\u00a0\u00bb overflow-y=\u00a0\u00bbhidden\u00a0\u00bb custom_padding=\u00a0\u00bb0px|0px|0px|0px|true|true\u00a0\u00bb border_radii=\u00a0\u00bbon|6px|6px|6px|6px\u00a0\u00bb global_colors_info=\u00a0\u00bb{}\u00a0\u00bb custom_css_main_element__hover_enabled=\u00a0\u00bboff|desktop\u00a0\u00bb][et_pb_image src=\u00a0\u00bbhttps:\/\/www.maeshoogwerkers.com\/wp-content\/uploads\/20191129_123038_kleur_resized-6-scaled.jpg\u00a0\u00bb alt=\u00a0\u00bbGrues sur camion\u00a0\u00bb title_text=\u00a0\u00bbGrues sur camion\u00a0\u00bb force_fullwidth=\u00a0\u00bbon\u00a0\u00bb module_class=\u00a0\u00bbet-overlay-image\u00a0\u00bb _builder_version=\u00a0\u00bb4.16&Prime; _module_preset=\u00a0\u00bbdefault\u00a0\u00bb background_enable_color=\u00a0\u00bboff\u00a0\u00bb custom_margin=\u00a0\u00bb||0px||false|false\u00a0\u00bb custom_css_main_element=\u00a0\u00bbtransition: transform 1s;\u00a0\u00bb border_radii=\u00a0\u00bbon|6px|6px|6px|6px\u00a0\u00bb global_colors_info=\u00a0\u00bb{}\u00a0\u00bb custom_css_main_element__hover_enabled=\u00a0\u00bbon|desktop\u00a0\u00bb custom_css_main_element__hover=\u00a0\u00bbtransform: scale(1.2);\u00a0\u00bb][\/et_pb_image][et_pb_divider show_divider=\u00a0\u00bboff\u00a0\u00bb admin_label=\u00a0\u00bboverlay color\u00a0\u00bb module_class=\u00a0\u00bbet-overlay-item\u00a0\u00bb _builder_version=\u00a0\u00bb4.16&Prime; _module_preset=\u00a0\u00bbdefault\u00a0\u00bb background_color=\u00a0\u00bbrgba(0,0,0,0.4)\u00a0\u00bb positioning=\u00a0\u00bbabsolute\u00a0\u00bb width=\u00a0\u00bb100%\u00a0\u00bb min_height=\u00a0\u00bb100%\u00a0\u00bb link_option_url=\u00a0\u00bbhttps:\/\/www.maeshoogwerkers.com\/huren\/autolaadkranen-transport\/\u00a0\u00bb global_colors_info=\u00a0\u00bb{}\u00a0\u00bb][\/et_pb_divider][et_pb_text module_class=\u00a0\u00bbet-overlay-item\u00a0\u00bb _builder_version=\u00a0\u00bb4.18.0&Prime; _module_preset=\u00a0\u00bbdefault\u00a0\u00bb text_font=\u00a0\u00bb|600||on|||||\u00a0\u00bb positioning=\u00a0\u00bbabsolute\u00a0\u00bb position_origin_a=\u00a0\u00bbcenter_center\u00a0\u00bb vertical_offset=\u00a0\u00bb10%\u00a0\u00bb text_orientation=\u00a0\u00bbcenter\u00a0\u00bb background_layout=\u00a0\u00bbdark\u00a0\u00bb width=\u00a0\u00bb100%\u00a0\u00bb max_width=\u00a0\u00bb85%\u00a0\u00bb link_option_url=\u00a0\u00bbhttps:\/\/www.maeshoogwerkers.com\/fr\/louer\/grue-sur-camion-transport\/\u00a0\u00bb global_colors_info=\u00a0\u00bb{}\u00a0\u00bb]<\/p>\n<h3><a href=\"https:\/\/www.maeshoogwerkers.com\/huren\/autolaadkranen-transport\/\">Autolaadkranen huren<\/a><\/h3>\n<p>Met bedienaar[\/et_pb_text][\/et_pb_column][et_pb_column type=\u00a0\u00bb1_3&Prime; module_class=\u00a0\u00bbet-overlay-container\u00a0\u00bb _builder_version=\u00a0\u00bb4.16&Prime; _module_preset=\u00a0\u00bbdefault\u00a0\u00bb background_enable_image=\u00a0\u00bboff\u00a0\u00bb overflow-x=\u00a0\u00bbhidden\u00a0\u00bb overflow-y=\u00a0\u00bbhidden\u00a0\u00bb custom_padding=\u00a0\u00bb0px|0px|0px|0px|true|true\u00a0\u00bb border_radii=\u00a0\u00bbon|6px|6px|6px|6px\u00a0\u00bb global_colors_info=\u00a0\u00bb{}\u00a0\u00bb custom_css_main_element__hover_enabled=\u00a0\u00bboff|desktop\u00a0\u00bb][et_pb_image src=\u00a0\u00bbhttps:\/\/www.maeshoogwerkers.com\/wp-content\/uploads\/20190327_080952_resized_B-4.jpg\u00a0\u00bb alt=\u00a0\u00bbGrues t\u00e9l\u00e9scopiques\u00a0\u00bb title_text=\u00a0\u00bbGrues t\u00e9l\u00e9scopiques\u00a0\u00bb force_fullwidth=\u00a0\u00bbon\u00a0\u00bb module_class=\u00a0\u00bbet-overlay-image\u00a0\u00bb _builder_version=\u00a0\u00bb4.16&Prime; _module_preset=\u00a0\u00bbdefault\u00a0\u00bb background_enable_color=\u00a0\u00bboff\u00a0\u00bb custom_margin=\u00a0\u00bb||0px||false|false\u00a0\u00bb custom_css_main_element=\u00a0\u00bbtransition: transform 1s;\u00a0\u00bb border_radii=\u00a0\u00bbon|6px|6px|6px|6px\u00a0\u00bb global_colors_info=\u00a0\u00bb{}\u00a0\u00bb custom_css_main_element__hover_enabled=\u00a0\u00bbon|desktop\u00a0\u00bb custom_css_main_element__hover=\u00a0\u00bbtransform: scale(1.2);\u00a0\u00bb][\/et_pb_image][et_pb_divider show_divider=\u00a0\u00bboff\u00a0\u00bb admin_label=\u00a0\u00bboverlay color\u00a0\u00bb module_class=\u00a0\u00bbet-overlay-item\u00a0\u00bb _builder_version=\u00a0\u00bb4.16&Prime; _module_preset=\u00a0\u00bbdefault\u00a0\u00bb background_color=\u00a0\u00bbrgba(0,0,0,0.4)\u00a0\u00bb positioning=\u00a0\u00bbabsolute\u00a0\u00bb width=\u00a0\u00bb100%\u00a0\u00bb min_height=\u00a0\u00bb100%\u00a0\u00bb link_option_url=\u00a0\u00bbhttps:\/\/www.maeshoogwerkers.com\/huren\/telescoopkranen\/\u00a0\u00bb global_colors_info=\u00a0\u00bb{}\u00a0\u00bb][\/et_pb_divider][et_pb_text module_class=\u00a0\u00bbet-overlay-item\u00a0\u00bb _builder_version=\u00a0\u00bb4.18.0&Prime; _module_preset=\u00a0\u00bbdefault\u00a0\u00bb text_font=\u00a0\u00bb|600||on|||||\u00a0\u00bb positioning=\u00a0\u00bbabsolute\u00a0\u00bb position_origin_a=\u00a0\u00bbcenter_center\u00a0\u00bb vertical_offset=\u00a0\u00bb10%\u00a0\u00bb text_orientation=\u00a0\u00bbcenter\u00a0\u00bb background_layout=\u00a0\u00bbdark\u00a0\u00bb width=\u00a0\u00bb100%\u00a0\u00bb max_width=\u00a0\u00bb85%\u00a0\u00bb link_option_url=\u00a0\u00bbhttps:\/\/www.maeshoogwerkers.com\/fr\/louer\/grue-telescopique\/\u00a0\u00bb global_colors_info=\u00a0\u00bb{}\u00a0\u00bb]<\/p>\n<h3><a href=\"https:\/\/www.maeshoogwerkers.com\/huren\/telescoopkranen\/\">Telescoopkranen huren<\/a><\/h3>\n<p>Met bedienaar[\/et_pb_text][\/et_pb_column][\/et_pb_row][et_pb_row _builder_version=\u00a0\u00bb4.18.0&Prime; _module_preset=\u00a0\u00bbdefault\u00a0\u00bb custom_margin=\u00a0\u00bb25px||||false|false\u00a0\u00bb custom_padding=\u00a0\u00bb0px||0px||true|false\u00a0\u00bb global_colors_info=\u00a0\u00bb{}\u00a0\u00bb][et_pb_column type=\u00a0\u00bb4_4&Prime; _builder_version=\u00a0\u00bb4.16&Prime; _module_preset=\u00a0\u00bbdefault\u00a0\u00bb global_colors_info=\u00a0\u00bb{}\u00a0\u00bb][et_pb_text _builder_version=\u00a0\u00bb4.21.0&Prime; _module_preset=\u00a0\u00bbdefault\u00a0\u00bb global_colors_info=\u00a0\u00bb{}\u00a0\u00bb]<\/p>\n<h2><a href=\"https:\/\/www.maeshoogwerkers.com\/verkoop\/\">Kopen<\/a><\/h2>\n<p>[\/et_pb_text][\/et_pb_column][\/et_pb_row][et_pb_row column_structure=\u00a0\u00bb1_3,1_3,1_3&Prime; make_equal=\u00a0\u00bbon\u00a0\u00bb _builder_version=\u00a0\u00bb4.21.0&Prime; _module_preset=\u00a0\u00bbdefault\u00a0\u00bb custom_padding=\u00a0\u00bb0px||||false|false\u00a0\u00bb locked=\u00a0\u00bboff\u00a0\u00bb global_colors_info=\u00a0\u00bb{}\u00a0\u00bb][et_pb_column type=\u00a0\u00bb1_3&Prime; module_class=\u00a0\u00bbet-overlay-container\u00a0\u00bb _builder_version=\u00a0\u00bb4.17.6&Prime; _module_preset=\u00a0\u00bbdefault\u00a0\u00bb background_enable_image=\u00a0\u00bboff\u00a0\u00bb overflow-x=\u00a0\u00bbhidden\u00a0\u00bb overflow-y=\u00a0\u00bbhidden\u00a0\u00bb custom_padding=\u00a0\u00bb0px|0px|0px|0px|true|true\u00a0\u00bb border_radii=\u00a0\u00bbon|6px|6px|6px|6px\u00a0\u00bb global_colors_info=\u00a0\u00bb{}\u00a0\u00bb custom_css_main_element__hover_enabled=\u00a0\u00bboff|desktop\u00a0\u00bb][et_pb_image src=\u00a0\u00bbhttps:\/\/www.maeshoogwerkers.com\/wp-content\/uploads\/Hoogwerker_Op_Bestelwagen_Huren.jpg\u00a0\u00bb alt=\u00a0\u00bbKlubb KL32XL\u00a0\u00bb title_text=\u00a0\u00bbHoogwerker_Op_Bestelwagen_Huren\u00a0\u00bb force_fullwidth=\u00a0\u00bbon\u00a0\u00bb module_class=\u00a0\u00bbet-overlay-image\u00a0\u00bb _builder_version=\u00a0\u00bb4.17.6&Prime; _module_preset=\u00a0\u00bbdefault\u00a0\u00bb background_enable_color=\u00a0\u00bboff\u00a0\u00bb custom_margin=\u00a0\u00bb||0px||false|false\u00a0\u00bb custom_css_main_element=\u00a0\u00bbtransition: transform 1s;\u00a0\u00bb border_radii=\u00a0\u00bbon|6px|6px|6px|6px\u00a0\u00bb global_colors_info=\u00a0\u00bb{}\u00a0\u00bb custom_css_main_element__hover_enabled=\u00a0\u00bbon|desktop\u00a0\u00bb custom_css_main_element__hover=\u00a0\u00bbtransform: scale(1.2);\u00a0\u00bb][\/et_pb_image][et_pb_divider show_divider=\u00a0\u00bboff\u00a0\u00bb admin_label=\u00a0\u00bboverlay color\u00a0\u00bb module_class=\u00a0\u00bbet-overlay-item\u00a0\u00bb _builder_version=\u00a0\u00bb4.17.6&Prime; _module_preset=\u00a0\u00bbdefault\u00a0\u00bb background_color=\u00a0\u00bbrgba(0,0,0,0.4)\u00a0\u00bb positioning=\u00a0\u00bbabsolute\u00a0\u00bb width=\u00a0\u00bb100%\u00a0\u00bb min_height=\u00a0\u00bb100%\u00a0\u00bb link_option_url=\u00a0\u00bbhttps:\/\/www.maeshoogwerkers.com\/verkoop\/nieuw\/\u00a0\u00bb global_colors_info=\u00a0\u00bb{}\u00a0\u00bb][\/et_pb_divider][et_pb_text module_class=\u00a0\u00bbet-overlay-item\u00a0\u00bb _builder_version=\u00a0\u00bb4.17.6&Prime; _module_preset=\u00a0\u00bbdefault\u00a0\u00bb positioning=\u00a0\u00bbabsolute\u00a0\u00bb position_origin_a=\u00a0\u00bbcenter_center\u00a0\u00bb vertical_offset=\u00a0\u00bb10%\u00a0\u00bb text_orientation=\u00a0\u00bbcenter\u00a0\u00bb background_layout=\u00a0\u00bbdark\u00a0\u00bb width=\u00a0\u00bb100%\u00a0\u00bb max_width=\u00a0\u00bb85%\u00a0\u00bb link_option_url=\u00a0\u00bbhttps:\/\/www.maeshoogwerkers.com\/fr\/vente\/nacelle-elevatrice-neuve\/\u00a0\u00bb global_colors_info=\u00a0\u00bb{}\u00a0\u00bb]<\/p>\n<h3><a href=\"https:\/\/www.maeshoogwerkers.com\/verkoop\/nieuw\/\">Nieuwe hoogwerker kopen<\/a><\/h3>\n<p>[\/et_pb_text][\/et_pb_column][et_pb_column type=\u00a0\u00bb1_3&Prime; module_class=\u00a0\u00bbet-overlay-container\u00a0\u00bb _builder_version=\u00a0\u00bb4.17.6&Prime; _module_preset=\u00a0\u00bbdefault\u00a0\u00bb background_enable_image=\u00a0\u00bboff\u00a0\u00bb overflow-x=\u00a0\u00bbhidden\u00a0\u00bb overflow-y=\u00a0\u00bbhidden\u00a0\u00bb custom_padding=\u00a0\u00bb0px|0px|0px|0px|true|true\u00a0\u00bb border_radii=\u00a0\u00bbon|6px|6px|6px|6px\u00a0\u00bb global_colors_info=\u00a0\u00bb{}\u00a0\u00bb custom_css_main_element__hover_enabled=\u00a0\u00bboff|desktop\u00a0\u00bb][et_pb_image src=\u00a0\u00bbhttps:\/\/www.maeshoogwerkers.com\/wp-content\/uploads\/KL32-3150.jpg\u00a0\u00bb alt=\u00a0\u00bbKlubb KL32 te koop\u00a0\u00bb title_text=\u00a0\u00bbKlubb KL32 te koop\u00a0\u00bb force_fullwidth=\u00a0\u00bbon\u00a0\u00bb admin_label=\u00a0\u00bbImage\u00a0\u00bb module_class=\u00a0\u00bbet-overlay-image\u00a0\u00bb _builder_version=\u00a0\u00bb4.18.0&Prime; _module_preset=\u00a0\u00bbdefault\u00a0\u00bb background_enable_color=\u00a0\u00bboff\u00a0\u00bb custom_margin=\u00a0\u00bb||0px||false|false\u00a0\u00bb custom_css_main_element=\u00a0\u00bbtransition: transform 1s;\u00a0\u00bb border_radii=\u00a0\u00bbon|6px|6px|6px|6px\u00a0\u00bb global_colors_info=\u00a0\u00bb{}\u00a0\u00bb custom_css_main_element__hover_enabled=\u00a0\u00bbon|hover\u00a0\u00bb custom_css_main_element__hover=\u00a0\u00bbtransform: scale(1.2);\u00a0\u00bb][\/et_pb_image][et_pb_divider show_divider=\u00a0\u00bboff\u00a0\u00bb admin_label=\u00a0\u00bboverlay color\u00a0\u00bb module_class=\u00a0\u00bbet-overlay-item\u00a0\u00bb _builder_version=\u00a0\u00bb4.17.6&Prime; _module_preset=\u00a0\u00bbdefault\u00a0\u00bb background_color=\u00a0\u00bbrgba(0,0,0,0.4)\u00a0\u00bb positioning=\u00a0\u00bbabsolute\u00a0\u00bb width=\u00a0\u00bb100%\u00a0\u00bb min_height=\u00a0\u00bb100%\u00a0\u00bb link_option_url=\u00a0\u00bbhttps:\/\/www.maeshoogwerkers.com\/verkoop\/tweedehands\/\u00a0\u00bb global_colors_info=\u00a0\u00bb{}\u00a0\u00bb][\/et_pb_divider][et_pb_text module_class=\u00a0\u00bbet-overlay-item\u00a0\u00bb _builder_version=\u00a0\u00bb4.17.6&Prime; _module_preset=\u00a0\u00bbdefault\u00a0\u00bb positioning=\u00a0\u00bbabsolute\u00a0\u00bb position_origin_a=\u00a0\u00bbcenter_center\u00a0\u00bb vertical_offset=\u00a0\u00bb10%\u00a0\u00bb text_orientation=\u00a0\u00bbcenter\u00a0\u00bb background_layout=\u00a0\u00bbdark\u00a0\u00bb width=\u00a0\u00bb100%\u00a0\u00bb max_width=\u00a0\u00bb85%\u00a0\u00bb link_option_url=\u00a0\u00bbhttps:\/\/www.maeshoogwerkers.com\/fr\/vente\/acheter-une-nacelle-elevatrice-doccasion\/\u00a0\u00bb global_colors_info=\u00a0\u00bb{}\u00a0\u00bb]<\/p>\n<h3><a href=\"https:\/\/www.maeshoogwerkers.com\/verkoop\/tweedehands\/\">Tweedehands hoogwerker kopen<\/a><\/h3>\n<p>[\/et_pb_text][\/et_pb_column][et_pb_column type=\u00a0\u00bb1_3&Prime; module_class=\u00a0\u00bbet-overlay-container\u00a0\u00bb _builder_version=\u00a0\u00bb4.17.6&Prime; _module_preset=\u00a0\u00bbdefault\u00a0\u00bb background_enable_image=\u00a0\u00bboff\u00a0\u00bb overflow-x=\u00a0\u00bbhidden\u00a0\u00bb overflow-y=\u00a0\u00bbhidden\u00a0\u00bb custom_padding=\u00a0\u00bb0px|0px|0px|0px|true|true\u00a0\u00bb border_radii=\u00a0\u00bbon|6px|6px|6px|6px\u00a0\u00bb global_colors_info=\u00a0\u00bb{}\u00a0\u00bb custom_css_main_element__hover_enabled=\u00a0\u00bboff|desktop\u00a0\u00bb][et_pb_image src=\u00a0\u00bbhttps:\/\/www.maeshoogwerkers.com\/wp-content\/uploads\/Takelwagen_Kopen.jpg\u00a0\u00bb alt=\u00a0\u00bbKlubb KL32 te koop\u00a0\u00bb title_text=\u00a0\u00bbTakelwagen_Kopen\u00a0\u00bb force_fullwidth=\u00a0\u00bbon\u00a0\u00bb admin_label=\u00a0\u00bbImage\u00a0\u00bb module_class=\u00a0\u00bbet-overlay-image\u00a0\u00bb _builder_version=\u00a0\u00bb4.25.1&Prime; _module_preset=\u00a0\u00bbdefault\u00a0\u00bb background_enable_color=\u00a0\u00bboff\u00a0\u00bb custom_margin=\u00a0\u00bb||0px||false|false\u00a0\u00bb custom_css_main_element=\u00a0\u00bbtransition: transform 1s;\u00a0\u00bb border_radii=\u00a0\u00bbon|6px|6px|6px|6px\u00a0\u00bb global_colors_info=\u00a0\u00bb{}\u00a0\u00bb custom_css_main_element__hover_enabled=\u00a0\u00bbon|hover\u00a0\u00bb custom_css_main_element__hover=\u00a0\u00bbtransform: scale(1.2);\u00a0\u00bb][\/et_pb_image][et_pb_divider show_divider=\u00a0\u00bboff\u00a0\u00bb admin_label=\u00a0\u00bboverlay color\u00a0\u00bb module_class=\u00a0\u00bbet-overlay-item\u00a0\u00bb _builder_version=\u00a0\u00bb4.25.1&Prime; _module_preset=\u00a0\u00bbdefault\u00a0\u00bb background_color=\u00a0\u00bbrgba(0,0,0,0.4)\u00a0\u00bb positioning=\u00a0\u00bbabsolute\u00a0\u00bb width=\u00a0\u00bb100%\u00a0\u00bb min_height=\u00a0\u00bb100%\u00a0\u00bb link_option_url=\u00a0\u00bbhttps:\/\/www.maeshoogwerkers.com\/verkoop\/takelwagen\/\u00a0\u00bb global_colors_info=\u00a0\u00bb{}\u00a0\u00bb][\/et_pb_divider][et_pb_text module_class=\u00a0\u00bbet-overlay-item\u00a0\u00bb _builder_version=\u00a0\u00bb4.25.1&Prime; _module_preset=\u00a0\u00bbdefault\u00a0\u00bb positioning=\u00a0\u00bbabsolute\u00a0\u00bb position_origin_a=\u00a0\u00bbcenter_center\u00a0\u00bb vertical_offset=\u00a0\u00bb10%\u00a0\u00bb text_orientation=\u00a0\u00bbcenter\u00a0\u00bb background_layout=\u00a0\u00bbdark\u00a0\u00bb width=\u00a0\u00bb100%\u00a0\u00bb max_width=\u00a0\u00bb85%\u00a0\u00bb link_option_url=\u00a0\u00bbhttps:\/\/www.maeshoogwerkers.com\/fr\/vente\/depanneuse-isoli\/\u00a0\u00bb global_colors_info=\u00a0\u00bb{}\u00a0\u00bb]<\/p>\n<h3><a href=\"https:\/\/www.maeshoogwerkers.com\/verkoop\/takelwagen\/\">Nieuwe takelwagen kopen<\/a><\/h3>\n<p>[\/et_pb_text][\/et_pb_column][\/et_pb_row][\/et_pb_section][et_pb_section fb_built=\u00a0\u00bb1&Prime; prev_background_color=\u00a0\u00bb#ffffff\u00a0\u00bb next_background_color=\u00a0\u00bb#ffffff\u00a0\u00bb _builder_version=\u00a0\u00bb4.16&Prime; _module_preset=\u00a0\u00bbdefault\u00a0\u00bb background_color=\u00a0\u00bb#ED1C24&Prime; background_color_gradient_direction=\u00a0\u00bb90deg\u00a0\u00bb background_color_gradient_start=\u00a0\u00bb#ed1c24&Prime; background_color_gradient_end=\u00a0\u00bbrgba(237,28,36,0.7)\u00a0\u00bb background_enable_image=\u00a0\u00bboff\u00a0\u00bb custom_margin=\u00a0\u00bb||0px||false|false\u00a0\u00bb custom_padding=\u00a0\u00bb||0px||false|false\u00a0\u00bb top_divider_style=\u00a0\u00bbslant\u00a0\u00bb top_divider_height=\u00a0\u00bb50px\u00a0\u00bb top_divider_flip=\u00a0\u00bbhorizontal\u00a0\u00bb bottom_divider_style=\u00a0\u00bbslant\u00a0\u00bb bottom_divider_height=\u00a0\u00bb50px\u00a0\u00bb bottom_divider_flip=\u00a0\u00bbhorizontal\u00a0\u00bb global_colors_info=\u00a0\u00bb{}\u00a0\u00bb][et_pb_row column_structure=\u00a0\u00bb1_2,1_2&Prime; make_equal=\u00a0\u00bbon\u00a0\u00bb _builder_version=\u00a0\u00bb4.16&Prime; _module_preset=\u00a0\u00bbdefault\u00a0\u00bb custom_margin=\u00a0\u00bb||0px||false|false\u00a0\u00bb custom_padding=\u00a0\u00bb||0px||false|false\u00a0\u00bb global_colors_info=\u00a0\u00bb{}\u00a0\u00bb][et_pb_column type=\u00a0\u00bb1_2&Prime; _builder_version=\u00a0\u00bb4.16&Prime; _module_preset=\u00a0\u00bbdefault\u00a0\u00bb custom_padding=\u00a0\u00bb50px||100px||false|false\u00a0\u00bb global_colors_info=\u00a0\u00bb{}\u00a0\u00bb][et_pb_blurb title=\u00a0\u00bbLocation\u00a0\u00bb image=\u00a0\u00bbhttps:\/\/www.maeshoogwerkers.com\/wp-content\/uploads\/Hoogwerker_huren_wit.png\u00a0\u00bb icon_placement=\u00a0\u00bbleft\u00a0\u00bb _builder_version=\u00a0\u00bb4.27.2&Prime; _module_preset=\u00a0\u00bbdefault\u00a0\u00bb body_link_font=\u00a0\u00bb||||on||||\u00a0\u00bb body_link_text_color=\u00a0\u00bb#FFFFFF\u00a0\u00bb background_layout=\u00a0\u00bbdark\u00a0\u00bb global_colors_info=\u00a0\u00bb{}\u00a0\u00bb]<a href=\"https:\/\/www.maeshoogwerkers.com\/hoogwerker-huren\/\">Hoogwerkers huren<\/a> met of zonder bedienaar en <a href=\"https:\/\/www.maeshoogwerkers.com\/kraan-huren\/\">kranen huren<\/a> met bedienaar.[\/et_pb_blurb][et_pb_blurb title=\u00a0\u00bbVente\u00a0\u00bb url=\u00a0\u00bbhttps:\/\/www.maeshoogwerkers.com\/fr\/vente\/\u00a0\u00bb image=\u00a0\u00bbhttps:\/\/www.maeshoogwerkers.com\/wp-content\/uploads\/Hoogwerker_kopen_wit.png\u00a0\u00bb alt=\u00a0\u00bbAcheter une nacelle \u00e9l\u00e9vatrice\u00a0\u00bb icon_placement=\u00a0\u00bbleft\u00a0\u00bb _builder_version=\u00a0\u00bb4.18.0&Prime; _module_preset=\u00a0\u00bbdefault\u00a0\u00bb background_layout=\u00a0\u00bbdark\u00a0\u00bb link_option_url=\u00a0\u00bbhttps:\/\/www.maeshoogwerkers.com\/fr\/vente\/\u00a0\u00bb global_colors_info=\u00a0\u00bb{}\u00a0\u00bb]<\/p>\n<p>Bij Maes Rent &amp; Sale kan u terecht voor de aankoop of huur van gebruiksklare hoogwerkers voor rijbewijs B en C.<\/p>\n<p>[\/et_pb_blurb][et_pb_blurb title=\u00a0\u00bbEntretien\u00a0\u00bb url=\u00a0\u00bbhttps:\/\/www.maeshoogwerkers.com\/fr\/entretien\/\u00a0\u00bb image=\u00a0\u00bbhttps:\/\/www.maeshoogwerkers.com\/wp-content\/uploads\/Hoogwerker_onderhoud_wit.png\u00a0\u00bb alt=\u00a0\u00bbEntretien\u00a0\u00bb icon_placement=\u00a0\u00bbleft\u00a0\u00bb _builder_version=\u00a0\u00bb4.18.0&Prime; _module_preset=\u00a0\u00bbdefault\u00a0\u00bb background_layout=\u00a0\u00bbdark\u00a0\u00bb link_option_url=\u00a0\u00bbhttps:\/\/www.maeshoogwerkers.com\/fr\/entretien\/\u00a0\u00bb global_colors_info=\u00a0\u00bb{}\u00a0\u00bb]<\/p>\n<p>Maes Services, onze eigen garage binnen de groep betekent uitgebreide technische kennis in huis en maximale flexibiliteit. Wij herstellen, onderhouden en reviseren elke machine in eigen beheer, ook voor externe klanten.<\/p>\n<p>[\/et_pb_blurb][et_pb_blurb title=\u00a0\u00bbD\u00e9m\u00e9nagements industriels\u00a0\u00bb url=\u00a0\u00bbhttps:\/\/www.transelektro.be\/\u00a0\u00bb url_new_window=\u00a0\u00bbon\u00a0\u00bb image=\u00a0\u00bbhttps:\/\/www.maeshoogwerkers.com\/wp-content\/uploads\/Kraan_industriele-verhuizingen_wit.png\u00a0\u00bb alt=\u00a0\u00bbD\u00e9m\u00e9nagements industriels\u00a0\u00bb icon_placement=\u00a0\u00bbleft\u00a0\u00bb _builder_version=\u00a0\u00bb4.18.0&Prime; _module_preset=\u00a0\u00bbdefault\u00a0\u00bb background_layout=\u00a0\u00bbdark\u00a0\u00bb link_option_url=\u00a0\u00bbhttps:\/\/www.transelektro.be\/\u00a0\u00bb link_option_url_new_window=\u00a0\u00bbon\u00a0\u00bb global_colors_info=\u00a0\u00bb{}\u00a0\u00bb]<\/p>\n<p>Samen met ons zusterbedrijf Trans Elektro zijn wij gespecialiseerd in extreme manipulaties en industri\u00eble verhuizingen.<\/p>\n<p>[\/et_pb_blurb][\/et_pb_column][et_pb_column type=\u00a0\u00bb1_2&Prime; _builder_version=\u00a0\u00bb4.16&Prime; _module_preset=\u00a0\u00bbdefault\u00a0\u00bb custom_css_main_element=\u00a0\u00bbdisplay: flex;||flex-direction: column;||justify-content: space-between;\u00a0\u00bb global_colors_info=\u00a0\u00bb{}\u00a0\u00bb][et_pb_number_counter title=\u00a0\u00bbans d&#039;exp\u00e9rience\u00a0\u00bb number=\u00a0\u00bb48&Prime; percent_sign=\u00a0\u00bboff\u00a0\u00bb _builder_version=\u00a0\u00bb4.23&Prime; _module_preset=\u00a0\u00bbdefault\u00a0\u00bb title_text_color=\u00a0\u00bb#FFFFFF\u00a0\u00bb number_font=\u00a0\u00bb|700|||||||\u00a0\u00bb number_text_color=\u00a0\u00bb#FFFFFF\u00a0\u00bb global_colors_info=\u00a0\u00bb{}\u00a0\u00bb][\/et_pb_number_counter][et_pb_number_counter title=\u00a0\u00bbMachines\u00a0\u00bb number=\u00a0\u00bb75&Prime; percent_sign=\u00a0\u00bboff\u00a0\u00bb _builder_version=\u00a0\u00bb4.23.1&Prime; _module_preset=\u00a0\u00bbdefault\u00a0\u00bb title_text_color=\u00a0\u00bb#FFFFFF\u00a0\u00bb number_font=\u00a0\u00bb|700|||||||\u00a0\u00bb number_text_color=\u00a0\u00bb#FFFFFF\u00a0\u00bb global_colors_info=\u00a0\u00bb{}\u00a0\u00bb][\/et_pb_number_counter][et_pb_image src=\u00a0\u00bbhttps:\/\/www.maeshoogwerkers.com\/wp-content\/uploads\/Maes_Hoogwerkers_Montaco_Verhuur_Transp-1.png\u00a0\u00bb title_text=\u00a0\u00bbMaes_Hoogwerkers_Montaco_Location_Transp\u00a0\u00bb show_bottom_space=\u00a0\u00bboff\u00a0\u00bb _builder_version=\u00a0\u00bb4.16&Prime; _module_preset=\u00a0\u00bbdefault\u00a0\u00bb position_origin_a=\u00a0\u00bbcenter_left\u00a0\u00bb width=\u00a0\u00bb100%\u00a0\u00bb custom_margin=\u00a0\u00bb||0px||false|false\u00a0\u00bb custom_padding=\u00a0\u00bb||0px||false|false\u00a0\u00bb global_colors_info=\u00a0\u00bb{}\u00a0\u00bb][\/et_pb_image][\/et_pb_column][\/et_pb_row][\/et_pb_section][et_pb_section fb_built=\u00a0\u00bb1&Prime; _builder_version=\u00a0\u00bb4.16&Prime; _module_preset=\u00a0\u00bbdefault\u00a0\u00bb global_colors_info=\u00a0\u00bb{}\u00a0\u00bb][et_pb_row column_structure=\u00a0\u00bb1_2,1_2&Prime; _builder_version=\u00a0\u00bb4.16&Prime; _module_preset=\u00a0\u00bbdefault\u00a0\u00bb global_colors_info=\u00a0\u00bb{}\u00a0\u00bb][et_pb_column type=\u00a0\u00bb1_2&Prime; _builder_version=\u00a0\u00bb4.16&Prime; _module_preset=\u00a0\u00bbdefault\u00a0\u00bb global_colors_info=\u00a0\u00bb{}\u00a0\u00bb][et_pb_image src=\u00a0\u00bbhttps:\/\/www.maeshoogwerkers.com\/wp-content\/uploads\/IMG_1085_b.jpg\u00a0\u00bb alt=\u00a0\u00bbTeam\u00a0\u00bb title_text=\u00a0\u00bbTeam\u00a0\u00bb _builder_version=\u00a0\u00bb4.16&Prime; _module_preset=\u00a0\u00bbdefault\u00a0\u00bb border_radii=\u00a0\u00bbon|6px|6px|6px|6px\u00a0\u00bb global_colors_info=\u00a0\u00bb{}\u00a0\u00bb][\/et_pb_image][\/et_pb_column][et_pb_column type=\u00a0\u00bb1_2&Prime; _builder_version=\u00a0\u00bb4.16&Prime; _module_preset=\u00a0\u00bbdefault\u00a0\u00bb global_colors_info=\u00a0\u00bb{}\u00a0\u00bb][et_pb_text _builder_version=\u00a0\u00bb4.27.2&Prime; _module_preset=\u00a0\u00bbdefault\u00a0\u00bb header_3_text_color=\u00a0\u00bb#a5a5a5&Prime; global_colors_info=\u00a0\u00bb{}\u00a0\u00bb]<\/p>\n<h2>Over ons<\/h2>\n<p><strong>Maes Hoogwerkers<\/strong> in Pulle (Antwerpen) heeft meer dan 45 jaar ervaring met de verhuur van hoogwerkers op vrachtwagens en spinhoogwerkers met bedienaar.<\/p>\n<p><strong>Montaco<\/strong> verhuurt autolaadkranen en mobiele torenkranen met machinist, alsook alle vereiste toebehoren.<\/p>\n<p><strong>Maes Rent &amp; Sale<\/strong>\u00a0is gespecialiseerd in de verkoop en verhuur van hoogwerkers op bestelwagens met rijbewijs B.<\/p>\n<p>[\/et_pb_text][et_pb_button button_url=\u00a0\u00bbhttps:\/\/www.maeshoogwerkers.com\/fr\/a-propos-de-nous\/\u00a0\u00bb button_text=\u00a0\u00bb\u00e0 propos de nous\u00a0\u00bb _builder_version=\u00a0\u00bb4.16&Prime; _module_preset=\u00a0\u00bbdefault\u00a0\u00bb global_colors_info=\u00a0\u00bb{}\u00a0\u00bb][\/et_pb_button][\/et_pb_column][\/et_pb_row][\/et_pb_section]<\/p>\n","protected":false},"excerpt":{"rendered":"<p>Verhuur &amp; verkoop vanHoogwerkers &amp; kranen Passie voor <span class=\"typed-me\" data-string0=\"hoogte\" data-string1=\"kracht\" data-string2=\"innovatie\" data-type-speed=\"40\" data-start-delay=\"0\" data-back-speed=\"40\" data-back-delay=\"750\" data-loop=\"1\"><\/span> Maes Hoogwerkers in Pulle (Antwerpen) verhuurt als enige in Europa de unieke combinatie van hoogwerkers op vrachtwagen en kranen, met bedienaar. We beschikken over het grootste aanbod aan hoge hoogwerkers in Europa en het grootste aanbod van mobiele [&hellip;]<\/p>\n","protected":false},"author":1,"featured_media":0,"parent":0,"menu_order":0,"comment_status":"closed","ping_status":"closed","template":"","meta":{"_acf_changed":false,"_seopress_robots_primary_cat":"","_seopress_titles_title":"Maes Hoogwerkers & Montaco | Pour tous vos travaux en hauteur","_seopress_titles_desc":"Maes Hoogwerkers & Montaco est sp\u00e9cialis\u00e9 dans la location de nacelles \u00e9l\u00e9vatrices et grues jusq'u \u00e0 103m. Le sp\u00e9cialiste dans des travaux en hauteur en Belgique & Europe.","_seopress_robots_index":"","_et_pb_use_builder":"on","_et_pb_old_content":"","_et_gb_content_width":"","footnotes":""},"class_list":["post-2151","page","type-page","status-publish","hentry"],"acf":[],"_links":{"self":[{"href":"https:\/\/www.maeshoogwerkers.com\/fr\/wp-json\/wp\/v2\/pages\/2151","targetHints":{"allow":["GET"]}}],"collection":[{"href":"https:\/\/www.maeshoogwerkers.com\/fr\/wp-json\/wp\/v2\/pages"}],"about":[{"href":"https:\/\/www.maeshoogwerkers.com\/fr\/wp-json\/wp\/v2\/types\/page"}],"author":[{"embeddable":true,"href":"https:\/\/www.maeshoogwerkers.com\/fr\/wp-json\/wp\/v2\/users\/1"}],"replies":[{"embeddable":true,"href":"https:\/\/www.maeshoogwerkers.com\/fr\/wp-json\/wp\/v2\/comments?post=2151"}],"version-history":[{"count":43,"href":"https:\/\/www.maeshoogwerkers.com\/fr\/wp-json\/wp\/v2\/pages\/2151\/revisions"}],"predecessor-version":[{"id":8564,"href":"https:\/\/www.maeshoogwerkers.com\/fr\/wp-json\/wp\/v2\/pages\/2151\/revisions\/8564"}],"wp:attachment":[{"href":"https:\/\/www.maeshoogwerkers.com\/fr\/wp-json\/wp\/v2\/media?parent=2151"}],"curies":[{"name":"wp","href":"https:\/\/api.w.org\/{rel}","templated":true}]}}