{"id":2129,"date":"2022-05-02T14:09:42","date_gmt":"2022-05-02T14:09:42","guid":{"rendered":"https:\/\/www.maeshoogwerkers.com\/vente\/"},"modified":"2024-04-26T15:47:42","modified_gmt":"2024-04-26T15:47:42","slug":"vente","status":"publish","type":"page","link":"https:\/\/www.maeshoogwerkers.com\/fr\/vente\/","title":{"rendered":"Vente"},"content":{"rendered":"<p>[et_pb_section fb_built=\u00a0\u00bb1&Prime; _builder_version=\u00a0\u00bb4.16&Prime; _module_preset=\u00a0\u00bbdefault\u00a0\u00bb background_color=\u00a0\u00bbrgba(0,0,0,0.6)\u00a0\u00bb background_image=\u00a0\u00bbhttps:\/\/www.maeshoogwerkers.com\/wp-content\/uploads\/Maes_Hoogwerker_Op_Bestelwagen-1.jpg\u00a0\u00bb background_position=\u00a0\u00bbbottom_center\u00a0\u00bb background_blend=\u00a0\u00bboverlay\u00a0\u00bb locked=\u00a0\u00bboff\u00a0\u00bb global_colors_info=\u00a0\u00bb{}\u00a0\u00bb][et_pb_row column_structure=\u00a0\u00bb3_4,1_4&Prime; make_equal=\u00a0\u00bbon\u00a0\u00bb _builder_version=\u00a0\u00bb4.18.0&Prime; _module_preset=\u00a0\u00bbdefault\u00a0\u00bb custom_margin=\u00a0\u00bb0px||||false|false\u00a0\u00bb custom_margin_tablet=\u00a0\u00bb50px||||false|false\u00a0\u00bb custom_margin_phone=\u00a0\u00bb0px||||false|false\u00a0\u00bb custom_margin_last_edited=\u00a0\u00bboff|desktop\u00a0\u00bb global_colors_info=\u00a0\u00bb{}\u00a0\u00bb][et_pb_column type=\u00a0\u00bb3_4&Prime; _builder_version=\u00a0\u00bb4.18.0&Prime; _module_preset=\u00a0\u00bbdefault\u00a0\u00bb custom_css_main_element=\u00a0\u00bbdisplay: flex;||flex-direction: column;||justify-content: center;\u00a0\u00bb global_colors_info=\u00a0\u00bb{}\u00a0\u00bb][et_pb_text _builder_version=\u00a0\u00bb4.16&Prime; _module_preset=\u00a0\u00bbdefault\u00a0\u00bb header_font_size=\u00a0\u00bb40px\u00a0\u00bb background_layout=\u00a0\u00bbdark\u00a0\u00bb custom_margin=\u00a0\u00bb||0px||false|false\u00a0\u00bb custom_padding=\u00a0\u00bb||0px||false|false\u00a0\u00bb header_font_size_tablet=\u00a0\u00bb30px\u00a0\u00bb header_font_size_phone=\u00a0\u00bb25px\u00a0\u00bb header_font_size_last_edited=\u00a0\u00bbon|phone\u00a0\u00bb global_colors_info=\u00a0\u00bb{}\u00a0\u00bb]<\/p>\n<h1>Acheter une nacelle \u00e9l\u00e9vatrice<\/h1>\n<p>[\/et_pb_text][et_pb_text module_id=\u00a0\u00bbmaes-heading\u00a0\u00bb _builder_version=\u00a0\u00bb4.16&Prime; _module_preset=\u00a0\u00bbdefault\u00a0\u00bb header_text_color=\u00a0\u00bb#FFFFFF\u00a0\u00bb header_font_size=\u00a0\u00bb65px\u00a0\u00bb header_2_text_color=\u00a0\u00bb#FFFFFF\u00a0\u00bb background_layout=\u00a0\u00bbdark\u00a0\u00bb header_font_size_tablet=\u00a0\u00bb50px\u00a0\u00bb header_font_size_phone=\u00a0\u00bb40px\u00a0\u00bb header_font_size_last_edited=\u00a0\u00bbon|phone\u00a0\u00bb header_2_font_size_tablet=\u00a0\u00bb\u00a0\u00bb header_2_font_size_phone=\u00a0\u00bb25px\u00a0\u00bb header_2_font_size_last_edited=\u00a0\u00bbon|tablet\u00a0\u00bb global_colors_info=\u00a0\u00bb{}\u00a0\u00bb]<nav  aria-label=\"Fil d&#039;Ariane\"><ol class=\"breadcrumb\" itemscope itemtype=\"https:\/\/schema.org\/BreadcrumbList\"><li class=\"breadcrumb-item active\" aria-current=\"page\" itemprop=\"itemListElement\" itemscope itemtype=\"https:\/\/schema.org\/ListItem\"><span itemprop=\"name\">Accueil<\/span><meta itemprop=\"position\" content=\"1\"><\/li><\/ol><\/nav>[\/et_pb_text][\/et_pb_column][et_pb_column type=\u00a0\u00bb1_4&Prime; _builder_version=\u00a0\u00bb4.16&Prime; _module_preset=\u00a0\u00bbdefault\u00a0\u00bb global_colors_info=\u00a0\u00bb{}\u00a0\u00bb][et_pb_image src=\u00a0\u00bbhttps:\/\/www.maeshoogwerkers.com\/wp-content\/uploads\/LOGO_Maes_Rent_Sale_Square.png\u00a0\u00bb title_text=\u00a0\u00bbLOGO_Maes_Rent_Sale_Square\u00a0\u00bb _builder_version=\u00a0\u00bb4.18.0&Prime; _module_preset=\u00a0\u00bbdefault\u00a0\u00bb width=\u00a0\u00bb70%\u00a0\u00bb global_colors_info=\u00a0\u00bb{}\u00a0\u00bb][\/et_pb_image][\/et_pb_column][\/et_pb_row][\/et_pb_section][et_pb_section fb_built=\u00a0\u00bb1&Prime; next_background_color=\u00a0\u00bb#F2F2F2&Prime; _builder_version=\u00a0\u00bb4.20.4&Prime; _module_preset=\u00a0\u00bbdefault\u00a0\u00bb bottom_divider_style=\u00a0\u00bbslant\u00a0\u00bb bottom_divider_height=\u00a0\u00bb50px\u00a0\u00bb bottom_divider_flip=\u00a0\u00bbhorizontal\u00a0\u00bb global_colors_info=\u00a0\u00bb{}\u00a0\u00bb][et_pb_row column_structure=\u00a0\u00bb1_2,1_2&Prime; _builder_version=\u00a0\u00bb4.18.0&Prime; _module_preset=\u00a0\u00bbdefault\u00a0\u00bb global_colors_info=\u00a0\u00bb{}\u00a0\u00bb][et_pb_column type=\u00a0\u00bb1_2&Prime; _builder_version=\u00a0\u00bb4.18.0&Prime; _module_preset=\u00a0\u00bbdefault\u00a0\u00bb global_colors_info=\u00a0\u00bb{}\u00a0\u00bb][et_pb_text _builder_version=\u00a0\u00bb4.18.0&Prime; _module_preset=\u00a0\u00bbdefault\u00a0\u00bb global_colors_info=\u00a0\u00bb{}\u00a0\u00bb]<\/p>\n<h2>Acheter une nacelle \u00e9l\u00e9vatrice<\/h2>\n<p>Vous souhaitez acheter une nacelle \u00e9l\u00e9vatrice\u00a0? Dans ce cas, veuillez contacter nos coll\u00e8gues de Maes Rent &amp; Sale. Ceux-ci sont sp\u00e9cialis\u00e9s dans la vente et la location de nacelles \u00e9l\u00e9vatrices sans op\u00e9rateur. Maes Rent &amp; Sale propose une large gamme de nacelles \u00e9l\u00e9vatrices sur fourgon et sur ch\u00e2ssis-cabine allant <strong>jusqu\u2019\u00e0 3,5\u00a0tonnes<\/strong>. Elles n\u00e9cessitent uniquement un <strong>permis de conduire B<\/strong>. Vous pr\u00e9f\u00e9rez acheter une nacelle \u00e9l\u00e9vatrice \u00e9lectrique\u00a0? C\u2019est possible \u00e9galement.<\/p>\n<p>Vous \u00eates titulaire d\u2019un <strong>permis de conduire C<\/strong> et vous souhaitez acheter une nacelle sur ch\u00e2ssis de camion de <strong>plus de 3,5\u00a0tonnes<\/strong>\u00a0? Maes Rent &amp; Sale propose des machines pouvant atteindre une hauteur de travail de pas moins de 103\u00a0m.<\/p>\n<p>Maes Rent &amp; Sale propose une large gamme d\u2019\u00e9quipements de diff\u00e9rents fournisseurs. Ceux-ci tirent profit de notre exp\u00e9rience et de notre savoir-faire pour vous proposer toujours les derni\u00e8res nouveaut\u00e9s et avanc\u00e9es technologies.<\/p>\n<p>[\/et_pb_text][\/et_pb_column][et_pb_column type=\u00a0\u00bb1_2&Prime; _builder_version=\u00a0\u00bb4.18.0&Prime; _module_preset=\u00a0\u00bbdefault\u00a0\u00bb global_colors_info=\u00a0\u00bb{}\u00a0\u00bb][et_pb_image src=\u00a0\u00bbhttps:\/\/www.maeshoogwerkers.com\/wp-content\/uploads\/Hoogwerker-op-chassis-cabine-kopen.jpg\u00a0\u00bb alt=\u00a0\u00bbAcheter une nacelle \u00e0 ch\u00e2ssis cabine\u00a0\u00bb title_text=\u00a0\u00bbAcheter une nacelle \u00e0 ch\u00e2ssis cabine\u00a0\u00bb _builder_version=\u00a0\u00bb4.18.0&Prime; _module_preset=\u00a0\u00bbdefault\u00a0\u00bb border_radii=\u00a0\u00bbon|6px|6px|6px|6px\u00a0\u00bb global_colors_info=\u00a0\u00bb{}\u00a0\u00bb][\/et_pb_image][\/et_pb_column][\/et_pb_row][\/et_pb_section][et_pb_section fb_built=\u00a0\u00bb1&Prime; next_background_color=\u00a0\u00bb#ffffff\u00a0\u00bb _builder_version=\u00a0\u00bb4.20.4&Prime; _module_preset=\u00a0\u00bbdefault\u00a0\u00bb background_color=\u00a0\u00bb#F2F2F2&Prime; bottom_divider_style=\u00a0\u00bbslant\u00a0\u00bb bottom_divider_height=\u00a0\u00bb50px\u00a0\u00bb bottom_divider_flip=\u00a0\u00bbhorizontal\u00a0\u00bb global_colors_info=\u00a0\u00bb{}\u00a0\u00bb][et_pb_row _builder_version=\u00a0\u00bb4.24.0&Prime; _module_preset=\u00a0\u00bbdefault\u00a0\u00bb custom_padding=\u00a0\u00bb||0px||false|false\u00a0\u00bb global_colors_info=\u00a0\u00bb{}\u00a0\u00bb][et_pb_column type=\u00a0\u00bb4_4&Prime; _builder_version=\u00a0\u00bb4.18.0&Prime; _module_preset=\u00a0\u00bbdefault\u00a0\u00bb global_colors_info=\u00a0\u00bb{}\u00a0\u00bb][et_pb_text ul_position=\u00a0\u00bbinside\u00a0\u00bb _builder_version=\u00a0\u00bb4.24.0&Prime; _module_preset=\u00a0\u00bbdefault\u00a0\u00bb custom_margin=\u00a0\u00bb||0px||false|false\u00a0\u00bb custom_padding=\u00a0\u00bb||0px||false|false\u00a0\u00bb global_colors_info=\u00a0\u00bb{}\u00a0\u00bb]<\/p>\n<h2>Gamme de nacelles \u00e9l\u00e9vatrices \u00e0 vendre<\/h2>\n<p>[\/et_pb_text][\/et_pb_column][\/et_pb_row][et_pb_row column_structure=\u00a0\u00bb1_4,1_4,1_4,1_4&Prime; use_custom_gutter=\u00a0\u00bbon\u00a0\u00bb gutter_width=\u00a0\u00bb2&Prime; make_equal=\u00a0\u00bbon\u00a0\u00bb _builder_version=\u00a0\u00bb4.24.0&Prime; _module_preset=\u00a0\u00bbdefault\u00a0\u00bb custom_padding=\u00a0\u00bb||0px||false|false\u00a0\u00bb locked=\u00a0\u00bboff\u00a0\u00bb global_colors_info=\u00a0\u00bb{}\u00a0\u00bb][et_pb_column type=\u00a0\u00bb1_4&Prime; module_class=\u00a0\u00bbet-overlay-container\u00a0\u00bb _builder_version=\u00a0\u00bb4.17.6&Prime; _module_preset=\u00a0\u00bbdefault\u00a0\u00bb background_enable_image=\u00a0\u00bboff\u00a0\u00bb overflow-x=\u00a0\u00bbhidden\u00a0\u00bb overflow-y=\u00a0\u00bbhidden\u00a0\u00bb custom_padding=\u00a0\u00bb0px|0px|0px|0px|true|true\u00a0\u00bb border_radii=\u00a0\u00bbon|6px|6px|6px|6px\u00a0\u00bb global_colors_info=\u00a0\u00bb{}\u00a0\u00bb custom_css_main_element__hover_enabled=\u00a0\u00bboff|desktop\u00a0\u00bb][et_pb_image src=\u00a0\u00bbhttps:\/\/www.maeshoogwerkers.com\/wp-content\/uploads\/Hoogwerker_Op_Bestelwagen_Huren.jpg\u00a0\u00bb alt=\u00a0\u00bbKlubb KL32XL\u00a0\u00bb title_text=\u00a0\u00bbNacelle_\u00e9l\u00e9vatrice_sur_le_camion_\u00e0_l&apos;embauche\u00a0\u00bb force_fullwidth=\u00a0\u00bbon\u00a0\u00bb module_class=\u00a0\u00bbet-overlay-image\u00a0\u00bb _builder_version=\u00a0\u00bb4.17.6&Prime; _module_preset=\u00a0\u00bbdefault\u00a0\u00bb background_enable_color=\u00a0\u00bboff\u00a0\u00bb custom_margin=\u00a0\u00bb||0px||false|false\u00a0\u00bb custom_css_main_element=\u00a0\u00bbtransition: transform 1s;\u00a0\u00bb border_radii=\u00a0\u00bbon|6px|6px|6px|6px\u00a0\u00bb global_colors_info=\u00a0\u00bb{}\u00a0\u00bb custom_css_main_element__hover_enabled=\u00a0\u00bbon|desktop\u00a0\u00bb custom_css_main_element__hover=\u00a0\u00bbtransform: scale(1.2);\u00a0\u00bb][\/et_pb_image][et_pb_divider show_divider=\u00a0\u00bboff\u00a0\u00bb admin_label=\u00a0\u00bboverlay color\u00a0\u00bb module_class=\u00a0\u00bbet-overlay-item\u00a0\u00bb _builder_version=\u00a0\u00bb4.25.0&Prime; _module_preset=\u00a0\u00bbdefault\u00a0\u00bb background_color=\u00a0\u00bbrgba(0,0,0,0.4)\u00a0\u00bb positioning=\u00a0\u00bbabsolute\u00a0\u00bb width=\u00a0\u00bb100%\u00a0\u00bb min_height=\u00a0\u00bb100%\u00a0\u00bb link_option_url=\u00a0\u00bbhttps:\/\/www.maeshoogwerkers.com\/fr\/verkoop\/nacelle-elevatrice-neuve\/\u00a0\u00bb global_colors_info=\u00a0\u00bb{}\u00a0\u00bb][\/et_pb_divider][et_pb_text module_class=\u00a0\u00bbet-overlay-item\u00a0\u00bb _builder_version=\u00a0\u00bb4.25.0&Prime; _module_preset=\u00a0\u00bbdefault\u00a0\u00bb positioning=\u00a0\u00bbabsolute\u00a0\u00bb position_origin_a=\u00a0\u00bbcenter_center\u00a0\u00bb vertical_offset=\u00a0\u00bb10%\u00a0\u00bb text_orientation=\u00a0\u00bbcenter\u00a0\u00bb background_layout=\u00a0\u00bbdark\u00a0\u00bb width=\u00a0\u00bb100%\u00a0\u00bb max_width=\u00a0\u00bb85%\u00a0\u00bb link_option_url=\u00a0\u00bbhttps:\/\/www.maeshoogwerkers.com\/fr\/verkoop\/nacelle-elevatrice-neuve\/\u00a0\u00bb global_colors_info=\u00a0\u00bb{}\u00a0\u00bb]<\/p>\n<h3><a href=\"https:\/\/www.maeshoogwerkers.com\/fr\/vente\/nacelle-elevatrice-neuve\/\">Acheter une nacelle \u00e9l\u00e9vatrice neuve<\/a><\/h3>\n<p>[\/et_pb_text][\/et_pb_column][et_pb_column type=\u00a0\u00bb1_4&Prime; module_class=\u00a0\u00bbet-overlay-container\u00a0\u00bb _builder_version=\u00a0\u00bb4.17.6&Prime; _module_preset=\u00a0\u00bbdefault\u00a0\u00bb background_enable_image=\u00a0\u00bboff\u00a0\u00bb overflow-x=\u00a0\u00bbhidden\u00a0\u00bb overflow-y=\u00a0\u00bbhidden\u00a0\u00bb custom_padding=\u00a0\u00bb0px|0px|0px|0px|true|true\u00a0\u00bb border_radii=\u00a0\u00bbon|6px|6px|6px|6px\u00a0\u00bb global_colors_info=\u00a0\u00bb{}\u00a0\u00bb custom_css_main_element__hover_enabled=\u00a0\u00bboff|desktop\u00a0\u00bb][et_pb_image src=\u00a0\u00bbhttps:\/\/www.maeshoogwerkers.com\/wp-content\/uploads\/KL32-3150.jpg\u00a0\u00bb alt=\u00a0\u00bbKlubb KL32 te koop\u00a0\u00bb title_text=\u00a0\u00bbKlubb KL32 te koop\u00a0\u00bb force_fullwidth=\u00a0\u00bbon\u00a0\u00bb module_class=\u00a0\u00bbet-overlay-image\u00a0\u00bb _builder_version=\u00a0\u00bb4.17.6&Prime; _module_preset=\u00a0\u00bbdefault\u00a0\u00bb background_enable_color=\u00a0\u00bboff\u00a0\u00bb custom_margin=\u00a0\u00bb||0px||false|false\u00a0\u00bb custom_css_main_element=\u00a0\u00bbtransition: transform 1s;\u00a0\u00bb border_radii=\u00a0\u00bbon|6px|6px|6px|6px\u00a0\u00bb global_colors_info=\u00a0\u00bb{}\u00a0\u00bb custom_css_main_element__hover_enabled=\u00a0\u00bbon|hover\u00a0\u00bb custom_css_main_element__hover=\u00a0\u00bbtransform: scale(1.2);\u00a0\u00bb][\/et_pb_image][et_pb_divider show_divider=\u00a0\u00bboff\u00a0\u00bb admin_label=\u00a0\u00bboverlay color\u00a0\u00bb module_class=\u00a0\u00bbet-overlay-item\u00a0\u00bb _builder_version=\u00a0\u00bb4.25.0&Prime; _module_preset=\u00a0\u00bbdefault\u00a0\u00bb background_color=\u00a0\u00bbrgba(0,0,0,0.4)\u00a0\u00bb positioning=\u00a0\u00bbabsolute\u00a0\u00bb width=\u00a0\u00bb100%\u00a0\u00bb min_height=\u00a0\u00bb100%\u00a0\u00bb link_option_url=\u00a0\u00bbhttps:\/\/www.maeshoogwerkers.com\/fr\/verkoop\/acheter-une-nacelle-elevatrice-doccasion\/\u00a0\u00bb hover_enabled=\u00a0\u00bb0&Prime; global_colors_info=\u00a0\u00bb{}\u00a0\u00bb sticky_enabled=\u00a0\u00bb0&Prime;][\/et_pb_divider][et_pb_text module_class=\u00a0\u00bbet-overlay-item\u00a0\u00bb _builder_version=\u00a0\u00bb4.25.0&Prime; _module_preset=\u00a0\u00bbdefault\u00a0\u00bb positioning=\u00a0\u00bbabsolute\u00a0\u00bb position_origin_a=\u00a0\u00bbcenter_center\u00a0\u00bb vertical_offset=\u00a0\u00bb10%\u00a0\u00bb text_orientation=\u00a0\u00bbcenter\u00a0\u00bb background_layout=\u00a0\u00bbdark\u00a0\u00bb width=\u00a0\u00bb100%\u00a0\u00bb max_width=\u00a0\u00bb85%\u00a0\u00bb link_option_url=\u00a0\u00bbhttps:\/\/www.maeshoogwerkers.com\/fr\/verkoop\/acheter-une-nacelle-elevatrice-doccasion\/\u00a0\u00bb hover_enabled=\u00a0\u00bb0&Prime; global_colors_info=\u00a0\u00bb{}\u00a0\u00bb sticky_enabled=\u00a0\u00bb0&Prime;]<\/p>\n<h3><a href=\"https:\/\/www.maeshoogwerkers.com\/fr\/vente\/acheter-une-nacelle-elevatrice-doccasion\/\">Acheter une nacelle \u00e9l\u00e9vatrice d&rsquo;occasion<\/a><\/h3>\n<p>[\/et_pb_text][\/et_pb_column][et_pb_column type=\u00a0\u00bb1_4&Prime; module_class=\u00a0\u00bbet-overlay-container\u00a0\u00bb _builder_version=\u00a0\u00bb4.17.6&Prime; _module_preset=\u00a0\u00bbdefault\u00a0\u00bb background_enable_image=\u00a0\u00bboff\u00a0\u00bb overflow-x=\u00a0\u00bbhidden\u00a0\u00bb overflow-y=\u00a0\u00bbhidden\u00a0\u00bb custom_padding=\u00a0\u00bb0px|0px|0px|0px|true|true\u00a0\u00bb border_radii=\u00a0\u00bbon|6px|6px|6px|6px\u00a0\u00bb global_colors_info=\u00a0\u00bb{}\u00a0\u00bb custom_css_main_element__hover_enabled=\u00a0\u00bboff|desktop\u00a0\u00bb][et_pb_image src=\u00a0\u00bbhttps:\/\/www.maeshoogwerkers.com\/wp-content\/uploads\/DINO_220RXT_hr-scaled.jpg\u00a0\u00bb alt=\u00a0\u00bbDinolift &#8211; Dino 220RXT\u00a0\u00bb title_text=\u00a0\u00bbDINO_220RXT\u00a0\u00bb force_fullwidth=\u00a0\u00bbon\u00a0\u00bb module_class=\u00a0\u00bbet-overlay-image\u00a0\u00bb _builder_version=\u00a0\u00bb4.24.0&Prime; _module_preset=\u00a0\u00bbdefault\u00a0\u00bb background_enable_color=\u00a0\u00bboff\u00a0\u00bb custom_margin=\u00a0\u00bb||0px||false|false\u00a0\u00bb custom_css_main_element=\u00a0\u00bbtransition: transform 1s;\u00a0\u00bb border_radii=\u00a0\u00bbon|6px|6px|6px|6px\u00a0\u00bb global_colors_info=\u00a0\u00bb{}\u00a0\u00bb custom_css_main_element__hover_enabled=\u00a0\u00bbon|hover\u00a0\u00bb custom_css_main_element__hover=\u00a0\u00bbtransform: scale(1.2);\u00a0\u00bb][\/et_pb_image][et_pb_divider show_divider=\u00a0\u00bboff\u00a0\u00bb admin_label=\u00a0\u00bboverlay color\u00a0\u00bb module_class=\u00a0\u00bbet-overlay-item\u00a0\u00bb _builder_version=\u00a0\u00bb4.25.0&Prime; _module_preset=\u00a0\u00bbdefault\u00a0\u00bb background_color=\u00a0\u00bbrgba(0,0,0,0.4)\u00a0\u00bb positioning=\u00a0\u00bbabsolute\u00a0\u00bb width=\u00a0\u00bb100%\u00a0\u00bb min_height=\u00a0\u00bb100%\u00a0\u00bb link_option_url=\u00a0\u00bbhttps:\/\/www.maeshoogwerkers.com\/fr\/verkoop\/nacelles-araignee\/\u00a0\u00bb hover_enabled=\u00a0\u00bb0&Prime; global_colors_info=\u00a0\u00bb{}\u00a0\u00bb sticky_enabled=\u00a0\u00bb0&Prime;][\/et_pb_divider][et_pb_text module_class=\u00a0\u00bbet-overlay-item\u00a0\u00bb _builder_version=\u00a0\u00bb4.25.0&Prime; _module_preset=\u00a0\u00bbdefault\u00a0\u00bb positioning=\u00a0\u00bbabsolute\u00a0\u00bb position_origin_a=\u00a0\u00bbcenter_center\u00a0\u00bb vertical_offset=\u00a0\u00bb10%\u00a0\u00bb text_orientation=\u00a0\u00bbcenter\u00a0\u00bb background_layout=\u00a0\u00bbdark\u00a0\u00bb width=\u00a0\u00bb100%\u00a0\u00bb max_width=\u00a0\u00bb85%\u00a0\u00bb link_option_url=\u00a0\u00bbhttps:\/\/www.maeshoogwerkers.com\/fr\/verkoop\/nacelles-araignee\/\u00a0\u00bb hover_enabled=\u00a0\u00bb0&Prime; global_colors_info=\u00a0\u00bb{}\u00a0\u00bb sticky_enabled=\u00a0\u00bb0&Prime;]<\/p>\n<h3><a href=\"https:\/\/www.maeshoogwerkers.com\/fr\/vente\/nacelles-araignee\/\">Acheter une nacelle araign\u00e9e<\/a><\/h3>\n<p>[\/et_pb_text][\/et_pb_column][et_pb_column type=\u00a0\u00bb1_4&Prime; module_class=\u00a0\u00bbet-overlay-container\u00a0\u00bb _builder_version=\u00a0\u00bb4.17.6&Prime; _module_preset=\u00a0\u00bbdefault\u00a0\u00bb background_enable_image=\u00a0\u00bboff\u00a0\u00bb overflow-x=\u00a0\u00bbhidden\u00a0\u00bb overflow-y=\u00a0\u00bbhidden\u00a0\u00bb custom_padding=\u00a0\u00bb0px|0px|0px|0px|true|true\u00a0\u00bb border_radii=\u00a0\u00bbon|6px|6px|6px|6px\u00a0\u00bb global_colors_info=\u00a0\u00bb{}\u00a0\u00bb custom_css_main_element__hover_enabled=\u00a0\u00bboff|desktop\u00a0\u00bb][et_pb_image src=\u00a0\u00bbhttps:\/\/www.maeshoogwerkers.com\/wp-content\/uploads\/takelwagen-kopen.png\u00a0\u00bb alt=\u00a0\u00bbAcheter une d\u00e9panneuse\u00a0\u00bb title_text=\u00a0\u00bbAcheter une d\u00e9panneuse\u00a0\u00bb force_fullwidth=\u00a0\u00bbon\u00a0\u00bb module_class=\u00a0\u00bbet-overlay-image\u00a0\u00bb _builder_version=\u00a0\u00bb4.24.0&Prime; _module_preset=\u00a0\u00bbdefault\u00a0\u00bb background_enable_color=\u00a0\u00bboff\u00a0\u00bb custom_margin=\u00a0\u00bb||0px||false|false\u00a0\u00bb custom_css_main_element=\u00a0\u00bbtransition: transform 1s;\u00a0\u00bb border_radii=\u00a0\u00bbon|6px|6px|6px|6px\u00a0\u00bb global_colors_info=\u00a0\u00bb{}\u00a0\u00bb custom_css_main_element__hover_enabled=\u00a0\u00bbon|desktop\u00a0\u00bb custom_css_main_element__hover=\u00a0\u00bbtransform: scale(1.2);\u00a0\u00bb][\/et_pb_image][et_pb_divider show_divider=\u00a0\u00bboff\u00a0\u00bb admin_label=\u00a0\u00bboverlay color\u00a0\u00bb module_class=\u00a0\u00bbet-overlay-item\u00a0\u00bb _builder_version=\u00a0\u00bb4.25.0&Prime; _module_preset=\u00a0\u00bbdefault\u00a0\u00bb background_color=\u00a0\u00bbrgba(0,0,0,0.4)\u00a0\u00bb positioning=\u00a0\u00bbabsolute\u00a0\u00bb width=\u00a0\u00bb100%\u00a0\u00bb min_height=\u00a0\u00bb100%\u00a0\u00bb link_option_url=\u00a0\u00bbhttps:\/\/www.maeshoogwerkers.com\/fr\/verkoop\/depanneuse-isoli\/\u00a0\u00bb hover_enabled=\u00a0\u00bb0&Prime; global_colors_info=\u00a0\u00bb{}\u00a0\u00bb sticky_enabled=\u00a0\u00bb0&Prime;][\/et_pb_divider][et_pb_text module_class=\u00a0\u00bbet-overlay-item\u00a0\u00bb _builder_version=\u00a0\u00bb4.25.0&Prime; _module_preset=\u00a0\u00bbdefault\u00a0\u00bb positioning=\u00a0\u00bbabsolute\u00a0\u00bb position_origin_a=\u00a0\u00bbcenter_center\u00a0\u00bb vertical_offset=\u00a0\u00bb10%\u00a0\u00bb text_orientation=\u00a0\u00bbcenter\u00a0\u00bb background_layout=\u00a0\u00bbdark\u00a0\u00bb width=\u00a0\u00bb100%\u00a0\u00bb max_width=\u00a0\u00bb85%\u00a0\u00bb link_option_url=\u00a0\u00bbhttps:\/\/www.maeshoogwerkers.com\/fr\/verkoop\/depanneuse-isoli\/\u00a0\u00bb hover_enabled=\u00a0\u00bb0&Prime; global_colors_info=\u00a0\u00bb{}\u00a0\u00bb sticky_enabled=\u00a0\u00bb0&Prime;]<\/p>\n<h3><a href=\"https:\/\/www.maeshoogwerkers.com\/fr\/vente\/depanneuse-isoli\/\">Acheter une d\u00e9panneuse<\/a><\/h3>\n<p>[\/et_pb_text][\/et_pb_column][\/et_pb_row][et_pb_row _builder_version=\u00a0\u00bb4.24.0&Prime; _module_preset=\u00a0\u00bbdefault\u00a0\u00bb global_colors_info=\u00a0\u00bb{}\u00a0\u00bb][et_pb_column type=\u00a0\u00bb4_4&Prime; _builder_version=\u00a0\u00bb4.24.0&Prime; _module_preset=\u00a0\u00bbdefault\u00a0\u00bb global_colors_info=\u00a0\u00bb{}\u00a0\u00bb][et_pb_code module_id=\u00a0\u00bbncss-filter\u00a0\u00bb _builder_version=\u00a0\u00bb4.21.0&Prime; _module_preset=\u00a0\u00bbdefault\u00a0\u00bb custom_margin=\u00a0\u00bb||10px||false|false\u00a0\u00bb locked=\u00a0\u00bboff\u00a0\u00bb global_colors_info=\u00a0\u00bb{}\u00a0\u00bb]<\/p>\n<div id=\"ncss-filters\"><!-- [et_pb_line_break_holder] -->  <\/p>\n<div class=\"filter\"><!-- [et_pb_line_break_holder] -->  <strong>Merk: <\/strong><a onclick=\"var url = window.location.href;   <!-- [et_pb_line_break_holder] -->  if (url.indexOf(&lsquo;merk&rsquo;) == -1){<!-- [et_pb_line_break_holder] -->    if (url.indexOf(&lsquo;?&rsquo;) > -1){<!-- [et_pb_line_break_holder] -->       url += &lsquo;&#038;merk=klubb&rsquo;<!-- [et_pb_line_break_holder] -->    }else{<!-- [et_pb_line_break_holder] -->       url += &lsquo;?merk=klubb&rsquo;<!-- [et_pb_line_break_holder] -->    }<!-- [et_pb_line_break_holder] -->\t\t} else{<!-- [et_pb_line_break_holder] -->  url = url.replace(&lsquo;multitel&rsquo;, &lsquo;klubb&rsquo;);<!-- [et_pb_line_break_holder] -->  url = url.replace(&lsquo;isoli&rsquo;, &lsquo;klubb&rsquo;);<!-- [et_pb_line_break_holder] -->  url = url.replace(&lsquo;dinolift&rsquo;, &lsquo;klubb&rsquo;);<!-- [et_pb_line_break_holder] -->  }<!-- [et_pb_line_break_holder] -->  window.location.href = url;\u00a0\u00bb<!-- [et_pb_line_break_holder] -->                          >Klubb<\/a><a onclick=\"var url = window.location.href;   <!-- [et_pb_line_break_holder] -->  if (url.indexOf(&lsquo;merk&rsquo;) == -1){<!-- [et_pb_line_break_holder] -->    if (url.indexOf(&lsquo;?&rsquo;) > -1){<!-- [et_pb_line_break_holder] -->       url += &lsquo;&#038;merk=multitel&rsquo;<!-- [et_pb_line_break_holder] -->    }else{<!-- [et_pb_line_break_holder] -->       url += &lsquo;?merk=multitel&rsquo;<!-- [et_pb_line_break_holder] -->    }<!-- [et_pb_line_break_holder] -->\t\t} else{<!-- [et_pb_line_break_holder] -->  \turl = url.replace(&lsquo;klubb&rsquo;, &lsquo;multitel&rsquo;);<!-- [et_pb_line_break_holder] -->    url = url.replace(&lsquo;isoli&rsquo;, &lsquo;multitel&rsquo;);<!-- [et_pb_line_break_holder] -->    url = url.replace(&lsquo;dinolift&rsquo;, &lsquo;multitel&rsquo;);<!-- [et_pb_line_break_holder] -->  }<!-- [et_pb_line_break_holder] -->  window.location.href = url;\u00a0\u00bb>Multitel<\/a><a onclick=\"var url = window.location.href;   <!-- [et_pb_line_break_holder] -->  if (url.indexOf(&lsquo;merk&rsquo;) == -1){<!-- [et_pb_line_break_holder] -->    if (url.indexOf(&lsquo;?&rsquo;) > -1){<!-- [et_pb_line_break_holder] -->       url += &lsquo;&#038;merk=isoli&rsquo;<!-- [et_pb_line_break_holder] -->    }else{<!-- [et_pb_line_break_holder] -->       url += &lsquo;?merk=isoli&rsquo;<!-- [et_pb_line_break_holder] -->    }<!-- [et_pb_line_break_holder] -->\t\t} else{<!-- [et_pb_line_break_holder] -->  url = url.replace(&lsquo;klubb&rsquo;, &lsquo;isoli&rsquo;);<!-- [et_pb_line_break_holder] -->  url = url.replace(&lsquo;multitel&rsquo;, &lsquo;isoli&rsquo;);<!-- [et_pb_line_break_holder] -->  url = url.replace(&lsquo;dinolift&rsquo;, &lsquo;isoli&rsquo;);<!-- [et_pb_line_break_holder] -->  }<!-- [et_pb_line_break_holder] -->  window.location.href = url;\u00a0\u00bb>Isoli<\/a><a onclick=\"var url = window.location.href;   <!-- [et_pb_line_break_holder] -->  if (url.indexOf(&lsquo;merk&rsquo;) == -1){<!-- [et_pb_line_break_holder] -->    if (url.indexOf(&lsquo;?&rsquo;) > -1){<!-- [et_pb_line_break_holder] -->       url += &lsquo;&#038;merk=dinolift&rsquo;<!-- [et_pb_line_break_holder] -->    }else{<!-- [et_pb_line_break_holder] -->       url += &lsquo;?merk=dinolift&rsquo;<!-- [et_pb_line_break_holder] -->    }<!-- [et_pb_line_break_holder] -->\t\t} else{<!-- [et_pb_line_break_holder] -->  url = url.replace(&lsquo;klubb&rsquo;, &lsquo;dinolift&rsquo;);<!-- [et_pb_line_break_holder] -->  url = url.replace(&lsquo;multitel&rsquo;, &lsquo;dinolift&rsquo;);<!-- [et_pb_line_break_holder] -->  url = url.replace(&lsquo;isoli&rsquo;, &lsquo;dinolift&rsquo;);<!-- [et_pb_line_break_holder] -->  }<!-- [et_pb_line_break_holder] -->  window.location.href = url;\u00a0\u00bb>Dinolift<\/a> <!-- [et_pb_line_break_holder] -->    <a onclick=\"var url = window.location.href;url = url.substr(0, url.lastIndexOf('?'));window.location.href = url;\"><i class=\"fa fa-times\" aria-hidden=\"true\"><\/i><\/a><!-- [et_pb_line_break_holder] -->  <\/div>\n<p><!-- [et_pb_line_break_holder] -->  <\/div>\n<p>[\/et_pb_code][et_pb_code _builder_version=\u00a0\u00bb4.24.0&Prime; _module_preset=\u00a0\u00bbdefault\u00a0\u00bb global_colors_info=\u00a0\u00bb{}\u00a0\u00bb]    <style>\n        .hoogwerker-filter {\n            padding: 10px;\n            text-align: right;\n        }\n        .hoogwerker-filter select {\n            border-radius: 6px !important;\n            margin-left: 10px;\n        }\n    <\/style>\n        <div id=\"hoogwerkers-container\">\n        <div class=\"ncss-table-wrapper\"><table id=\"ncss-hoogwerkers\"><tbody><tr><th>Photo<\/th><th>Type<\/th><th><a href=\"#\" class=\"sort-link\" data-orderby=\"vloerhoogte\">La taille<\/a><\/th><th>Plus d'info<\/th><\/tr><tr><td class=\"td-img\"><a href=\"https:\/\/www.maeshoogwerkers.com\/fr\/nacelle-elevatrices\/elevateur-sur-camion-90-m-kt\/\" title=\"Bronto Nacelle \u00e9l\u00e9vatrice sur camion \u00e9l\u00e9vateur sur camion 90 m KT\"><img decoding=\"async\" alt=\"Bronto Nacelle \u00e9l\u00e9vatrice sur camion \u00e9l\u00e9vateur sur camion 90 m KT\" src=\"https:\/\/www.maeshoogwerkers.com\/wp-content\/uploads\/90m-587.jpg\"\/><\/a><\/td><td class=\"td-title\"><strong><a href=\"https:\/\/www.maeshoogwerkers.com\/fr\/nacelle-elevatrices\/elevateur-sur-camion-90-m-kt\/\" title=\"Bronto Nacelle \u00e9l\u00e9vatrice sur camion \u00e9l\u00e9vateur sur camion 90 m KT\">\u00e9l\u00e9vateur sur camion 90 m KT<\/a><\/strong><\/td><td class=\"td-vloerhoogte\"><p>90m<\/p><\/td><td class=\"td-link\"><a class=\"info-btn\" href=\"https:\/\/www.maeshoogwerkers.com\/fr\/nacelle-elevatrices\/elevateur-sur-camion-90-m-kt\/\">Plus d&#039;info<\/a><\/td><\/tr><tr><td class=\"td-img\"><\/td><td class=\"td-title\"><strong><a href=\"https:\/\/www.maeshoogwerkers.com\/fr\/nacelle-elevatrices\/elevateur-sur-camion-70-m-ktv-avec-systeme-powerlift-2\/\" title=\"Bronto Nacelle \u00e9l\u00e9vatrice sur camion \u00e9l\u00e9vateur sur camion 70 m KTV avec syst\u00e8me powerlift\">\u00e9l\u00e9vateur sur camion 70 m KTV avec syst\u00e8me powerlift<\/a><\/strong><\/td><td class=\"td-vloerhoogte\"><p>70m<\/p><\/td><td class=\"td-link\"><a class=\"info-btn\" href=\"https:\/\/www.maeshoogwerkers.com\/fr\/nacelle-elevatrices\/elevateur-sur-camion-70-m-ktv-avec-systeme-powerlift-2\/\">Plus d&#039;info<\/a><\/td><\/tr><tr><td class=\"td-img\"><a href=\"https:\/\/www.maeshoogwerkers.com\/fr\/nacelle-elevatrices\/elevateur-sur-camion-61-m\/\" title=\"Bronto Nacelle \u00e9l\u00e9vatrice sur camion \u00e9l\u00e9vateur sur camion 61 m\"><img decoding=\"async\" alt=\"Bronto Nacelle \u00e9l\u00e9vatrice sur camion \u00e9l\u00e9vateur sur camion 61 m\" src=\"https:\/\/www.maeshoogwerkers.com\/wp-content\/uploads\/foto-3_b-scaled.jpg\"\/><\/a><\/td><td class=\"td-title\"><strong><a href=\"https:\/\/www.maeshoogwerkers.com\/fr\/nacelle-elevatrices\/elevateur-sur-camion-61-m\/\" title=\"Bronto Nacelle \u00e9l\u00e9vatrice sur camion \u00e9l\u00e9vateur sur camion 61 m\">\u00e9l\u00e9vateur sur camion 61 m<\/a><\/strong><\/td><td class=\"td-vloerhoogte\"><p>61m<\/p><\/td><td class=\"td-link\"><a class=\"info-btn\" href=\"https:\/\/www.maeshoogwerkers.com\/fr\/nacelle-elevatrices\/elevateur-sur-camion-61-m\/\">Plus d&#039;info<\/a><\/td><\/tr><tr><td class=\"td-img\"><\/td><td class=\"td-title\"><strong><a href=\"https:\/\/www.maeshoogwerkers.com\/fr\/nacelle-elevatrices\/elevateur-sur-camion-56-m\/\" title=\"Bronto Nacelle \u00e9l\u00e9vatrice sur camion \u00e9l\u00e9vateur sur camion 56 m\">\u00e9l\u00e9vateur sur camion 56 m<\/a><\/strong><\/td><td class=\"td-vloerhoogte\"><p>56m<\/p><\/td><td class=\"td-link\"><a class=\"info-btn\" href=\"https:\/\/www.maeshoogwerkers.com\/fr\/nacelle-elevatrices\/elevateur-sur-camion-56-m\/\">Plus d&#039;info<\/a><\/td><\/tr><tr><td class=\"td-img\"><a href=\"https:\/\/www.maeshoogwerkers.com\/fr\/nacelle-elevatrices\/dino-260xtd-nacelle-sur-remorque\/\" title=\"Dinolift Acheter des nacelles araign\u00e9e Dino 260XTD &#8211; nacelle sur remorque\"><img decoding=\"async\" alt=\"Dinolift Acheter des nacelles araign\u00e9e Dino 260XTD &#8211; nacelle sur remorque\" src=\"https:\/\/www.maeshoogwerkers.com\/wp-content\/uploads\/DINO-260XTD_automatic_levelling-scaled.jpg\"\/><\/a><\/td><td class=\"td-title\"><strong><a href=\"https:\/\/www.maeshoogwerkers.com\/fr\/nacelle-elevatrices\/dino-260xtd-nacelle-sur-remorque\/\" title=\"Dinolift Acheter des nacelles araign\u00e9e Dino 260XTD &#8211; nacelle sur remorque\">Dino 260XTD &#8211; nacelle sur remorque<\/a><\/strong><\/td><td class=\"td-vloerhoogte\"><p>26m<\/p><\/td><td class=\"td-link\"><a class=\"info-btn\" href=\"https:\/\/www.maeshoogwerkers.com\/fr\/nacelle-elevatrices\/dino-260xtd-nacelle-sur-remorque\/\">Plus d&#039;info<\/a><\/td><\/tr><tr><td class=\"td-img\"><a href=\"https:\/\/www.maeshoogwerkers.com\/fr\/nacelle-elevatrices\/dino-220xtc-ii-elevateur-a-nacelle-araignee\/\" title=\"Dinolift Acheter des nacelles araign\u00e9e Dino 220XTC II &#8211; \u00e9l\u00e9vateur \u00e0 nacelle araign\u00e9e\"><img decoding=\"async\" alt=\"Dinolift Acheter des nacelles araign\u00e9e Dino 220XTC II &#8211; \u00e9l\u00e9vateur \u00e0 nacelle araign\u00e9e\" src=\"https:\/\/www.maeshoogwerkers.com\/wp-content\/uploads\/DINO_220XTCII_pic1.jpg\"\/><\/a><\/td><td class=\"td-title\"><strong><a href=\"https:\/\/www.maeshoogwerkers.com\/fr\/nacelle-elevatrices\/dino-220xtc-ii-elevateur-a-nacelle-araignee\/\" title=\"Dinolift Acheter des nacelles araign\u00e9e Dino 220XTC II &#8211; \u00e9l\u00e9vateur \u00e0 nacelle araign\u00e9e\">Dino 220XTC II &#8211; \u00e9l\u00e9vateur \u00e0 nacelle araign\u00e9e<\/a><\/strong><\/td><td class=\"td-vloerhoogte\"><p>22.10m<\/p><\/td><td class=\"td-link\"><a class=\"info-btn\" href=\"https:\/\/www.maeshoogwerkers.com\/fr\/nacelle-elevatrices\/dino-220xtc-ii-elevateur-a-nacelle-araignee\/\">Plus d&#039;info<\/a><\/td><\/tr><tr><td class=\"td-img\"><a href=\"https:\/\/www.maeshoogwerkers.com\/fr\/nacelle-elevatrices\/dino-210xt-ii-nacelle-sur-remorque\/\" title=\"Dinolift Acheter des nacelles araign\u00e9e Dino 210XT II &#8211; nacelle sur remorque\"><img decoding=\"async\" alt=\"Dinolift Acheter des nacelles araign\u00e9e Dino 210XT II &#8211; nacelle sur remorque\" src=\"https:\/\/www.maeshoogwerkers.com\/wp-content\/uploads\/DINO-210XTII_pic8-scaled.jpg\"\/><\/a><\/td><td class=\"td-title\"><strong><a href=\"https:\/\/www.maeshoogwerkers.com\/fr\/nacelle-elevatrices\/dino-210xt-ii-nacelle-sur-remorque\/\" title=\"Dinolift Acheter des nacelles araign\u00e9e Dino 210XT II &#8211; nacelle sur remorque\">Dino 210XT II &#8211; nacelle sur remorque<\/a><\/strong><\/td><td class=\"td-vloerhoogte\"><p>21m<\/p><\/td><td class=\"td-link\"><a class=\"info-btn\" href=\"https:\/\/www.maeshoogwerkers.com\/fr\/nacelle-elevatrices\/dino-210xt-ii-nacelle-sur-remorque\/\">Plus d&#039;info<\/a><\/td><\/tr><tr><td class=\"td-img\"><a href=\"https:\/\/www.maeshoogwerkers.com\/fr\/nacelle-elevatrices\/dino-180t-ii-nacelle-sur-remorque\/\" title=\"Dinolift Acheter des nacelles araign\u00e9e Dino 180T II &#8211; nacelle sur remorque\"><img decoding=\"async\" alt=\"Dinolift Acheter des nacelles araign\u00e9e Dino 180T II &#8211; nacelle sur remorque\" src=\"https:\/\/www.maeshoogwerkers.com\/wp-content\/uploads\/DINO_180T_pic3-scaled.jpg\"\/><\/a><\/td><td class=\"td-title\"><strong><a href=\"https:\/\/www.maeshoogwerkers.com\/fr\/nacelle-elevatrices\/dino-180t-ii-nacelle-sur-remorque\/\" title=\"Dinolift Acheter des nacelles araign\u00e9e Dino 180T II &#8211; nacelle sur remorque\">Dino 180T II &#8211; nacelle sur remorque<\/a><\/strong><\/td><td class=\"td-vloerhoogte\"><p>18m<\/p><\/td><td class=\"td-link\"><a class=\"info-btn\" href=\"https:\/\/www.maeshoogwerkers.com\/fr\/nacelle-elevatrices\/dino-180t-ii-nacelle-sur-remorque\/\">Plus d&#039;info<\/a><\/td><\/tr><tr><td class=\"td-img\"><a href=\"https:\/\/www.maeshoogwerkers.com\/fr\/nacelle-elevatrices\/dino-180xt-ii-nacelle-sur-remorque\/\" title=\"Dinolift Acheter des nacelles araign\u00e9e Dino 180XT II &#8211; nacelle sur remorque\"><img decoding=\"async\" alt=\"Dinolift Acheter des nacelles araign\u00e9e Dino 180XT II &#8211; nacelle sur remorque\" src=\"https:\/\/www.maeshoogwerkers.com\/wp-content\/uploads\/DINO-180XTBII_pic1-scaled.jpg\"\/><\/a><\/td><td class=\"td-title\"><strong><a href=\"https:\/\/www.maeshoogwerkers.com\/fr\/nacelle-elevatrices\/dino-180xt-ii-nacelle-sur-remorque\/\" title=\"Dinolift Acheter des nacelles araign\u00e9e Dino 180XT II &#8211; nacelle sur remorque\">Dino 180XT II &#8211; nacelle sur remorque<\/a><\/strong><\/td><td class=\"td-vloerhoogte\"><p>18m<\/p><\/td><td class=\"td-link\"><a class=\"info-btn\" href=\"https:\/\/www.maeshoogwerkers.com\/fr\/nacelle-elevatrices\/dino-180xt-ii-nacelle-sur-remorque\/\">Plus d&#039;info<\/a><\/td><\/tr><tr><td class=\"td-img\"><a href=\"https:\/\/www.maeshoogwerkers.com\/fr\/nacelle-elevatrices\/dino-160xt-ii-nacelle-sur-remorque\/\" title=\"Dinolift Acheter des nacelles araign\u00e9e Dino 160XT II &#8211; nacelle sur remorque\"><img decoding=\"async\" alt=\"Dinolift Acheter des nacelles araign\u00e9e Dino 160XT II &#8211; nacelle sur remorque\" src=\"https:\/\/www.maeshoogwerkers.com\/wp-content\/uploads\/DINO_160XTB_II_cutout_hr.png\"\/><\/a><\/td><td class=\"td-title\"><strong><a href=\"https:\/\/www.maeshoogwerkers.com\/fr\/nacelle-elevatrices\/dino-160xt-ii-nacelle-sur-remorque\/\" title=\"Dinolift Acheter des nacelles araign\u00e9e Dino 160XT II &#8211; nacelle sur remorque\">Dino 160XT II &#8211; nacelle sur remorque<\/a><\/strong><\/td><td class=\"td-vloerhoogte\"><p>16m<\/p><\/td><td class=\"td-link\"><a class=\"info-btn\" href=\"https:\/\/www.maeshoogwerkers.com\/fr\/nacelle-elevatrices\/dino-160xt-ii-nacelle-sur-remorque\/\">Plus d&#039;info<\/a><\/td><\/tr><tr><td class=\"td-img\"><a href=\"https:\/\/www.maeshoogwerkers.com\/fr\/nacelle-elevatrices\/dino-150t-ii-nacelle-sur-remorque\/\" title=\"Dinolift Acheter des nacelles araign\u00e9e Dino 150T II &#8211; nacelle sur remorque\"><img decoding=\"async\" alt=\"Dinolift Acheter des nacelles araign\u00e9e Dino 150T II &#8211; nacelle sur remorque\" src=\"https:\/\/www.maeshoogwerkers.com\/wp-content\/uploads\/DINO_150T_pic3-scaled.jpg\"\/><\/a><\/td><td class=\"td-title\"><strong><a href=\"https:\/\/www.maeshoogwerkers.com\/fr\/nacelle-elevatrices\/dino-150t-ii-nacelle-sur-remorque\/\" title=\"Dinolift Acheter des nacelles araign\u00e9e Dino 150T II &#8211; nacelle sur remorque\">Dino 150T II &#8211; nacelle sur remorque<\/a><\/strong><\/td><td class=\"td-vloerhoogte\"><p>15m<\/p><\/td><td class=\"td-link\"><a class=\"info-btn\" href=\"https:\/\/www.maeshoogwerkers.com\/fr\/nacelle-elevatrices\/dino-150t-ii-nacelle-sur-remorque\/\">Plus d&#039;info<\/a><\/td><\/tr><tr><td class=\"td-img\"><a href=\"https:\/\/www.maeshoogwerkers.com\/fr\/nacelle-elevatrices\/dino-135t-ii-nacelle-sur-remorque\/\" title=\"Dinolift Acheter des nacelles araign\u00e9e Dino 135T II &#8211; nacelle sur remorque\"><img decoding=\"async\" alt=\"Dinolift Acheter des nacelles araign\u00e9e Dino 135T II &#8211; nacelle sur remorque\" src=\"https:\/\/www.maeshoogwerkers.com\/wp-content\/uploads\/DINO_135TB_II_cutout_hr.png\"\/><\/a><\/td><td class=\"td-title\"><strong><a href=\"https:\/\/www.maeshoogwerkers.com\/fr\/nacelle-elevatrices\/dino-135t-ii-nacelle-sur-remorque\/\" title=\"Dinolift Acheter des nacelles araign\u00e9e Dino 135T II &#8211; nacelle sur remorque\">Dino 135T II &#8211; nacelle sur remorque<\/a><\/strong><\/td><td class=\"td-vloerhoogte\"><p>13.50m<\/p><\/td><td class=\"td-link\"><a class=\"info-btn\" href=\"https:\/\/www.maeshoogwerkers.com\/fr\/nacelle-elevatrices\/dino-135t-ii-nacelle-sur-remorque\/\">Plus d&#039;info<\/a><\/td><\/tr><tr><td class=\"td-img\"><a href=\"https:\/\/www.maeshoogwerkers.com\/fr\/nacelle-elevatrices\/dino-120t-nacelle-sur-remorque\/\" title=\"Dinolift Acheter des nacelles araign\u00e9e Dino 120T &#8211; nacelle sur remorque\"><img decoding=\"async\" alt=\"Dinolift Acheter des nacelles araign\u00e9e Dino 120T &#8211; nacelle sur remorque\" src=\"https:\/\/www.maeshoogwerkers.com\/wp-content\/uploads\/DINO_120T_pic4-scaled.jpg\"\/><\/a><\/td><td class=\"td-title\"><strong><a href=\"https:\/\/www.maeshoogwerkers.com\/fr\/nacelle-elevatrices\/dino-120t-nacelle-sur-remorque\/\" title=\"Dinolift Acheter des nacelles araign\u00e9e Dino 120T &#8211; nacelle sur remorque\">Dino 120T &#8211; nacelle sur remorque<\/a><\/strong><\/td><td class=\"td-vloerhoogte\"><p>12m<\/p><\/td><td class=\"td-link\"><a class=\"info-btn\" href=\"https:\/\/www.maeshoogwerkers.com\/fr\/nacelle-elevatrices\/dino-120t-nacelle-sur-remorque\/\">Plus d&#039;info<\/a><\/td><\/tr><tr><td class=\"td-img\"><a href=\"https:\/\/www.maeshoogwerkers.com\/fr\/nacelle-elevatrices\/dino-105tl-nacelle-sur-remorque\/\" title=\"Dinolift Acheter des nacelles araign\u00e9e Dino 105TL &#8211; nacelle sur remorque\"><img decoding=\"async\" alt=\"Dinolift Acheter des nacelles araign\u00e9e Dino 105TL &#8211; nacelle sur remorque\" src=\"https:\/\/www.maeshoogwerkers.com\/wp-content\/uploads\/DINO_105TL_pic.jpg\"\/><\/a><\/td><td class=\"td-title\"><strong><a href=\"https:\/\/www.maeshoogwerkers.com\/fr\/nacelle-elevatrices\/dino-105tl-nacelle-sur-remorque\/\" title=\"Dinolift Acheter des nacelles araign\u00e9e Dino 105TL &#8211; nacelle sur remorque\">Dino 105TL &#8211; nacelle sur remorque<\/a><\/strong><\/td><td class=\"td-vloerhoogte\"><p>10.50m<\/p><\/td><td class=\"td-link\"><a class=\"info-btn\" href=\"https:\/\/www.maeshoogwerkers.com\/fr\/nacelle-elevatrices\/dino-105tl-nacelle-sur-remorque\/\">Plus d&#039;info<\/a><\/td><\/tr><tr><td class=\"td-img\"><\/td><td class=\"td-title\"><strong><a href=\"https:\/\/www.maeshoogwerkers.com\/fr\/nacelle-elevatrices\/grue-sur-camion-30-t-m\/\" title=\"Effer grue de construction Grue sur camion 30 t\/m\">Grue sur camion 30 t\/m<\/a><\/strong><\/td><td class=\"td-vloerhoogte\"><p>1.18m<\/p><\/td><td class=\"td-link\"><a class=\"info-btn\" href=\"https:\/\/www.maeshoogwerkers.com\/fr\/nacelle-elevatrices\/grue-sur-camion-30-t-m\/\">Plus d&#039;info<\/a><\/td><\/tr><\/tbody><\/table><\/div>    <\/div>\n    <input type=\"hidden\" id=\"hw_default_taxonomy\" value=\"verkoop\" \/>\n    <input type=\"hidden\" id=\"hw_current\" value=\"\" \/>\n    <input type=\"hidden\" id=\"hw_merk\" value=\"\" \/>\n        <script>\n    jQuery(document).ready(function($) {\n        var currentSort = { column: 'vloerhoogte', order: 'DESC' };\n\n        function loadTable() {\n            var data = { action: 'filter_hoogwerkers', orderby: currentSort.column, order: currentSort.order };\n                                            data['taxonomy'] = $('#hw_taxonomy').val() || $('#hw_default_taxonomy').val();\n                                            data['current'] = $('#hw_type').val() || $('#hw_current').val();\n                                            data['merk'] = $('#hw_merk').val() || $('#hw_merk').val();\n                        $.ajax({\n                url: 'https:\/\/www.maeshoogwerkers.com\/wp-admin\/admin-ajax.php',\n                type: 'POST',\n                data: data,\n                beforeSend: function() {\n                    $('#hoogwerkers-container').html('<p>Loading...<\/p>');\n                },\n                success: function(response) {\n                    $('#hoogwerkers-container').html(response);\n                    $('.sort-link').each(function() {\n                        var column = $(this).data('orderby');\n                        var originalText = $(this).data('original-text') || $(this).text();\n                        $(this).data('original-text', originalText);\n                        $(this).html(column === currentSort.column && currentSort.column ? originalText + (currentSort.order === 'DESC' ? ' \u25bc' : ' \u25b2') : originalText);\n                    });\n                }\n            });\n        }\n\n        $('#hoogwerkers-container').on('click', '.sort-link', function(e) {\n            e.preventDefault();\n            var clickedColumn = $(this).data('orderby');\n            currentSort = {\n                column: clickedColumn,\n                order: currentSort.column === clickedColumn ? (currentSort.order === 'DESC' ? 'ASC' : 'DESC') : 'DESC'\n            };\n            loadTable();\n        });\n\n        $('.filter-select').change(function() {\n            currentSort = { column: 'vloerhoogte', order: 'DESC' };\n            loadTable();\n        });\n    });\n    <\/script>\n        [\/et_pb_code][\/et_pb_column][\/et_pb_row][\/et_pb_section][et_pb_section fb_built=\u00a0\u00bb1&Prime; _builder_version=\u00a0\u00bb4.18.0&Prime; _module_preset=\u00a0\u00bbdefault\u00a0\u00bb global_colors_info=\u00a0\u00bb{}\u00a0\u00bb][et_pb_row column_structure=\u00a0\u00bb1_2,1_2&Prime; _builder_version=\u00a0\u00bb4.18.0&Prime; _module_preset=\u00a0\u00bbdefault\u00a0\u00bb global_colors_info=\u00a0\u00bb{}\u00a0\u00bb][et_pb_column type=\u00a0\u00bb1_2&Prime; _builder_version=\u00a0\u00bb4.18.0&Prime; _module_preset=\u00a0\u00bbdefault\u00a0\u00bb global_colors_info=\u00a0\u00bb{}\u00a0\u00bb][et_pb_text ul_position=\u00a0\u00bbinside\u00a0\u00bb _builder_version=\u00a0\u00bb4.18.0&Prime; _module_preset=\u00a0\u00bbdefault\u00a0\u00bb global_colors_info=\u00a0\u00bb{}\u00a0\u00bb]<\/p>\n<h2>Vous souhaitez une nacelle \u00e9l\u00e9vatrice?\u00a0\u00a0<\/h2>\n<h3>Dans ce cas, veuillez tenir compte de ce qui suit.<\/h3>\n<p>Avant d\u2019acheter une nacelle \u00e9l\u00e9vatrice, il importe de tenir compte d\u2019une s\u00e9rie de facteurs.<\/p>\n<ul>\n<li>Selon la nacelle que vous choisissez ou dont vous avez besoin, vous devrez peut-\u00eatre poss\u00e9der un permis de conduire plus important qu\u2019un permis B.<\/li>\n<li>Pour les machines lourdes, il est fortement recommand\u00e9 de suivre une formation ou de faire appel \u00e0 un op\u00e9rateur exp\u00e9riment\u00e9 pour commander la nacelle. Vous assurez ainsi votre propre s\u00e9curit\u00e9 et, en cas d\u2019accident, pouvez prouver \u00e0 votre compagnie d\u2019assurance que vous disposez de comp\u00e9tences n\u00e9cessaires pour utiliser une nacelle \u00e9l\u00e9vatrice.<\/li>\n<li>Vous voulez acheter une nacelle \u00e9l\u00e9vatrice pour effectuer des travaux sur la voie publique\u00a0? Dans ce cas, vous avez probablement besoin d\u2019une autorisation. Notre soci\u00e9t\u00e9 s\u0153ur <a href=\"https:\/\/trafficsigns.be\/\">Traffic Signs<\/a> se fera un plaisir de vous venir en aide.<\/li>\n<\/ul>\n<p>[\/et_pb_text][\/et_pb_column][et_pb_column type=\u00a0\u00bb1_2&Prime; _builder_version=\u00a0\u00bb4.18.0&Prime; _module_preset=\u00a0\u00bbdefault\u00a0\u00bb global_colors_info=\u00a0\u00bb{}\u00a0\u00bb][et_pb_image src=\u00a0\u00bbhttps:\/\/www.maeshoogwerkers.com\/wp-content\/uploads\/image00022-scaled.jpeg\u00a0\u00bb alt=\u00a0\u00bbRent and Sale\u00a0\u00bb title_text=\u00a0\u00bbRent and Sale\u00a0\u00bb _builder_version=\u00a0\u00bb4.18.0&Prime; _module_preset=\u00a0\u00bbdefault\u00a0\u00bb border_radii=\u00a0\u00bbon|6px|6px|6px|6px\u00a0\u00bb box_shadow_style=\u00a0\u00bbpreset1&Prime; global_colors_info=\u00a0\u00bb{}\u00a0\u00bb][\/et_pb_image][\/et_pb_column][\/et_pb_row][\/et_pb_section][et_pb_section fb_built=\u00a0\u00bb1&Prime; prev_background_color=\u00a0\u00bb#ffffff\u00a0\u00bb next_background_color=\u00a0\u00bb#F2F2F2&Prime; _builder_version=\u00a0\u00bb4.16&Prime; _module_preset=\u00a0\u00bbdefault\u00a0\u00bb background_color=\u00a0\u00bb#ED1C24&Prime; background_color_gradient_direction=\u00a0\u00bb90deg\u00a0\u00bb background_color_gradient_start=\u00a0\u00bb#ed1c24&Prime; background_color_gradient_end=\u00a0\u00bbrgba(237,28,36,0.7)\u00a0\u00bb background_enable_image=\u00a0\u00bboff\u00a0\u00bb custom_margin=\u00a0\u00bb||0px||false|false\u00a0\u00bb custom_padding=\u00a0\u00bb||0px||false|false\u00a0\u00bb top_divider_style=\u00a0\u00bbslant\u00a0\u00bb top_divider_height=\u00a0\u00bb50px\u00a0\u00bb top_divider_flip=\u00a0\u00bbhorizontal\u00a0\u00bb bottom_divider_style=\u00a0\u00bbslant\u00a0\u00bb bottom_divider_height=\u00a0\u00bb50px\u00a0\u00bb bottom_divider_flip=\u00a0\u00bbhorizontal\u00a0\u00bb locked=\u00a0\u00bboff\u00a0\u00bb global_colors_info=\u00a0\u00bb{}\u00a0\u00bb][et_pb_row column_structure=\u00a0\u00bb3_4,1_4&Prime; make_equal=\u00a0\u00bbon\u00a0\u00bb _builder_version=\u00a0\u00bb4.16&Prime; _module_preset=\u00a0\u00bbdefault\u00a0\u00bb custom_margin=\u00a0\u00bb||0px||false|false\u00a0\u00bb custom_padding=\u00a0\u00bb||0px||false|false\u00a0\u00bb global_colors_info=\u00a0\u00bb{}\u00a0\u00bb][et_pb_column type=\u00a0\u00bb3_4&Prime; _builder_version=\u00a0\u00bb4.16&Prime; _module_preset=\u00a0\u00bbdefault\u00a0\u00bb custom_padding=\u00a0\u00bb50px||100px||false|false\u00a0\u00bb global_colors_info=\u00a0\u00bb{}\u00a0\u00bb][et_pb_text ul_type=\u00a0\u00bbnone\u00a0\u00bb ul_position=\u00a0\u00bbinside\u00a0\u00bb _builder_version=\u00a0\u00bb4.18.0&Prime; _module_preset=\u00a0\u00bbdefault\u00a0\u00bb text_text_color=\u00a0\u00bb#FFFFFF\u00a0\u00bb link_font=\u00a0\u00bb||||on||||\u00a0\u00bb link_text_color=\u00a0\u00bb#FFFFFF\u00a0\u00bb header_2_text_color=\u00a0\u00bb#FFFFFF\u00a0\u00bb global_colors_info=\u00a0\u00bb{}\u00a0\u00bb]<\/p>\n<h2 class=\"no-border\">Combien co\u00fbte une nacelle \u00e9l\u00e9vatrice?<\/h2>\n<p>Le prix d\u2019une nacelle \u00e9l\u00e9vatrice d\u00e9pend de toute une s\u00e9rie de facteurs. Ce qui compte avant tout, c\u2019est votre s\u00e9curit\u00e9. C\u2019est pourquoi il est pr\u00e9f\u00e9rable de choisir une nacelle \u00e9l\u00e9vatrice de qualit\u00e9. Nous vous recommandons donc de choisir\u00a0:<\/p>\n<ul>\n<li>\u00a0une nacelle \u00e9l\u00e9vatrice d\u2019une marque de confiance<\/li>\n<li>\u00a0une nacelle \u00e9l\u00e9vatrice neuve ou d\u2019occasion en parfait \u00e9tat<\/li>\n<li>\u00a0un fournisseur fiable qui s\u2019y conna\u00eet en nacelles \u00e9l\u00e9vatrices<\/li>\n<\/ul>\n<p>&nbsp;<\/p>\n<p>Toutes les nacelles \u00e9l\u00e9vatrices mises en vente par Maes Rent &amp; Sale r\u00e9pondent \u00e0 ces exigences. Le travail en hauteur exige <strong>toujours<\/strong> des mesures de s\u00e9curit\u00e9 strictes. C\u2019est pourquoi vous recevez toujours une d\u00e9monstration claire apr\u00e8s l\u2019achat de votre nacelle \u00e9l\u00e9vatrice.<\/p>\n<p>Vous avez vu une nacelle \u00e0 vendre qui vous int\u00e9resse\u00a0? Demandez alors une <a href=\"https:\/\/www.maeshoogwerkers.com\/fr\/contact\/\">offre sans engagement<\/a>.<\/p>\n<p>Vous n\u2019avez besoin d\u2019une nacelle \u00e9l\u00e9vatrice de qualit\u00e9 qu\u2019une seule fois\u00a0? Dans ce cas, il est pr\u00e9f\u00e9rable d\u2019en <a href=\"https:\/\/www.maeshoogwerkers.com\/fr\/louer-de-nacelle-elevatrice\/\">louer<\/a> une.<\/p>\n<p>[\/et_pb_text][\/et_pb_column][et_pb_column type=\u00a0\u00bb1_4&Prime; _builder_version=\u00a0\u00bb4.16&Prime; _module_preset=\u00a0\u00bbdefault\u00a0\u00bb custom_css_main_element=\u00a0\u00bbdisplay: flex;||flex-direction: column;||justify-content: space-between;\u00a0\u00bb global_colors_info=\u00a0\u00bb{}\u00a0\u00bb][\/et_pb_column][\/et_pb_row][\/et_pb_section][et_pb_section fb_built=\u00a0\u00bb1&Prime; next_background_color=\u00a0\u00bb#ffffff\u00a0\u00bb _builder_version=\u00a0\u00bb4.20.4&Prime; _module_preset=\u00a0\u00bbdefault\u00a0\u00bb background_color=\u00a0\u00bb#F2F2F2&Prime; bottom_divider_style=\u00a0\u00bbslant\u00a0\u00bb bottom_divider_height=\u00a0\u00bb50px\u00a0\u00bb bottom_divider_flip=\u00a0\u00bbhorizontal\u00a0\u00bb global_colors_info=\u00a0\u00bb{}\u00a0\u00bb][et_pb_row column_structure=\u00a0\u00bb1_2,1_2&Prime; _builder_version=\u00a0\u00bb4.18.0&Prime; _module_preset=\u00a0\u00bbdefault\u00a0\u00bb global_colors_info=\u00a0\u00bb{}\u00a0\u00bb][et_pb_column type=\u00a0\u00bb1_2&Prime; _builder_version=\u00a0\u00bb4.18.0&Prime; _module_preset=\u00a0\u00bbdefault\u00a0\u00bb global_colors_info=\u00a0\u00bb{}\u00a0\u00bb][et_pb_image src=\u00a0\u00bbhttps:\/\/www.maeshoogwerkers.com\/wp-content\/uploads\/MJ201S-1.jpg\u00a0\u00bb alt=\u00a0\u00bbMultitel MJ20S\u00a0\u00bb title_text=\u00a0\u00bbMJ201S hoogwerker Multitel\u00a0\u00bb _builder_version=\u00a0\u00bb4.18.0&Prime; _module_preset=\u00a0\u00bbdefault\u00a0\u00bb border_radii=\u00a0\u00bbon|6px|6px|6px|6px\u00a0\u00bb box_shadow_style=\u00a0\u00bbpreset1&Prime; global_colors_info=\u00a0\u00bb{}\u00a0\u00bb][\/et_pb_image][\/et_pb_column][et_pb_column type=\u00a0\u00bb1_2&Prime; _builder_version=\u00a0\u00bb4.18.0&Prime; _module_preset=\u00a0\u00bbdefault\u00a0\u00bb global_colors_info=\u00a0\u00bb{}\u00a0\u00bb][et_pb_text _builder_version=\u00a0\u00bb4.18.0&Prime; _module_preset=\u00a0\u00bbdefault\u00a0\u00bb global_colors_info=\u00a0\u00bb{}\u00a0\u00bb]<\/p>\n<h2>D\u00e9lai de livraison d&rsquo;une nacelle \u00e9l\u00e9vatrice<\/h2>\n<p>Le d\u00e9lai de livraison d\u00e9pend de la nacelle \u00e9l\u00e9vatrice que vous choisissez. La plupart des nacelles \u00e9l\u00e9vatrices de Maes Rent &amp; Sale sont disponibles imm\u00e9diatement, d\u2019autres uniquement sur commande. Le d\u00e9lai de livraison d\u00e9pend ensuite du fournisseur.<\/p>\n<p>Choisissez le type de nacelle \u00e9l\u00e9vatrice qui vous int\u00e9resse et cliquez sur \u00ab\u00a0disponibilit\u00e9\u00a0\u00bb pour obtenir plus d\u2019informations sur le d\u00e9lai de livraison.<\/p>\n<p>[\/et_pb_text][\/et_pb_column][\/et_pb_row][\/et_pb_section][et_pb_section fb_built=\u00a0\u00bb1&Prime; _builder_version=\u00a0\u00bb4.18.0&Prime; _module_preset=\u00a0\u00bbdefault\u00a0\u00bb global_colors_info=\u00a0\u00bb{}\u00a0\u00bb][et_pb_row column_structure=\u00a0\u00bb3_5,2_5&Prime; _builder_version=\u00a0\u00bb4.18.0&Prime; _module_preset=\u00a0\u00bbdefault\u00a0\u00bb global_colors_info=\u00a0\u00bb{}\u00a0\u00bb][et_pb_column type=\u00a0\u00bb3_5&Prime; _builder_version=\u00a0\u00bb4.18.0&Prime; _module_preset=\u00a0\u00bbdefault\u00a0\u00bb global_colors_info=\u00a0\u00bb{}\u00a0\u00bb][et_pb_text _builder_version=\u00a0\u00bb4.18.0&Prime; _module_preset=\u00a0\u00bbdefault\u00a0\u00bb global_colors_info=\u00a0\u00bb{}\u00a0\u00bb]<\/p>\n<h2>Plus d&rsquo;information sur l&rsquo;achat d&rsquo;une nacelle \u00e9l\u00e9vatrice<\/h2>\n<p>Vous avez encore des questions concernant l\u2019achat de votre nacelle \u00e9l\u00e9vatrice\u00a0? Vous avez besoin de conseils avant de vous d\u00e9cider\u00a0? Notre \u00e9quipe exp\u00e9riment\u00e9e vous aidera \u00e0 trouver la nacelle dont vous avez besoin.<\/p>\n<p>N\u2019h\u00e9sitez pas \u00e0 nous contacter pour obtenir des conseils sur mesure.<\/p>\n<p>[\/et_pb_text][\/et_pb_column][et_pb_column type=\u00a0\u00bb2_5&Prime; _builder_version=\u00a0\u00bb4.18.0&Prime; _module_preset=\u00a0\u00bbdefault\u00a0\u00bb custom_padding=\u00a0\u00bb25px|25px|25px|25px|true|true\u00a0\u00bb border_radii=\u00a0\u00bbon|6px|6px|6px|6px\u00a0\u00bb box_shadow_style=\u00a0\u00bbpreset1&Prime; global_colors_info=\u00a0\u00bb{}\u00a0\u00bb][et_pb_text _builder_version=\u00a0\u00bb4.18.0&Prime; _module_preset=\u00a0\u00bbdefault\u00a0\u00bb text_text_color=\u00a0\u00bb#000000&Prime; link_text_color=\u00a0\u00bb#ED1C24&Prime; header_2_text_color=\u00a0\u00bb#000000&Prime; header_2_font_size=\u00a0\u00bb22px\u00a0\u00bb locked=\u00a0\u00bboff\u00a0\u00bb global_colors_info=\u00a0\u00bb{}\u00a0\u00bb]<\/p>\n<h2>Contact<\/h2>\n<p><a href=\"tel:+32495 29 29 88\"><i class=\"fas fa-phone-alt\" aria-hidden=\"true\"><\/i> +32 495 29 29 88<\/a> <a href=\"mailto:rentandsale@groepmaes.com\"><i class=\"fas fa-envelope\" aria-hidden=\"true\"><\/i> rentandsale@groepmaes.com<\/a> <i class=\"fas fa-home\" aria-hidden=\"true\"><\/i> Boudewijnlaan 5, 2243 Pulle <i class=\"fas fa-gavel\"><\/i> BTW BE0568.991.805<\/p>\n<h2>Heures d&rsquo;ouverture<\/h2>\n<p>Lun &#8211; Ven: 8h00 &#8211; 17h30 Service d&rsquo;urgence 24\/7\u00a0<iframe style=\"border: 0; border-radius: 6px; margin-top: 25px;\" src=\"https:\/\/www.google.com\/maps\/embed?pb=!1m14!1m8!1m3!1d67237.33220493102!2d4.64602936056755!3d51.22419100968064!3m2!1i1024!2i768!4f13.1!3m3!1m2!1s0x0%3A0xfd532d426a5781ac!2sMaes%20Rent%20%26%20Sale!5e0!3m2!1snl!2sbe!4v1669805676218!5m2!1snl!2sbe\" width=\"100%\" height=\"250\" allowfullscreen=\"allowfullscreen\"><\/iframe><\/p>\n<p>[\/et_pb_text][\/et_pb_column][\/et_pb_row][\/et_pb_section]<\/p>\n","protected":false},"excerpt":{"rendered":"<p>[et_pb_section fb_built=\u00a0\u00bb1&Prime; _builder_version=\u00a0\u00bb4.16&Prime; _module_preset=\u00a0\u00bbdefault\u00a0\u00bb background_color=\u00a0\u00bbrgba(0,0,0,0.6)\u00a0\u00bb background_image=\u00a0\u00bbhttps:\/\/www.maeshoogwerkers.com\/wp-content\/uploads\/Maes_Hoogwerker_Op_Bestelwagen-1.jpg\u00a0\u00bb background_position=\u00a0\u00bbbottom_center\u00a0\u00bb background_blend=\u00a0\u00bboverlay\u00a0\u00bb locked=\u00a0\u00bboff\u00a0\u00bb global_colors_info=\u00a0\u00bb{}\u00a0\u00bb][et_pb_row column_structure=\u00a0\u00bb3_4,1_4&Prime; make_equal=\u00a0\u00bbon\u00a0\u00bb _builder_version=\u00a0\u00bb4.18.0&Prime; _module_preset=\u00a0\u00bbdefault\u00a0\u00bb custom_margin=\u00a0\u00bb0px||||false|false\u00a0\u00bb custom_margin_tablet=\u00a0\u00bb50px||||false|false\u00a0\u00bb custom_margin_phone=\u00a0\u00bb0px||||false|false\u00a0\u00bb custom_margin_last_edited=\u00a0\u00bboff|desktop\u00a0\u00bb global_colors_info=\u00a0\u00bb{}\u00a0\u00bb][et_pb_column type=\u00a0\u00bb3_4&Prime; _builder_version=\u00a0\u00bb4.18.0&Prime; _module_preset=\u00a0\u00bbdefault\u00a0\u00bb custom_css_main_element=\u00a0\u00bbdisplay: flex;||flex-direction: column;||justify-content: center;\u00a0\u00bb global_colors_info=\u00a0\u00bb{}\u00a0\u00bb][et_pb_text _builder_version=\u00a0\u00bb4.16&Prime; _module_preset=\u00a0\u00bbdefault\u00a0\u00bb header_font_size=\u00a0\u00bb40px\u00a0\u00bb background_layout=\u00a0\u00bbdark\u00a0\u00bb custom_margin=\u00a0\u00bb||0px||false|false\u00a0\u00bb custom_padding=\u00a0\u00bb||0px||false|false\u00a0\u00bb header_font_size_tablet=\u00a0\u00bb30px\u00a0\u00bb header_font_size_phone=\u00a0\u00bb25px\u00a0\u00bb header_font_size_last_edited=\u00a0\u00bbon|phone\u00a0\u00bb global_colors_info=\u00a0\u00bb{}\u00a0\u00bb] Acheter une nacelle \u00e9l\u00e9vatrice [\/et_pb_text][et_pb_text module_id=\u00a0\u00bbmaes-heading\u00a0\u00bb _builder_version=\u00a0\u00bb4.16&Prime; _module_preset=\u00a0\u00bbdefault\u00a0\u00bb header_text_color=\u00a0\u00bb#FFFFFF\u00a0\u00bb header_font_size=\u00a0\u00bb65px\u00a0\u00bb header_2_text_color=\u00a0\u00bb#FFFFFF\u00a0\u00bb background_layout=\u00a0\u00bbdark\u00a0\u00bb header_font_size_tablet=\u00a0\u00bb50px\u00a0\u00bb header_font_size_phone=\u00a0\u00bb40px\u00a0\u00bb header_font_size_last_edited=\u00a0\u00bbon|phone\u00a0\u00bb header_2_font_size_tablet=\u00a0\u00bb\u00a0\u00bb header_2_font_size_phone=\u00a0\u00bb25px\u00a0\u00bb header_2_font_size_last_edited=\u00a0\u00bbon|tablet\u00a0\u00bb [&hellip;]<\/p>\n","protected":false},"author":1,"featured_media":0,"parent":0,"menu_order":0,"comment_status":"closed","ping_status":"closed","template":"","meta":{"_acf_changed":false,"_seopress_robots_primary_cat":"","_seopress_titles_title":"Acheter une nacelle \u00e9l\u00e9vatrice | Neuve et d'occasion | Maes Hoogwerkers","_seopress_titles_desc":"Nacelles \u00e9l\u00e9vatrices \u00e0 vendre chez Maes Hoogwerkers. Large gamme de nacelles neuves et d'occasion.","_seopress_robots_index":"","_et_pb_use_builder":"on","_et_pb_old_content":"","_et_gb_content_width":"","footnotes":""},"class_list":["post-2129","page","type-page","status-publish","hentry"],"acf":[],"_links":{"self":[{"href":"https:\/\/www.maeshoogwerkers.com\/fr\/wp-json\/wp\/v2\/pages\/2129","targetHints":{"allow":["GET"]}}],"collection":[{"href":"https:\/\/www.maeshoogwerkers.com\/fr\/wp-json\/wp\/v2\/pages"}],"about":[{"href":"https:\/\/www.maeshoogwerkers.com\/fr\/wp-json\/wp\/v2\/types\/page"}],"author":[{"embeddable":true,"href":"https:\/\/www.maeshoogwerkers.com\/fr\/wp-json\/wp\/v2\/users\/1"}],"replies":[{"embeddable":true,"href":"https:\/\/www.maeshoogwerkers.com\/fr\/wp-json\/wp\/v2\/comments?post=2129"}],"version-history":[{"count":18,"href":"https:\/\/www.maeshoogwerkers.com\/fr\/wp-json\/wp\/v2\/pages\/2129\/revisions"}],"predecessor-version":[{"id":7598,"href":"https:\/\/www.maeshoogwerkers.com\/fr\/wp-json\/wp\/v2\/pages\/2129\/revisions\/7598"}],"wp:attachment":[{"href":"https:\/\/www.maeshoogwerkers.com\/fr\/wp-json\/wp\/v2\/media?parent=2129"}],"curies":[{"name":"wp","href":"https:\/\/api.w.org\/{rel}","templated":true}]}}